{"id":12244,"date":"2015-08-26T13:49:50","date_gmt":"2015-08-26T11:49:50","guid":{"rendered":"http:\/\/prokulturgut.net\/?page_id=12244"},"modified":"2026-03-02T14:46:39","modified_gmt":"2026-03-02T13:46:39","slug":"akademie-der-kulturen-profil","status":"publish","type":"page","link":"https:\/\/prokulturgut.net\/akademiederkulturen\/bildung\/akademie-der-kulturen-profil\/","title":{"rendered":""},"content":{"rendered":"\t\t<div data-elementor-type=\"wp-page\" data-elementor-id=\"12244\" class=\"elementor elementor-12244\">\n\t\t\t\t\t\t<section class=\"elementor-section elementor-top-section elementor-element elementor-element-35a38389 elementor-section-height-min-height elementor-section-boxed elementor-section-height-default elementor-section-items-middle\" data-id=\"35a38389\" data-element_type=\"section\" data-settings=\"{&quot;background_background&quot;:&quot;classic&quot;}\">\n\t\t\t\t\t\t\t<div class=\"elementor-background-overlay\"><\/div>\n\t\t\t\t\t\t\t<div class=\"elementor-container elementor-column-gap-default\">\n\t\t\t\t\t<div class=\"elementor-column elementor-col-33 elementor-top-column elementor-element elementor-element-536a71b5\" data-id=\"536a71b5\" data-element_type=\"column\">\n\t\t\t<div class=\"elementor-widget-wrap elementor-element-populated\">\n\t\t\t\t\t\t<div class=\"elementor-element elementor-element-218f623a elementor-widget elementor-widget-heading\" data-id=\"218f623a\" data-element_type=\"widget\" data-widget_type=\"heading.default\">\n\t\t\t\t<div class=\"elementor-widget-container\">\n\t\t\t<style>\/*! elementor - v3.23.0 - 05-08-2024 *\/\n.elementor-heading-title{padding:0;margin:0;line-height:1}.elementor-widget-heading .elementor-heading-title[class*=elementor-size-]>a{color:inherit;font-size:inherit;line-height:inherit}.elementor-widget-heading .elementor-heading-title.elementor-size-small{font-size:15px}.elementor-widget-heading .elementor-heading-title.elementor-size-medium{font-size:19px}.elementor-widget-heading .elementor-heading-title.elementor-size-large{font-size:29px}.elementor-widget-heading .elementor-heading-title.elementor-size-xl{font-size:39px}.elementor-widget-heading .elementor-heading-title.elementor-size-xxl{font-size:59px}<\/style><h2 class=\"elementor-heading-title elementor-size-default\">\u00dcber die Akademie<\/h2>\t\t<\/div>\n\t\t\t\t<\/div>\n\t\t\t\t<div class=\"elementor-element elementor-element-55ae7567 elementor-widget elementor-widget-text-editor\" data-id=\"55ae7567\" data-element_type=\"widget\" data-widget_type=\"text-editor.default\">\n\t\t\t\t<div class=\"elementor-widget-container\">\n\t\t\t<style>\/*! elementor - v3.23.0 - 05-08-2024 *\/\n.elementor-widget-text-editor.elementor-drop-cap-view-stacked .elementor-drop-cap{background-color:#69727d;color:#fff}.elementor-widget-text-editor.elementor-drop-cap-view-framed .elementor-drop-cap{color:#69727d;border:3px solid;background-color:transparent}.elementor-widget-text-editor:not(.elementor-drop-cap-view-default) .elementor-drop-cap{margin-top:8px}.elementor-widget-text-editor:not(.elementor-drop-cap-view-default) .elementor-drop-cap-letter{width:1em;height:1em}.elementor-widget-text-editor .elementor-drop-cap{float:left;text-align:center;line-height:1;font-size:50px}.elementor-widget-text-editor .elementor-drop-cap-letter{display:inline-block}<\/style>\t\t\t\t<p>Freie Akademie f\u00fcr ganzheitliche Entwicklung<\/p>\t\t\t\t\t\t<\/div>\n\t\t\t\t<\/div>\n\t\t\t\t<div class=\"elementor-element elementor-element-a0af6ac elementor-align-left elementor-widget elementor-widget-button\" data-id=\"a0af6ac\" data-element_type=\"widget\" data-widget_type=\"button.default\">\n\t\t\t\t<div class=\"elementor-widget-container\">\n\t\t\t\t\t<div class=\"elementor-button-wrapper\">\n\t\t\t<a class=\"elementor-button elementor-button-link elementor-size-sm elementor-animation-pop\" href=\"https:\/\/prokulturgut.net\/akademiederkulturen\/wp-content\/uploads\/sites\/5\/2025\/11\/20250901ADK-Ebook-2026.pdf\" target=\"_blank\">\n\t\t\t\t\t\t<span class=\"elementor-button-content-wrapper\">\n\t\t\t\t\t\t\t\t\t<span class=\"elementor-button-text\">Vorschau 2026<\/span>\n\t\t\t\t\t<\/span>\n\t\t\t\t\t<\/a>\n\t\t<\/div>\n\t\t\t\t<\/div>\n\t\t\t\t<\/div>\n\t\t\t\t\t<\/div>\n\t\t<\/div>\n\t\t\t\t<div class=\"elementor-column elementor-col-66 elementor-top-column elementor-element elementor-element-16c6873e\" data-id=\"16c6873e\" data-element_type=\"column\">\n\t\t\t<div class=\"elementor-widget-wrap elementor-element-populated\">\n\t\t\t\t\t\t<div class=\"elementor-element elementor-element-1a048525 elementor-hidden-mobile elementor-invisible elementor-widget elementor-widget-image\" data-id=\"1a048525\" data-element_type=\"widget\" data-settings=\"{&quot;_animation&quot;:&quot;fadeInRight&quot;}\" data-widget_type=\"image.default\">\n\t\t\t\t<div class=\"elementor-widget-container\">\n\t\t\t<style>\/*! elementor - v3.23.0 - 05-08-2024 *\/\n.elementor-widget-image{text-align:center}.elementor-widget-image a{display:inline-block}.elementor-widget-image a img[src$=\".svg\"]{width:48px}.elementor-widget-image img{vertical-align:middle;display:inline-block}<\/style>\t\t\t\t\t\t\t\t\t\t<img fetchpriority=\"high\" decoding=\"async\" width=\"800\" height=\"671\" src=\"https:\/\/prokulturgut.net\/akademiederkulturen\/wp-content\/uploads\/sites\/5\/2023\/12\/element-1024x859.png\" class=\"attachment-large size-large wp-image-24202\" alt=\"\" srcset=\"https:\/\/prokulturgut.net\/akademiederkulturen\/wp-content\/uploads\/sites\/5\/2023\/12\/element-1024x859.png 1024w, https:\/\/prokulturgut.net\/akademiederkulturen\/wp-content\/uploads\/sites\/5\/2023\/12\/element-300x252.png 300w, https:\/\/prokulturgut.net\/akademiederkulturen\/wp-content\/uploads\/sites\/5\/2023\/12\/element-768x644.png 768w, https:\/\/prokulturgut.net\/akademiederkulturen\/wp-content\/uploads\/sites\/5\/2023\/12\/element.png 1288w\" sizes=\"(max-width: 800px) 100vw, 800px\" \/>\t\t\t\t\t\t\t\t\t\t\t\t\t<\/div>\n\t\t\t\t<\/div>\n\t\t\t\t\t<\/div>\n\t\t<\/div>\n\t\t\t\t\t<\/div>\n\t\t<\/section>\n\t\t\t\t<section class=\"elementor-section elementor-top-section elementor-element elementor-element-3a768148 elementor-section-boxed elementor-section-height-default elementor-section-height-default\" data-id=\"3a768148\" data-element_type=\"section\">\n\t\t\t\t\t\t<div class=\"elementor-container elementor-column-gap-default\">\n\t\t\t\t\t<div class=\"elementor-column elementor-col-50 elementor-top-column elementor-element elementor-element-7f683943\" data-id=\"7f683943\" data-element_type=\"column\">\n\t\t\t<div class=\"elementor-widget-wrap elementor-element-populated\">\n\t\t\t\t\t\t<div class=\"elementor-element elementor-element-4f9371e8 elementor-widget elementor-widget-text-editor\" data-id=\"4f9371e8\" data-element_type=\"widget\" data-widget_type=\"text-editor.default\">\n\t\t\t\t<div class=\"elementor-widget-container\">\n\t\t\t\t\t\t\t<p>Die Akademie der Kulturen NRW ist hervorgegangen aus den zuvor bekannten Einrichtungen:<br \/>Akademie f\u00fcr lebendige Kunst \u2013 (seit 1990 staatlich anerkanntes Bildungswerk) &amp; CULTURA Bildungswerk \u2013 (seit 1998 \u2013 staatlich anerkannt seit 2004)<\/p><p><strong>Leitbild:<\/strong><br \/>Die Akademie der Kulturen NRW ist eine Einrichtung der Weiterbildung in Tr\u00e4gerschaft des Kulturgut e.V. Das Bildungswerk arbeitet im Rahmen des Weiterbildungsgesetzes WbG, sein Sitz ist in Bochum mit verschiedenen Kooperationspartnern in NRW.<\/p><p><strong>Ausgangspunkt und Ziele:<\/strong><br \/>Umfassende und interkulturelle Bildung im Sinne lebenslangen Lernens ist Grundlage f\u00fcr die Weiterentwicklung unserer Gesellschaft und Kultur. Deshalb ist unser konzeptioneller Schwerpunkt eine ganzheitliche und nachhaltige Bildung, die uns st\u00e4rkt und hilft, zu emanzipierten, selbstbestimmten und kreativen Individuen zu reifen.<\/p><p>Die Akademie will Lernerfahrungen erm\u00f6glichen, die helfen, die Pers\u00f6nlichkeit zu entfalten, Probleme zu bew\u00e4ltigen und zur Weiterentwicklung unserer Gesellschaft beizutragen. So k\u00f6nnen wir bewusst Verantwortung f\u00fcr die Gestaltung unserer Mitwelt \u00fcbernehmen. Damit m\u00f6chten wir f\u00fcr alle zu einer positiven, lebenswerten Zukunft beitragen.<\/p><p>Die DozentInnen verfolgen ein ganzheitliches Lern- und Lehrkonzept, das den TeilnehmerInnen Wege zu einem bewussten Umgang mit sich selbst und ihrer Umwelt zeigen will. Dies wird nicht zuletzt durch das breit gef\u00e4cherte Veranstaltungsangebot erm\u00f6glicht<\/p><p>Als NRW-Bildungswerk ist der Akademie besonders daran gelegen, in Bezug auf die Weiterbildung und Fortbildung einen Beitrag zur Er\u00f6ffnung neuer Chancen und T\u00e4tigkeitsfelder zu leisten. Es sollen Kenntnisse und Fertigkeiten vermittelt werden, die eine Erweiterung der beru\ufb02ichen Perspektive erm\u00f6glichen. Aus diesem Grund richten sich viele der angebotenen Seminare an Arbeitslose und Arbeitnehmer.<\/p><p>F\u00fcr einen gro\u00dfen Teil der Angebote kann Bildungsurlaub nach dem<br \/>Arbeitnehmer-Weiterbildungsgesetz (AWBG) in Anspruch genommen werden.<\/p><p><strong>Inhalte:<\/strong><br \/>Inhaltlich orientiert sich die Akademie an den aktuellen Bed\u00fcrfnissen, die zur Ausbildung oder Vertiefung beru\ufb02icher T\u00e4tigkeiten notwendig sind. Dabei geht es um Entwicklung oder Vertiefung fundamentaler Erkenntnisse, F\u00e4higkeiten und Fertigkeiten verschiedener Kulturen und ihre re\ufb02ektierte Umsetzung in die angesprochenen Bereiche des beru\ufb02ichen und pers\u00f6nlichen Alltags. Neben der Vermittlung von Fertigkeiten steht die Entwicklung sch\u00f6pferischer F\u00e4higkeiten im Vordergrund.<\/p><p><strong>Vermittlungsformen sind:<\/strong><\/p><p>Kurse<br \/>Seminare<br \/>Workshops<br \/>Aus- und Bildungsprojekte<br \/>Exkursionen<br \/>Studienreisen<\/p><p><strong>Fachbereiche:<\/strong><\/p><p>Neue Medien &amp; EDV<br \/>Kreativit\u00e4t<br \/>Bildende Kunst &amp; Design<br \/>Kultur &amp; P\u00e4dagogik<br \/>Musik<br \/>Tanz &amp; Theater<br \/>Yoga, Gesundheit &amp; Ern\u00e4hrung<br \/>Heilung, Massage, Tibetische Medizin &amp; Ayurveda<br \/>Audio\/Video<br \/>Interkulturelle Kommunikation<br \/>Sprachen &amp; Literatur<br \/>Umwelt &amp; \u00d6kologie<br \/>Wertebezug &amp; Sinnbildung<br \/>Stress- &amp; Konfliktbew\u00e4ltigung<br \/>Geistestraining &amp; NLP.\u00a0<\/p><p><strong>Schwerpunkte:<\/strong><\/p><p>\u00d6kologie und Umweltbildung<br \/>Interkulturelles Lernen und Kulturarbeit \/-management<br \/>Erg\u00e4nzende berufsorientierte Angebote und Ausbildungen in kreativen Bereichen<br \/>Ausbildungen zu Ausbildungsleitern, insbesondere in den Bereichen von Kunst &amp; Kreativit\u00e4t, Yoga,<br \/>Gesundheit, Feng-Shui, K\u00f6rper &amp; Geist<br \/>Mediengestaltung<br \/>Ausbildung TrainerIn f\u00fcr Achtsame Kommunikation<br \/>Kommunikation mit verschiedenen Medien<br \/>Fremdsprachen (vorwiegend europ\u00e4ische Sprachen)<br \/>Philosophien \u00f6stlicher Kulturen<\/p><p>\u00a0<\/p>\t\t\t\t\t\t<\/div>\n\t\t\t\t<\/div>\n\t\t\t\t\t<\/div>\n\t\t<\/div>\n\t\t\t\t<div class=\"elementor-column elementor-col-50 elementor-top-column elementor-element elementor-element-197e849a\" data-id=\"197e849a\" data-element_type=\"column\">\n\t\t\t<div class=\"elementor-widget-wrap elementor-element-populated\">\n\t\t\t\t\t\t<div class=\"elementor-element elementor-element-b0ee344 elementor-widget elementor-widget-image\" data-id=\"b0ee344\" data-element_type=\"widget\" data-widget_type=\"image.default\">\n\t\t\t\t<div class=\"elementor-widget-container\">\n\t\t\t\t\t\t\t\t\t\t\t\t\t<img decoding=\"async\" width=\"723\" height=\"1024\" src=\"https:\/\/prokulturgut.net\/akademiederkulturen\/wp-content\/uploads\/sites\/5\/2023\/12\/2_54202102575299430561024_1.jpg\" class=\"attachment-large size-large wp-image-24223\" alt=\"\" srcset=\"https:\/\/prokulturgut.net\/akademiederkulturen\/wp-content\/uploads\/sites\/5\/2023\/12\/2_54202102575299430561024_1.jpg 723w, https:\/\/prokulturgut.net\/akademiederkulturen\/wp-content\/uploads\/sites\/5\/2023\/12\/2_54202102575299430561024_1-212x300.jpg 212w\" sizes=\"(max-width: 723px) 100vw, 723px\" \/>\t\t\t\t\t\t\t\t\t\t\t\t\t<\/div>\n\t\t\t\t<\/div>\n\t\t\t\t<div class=\"elementor-element elementor-element-29badd7e elementor-widget elementor-widget-heading\" data-id=\"29badd7e\" data-element_type=\"widget\" data-widget_type=\"heading.default\">\n\t\t\t\t<div class=\"elementor-widget-container\">\n\t\t\t<h2 class=\"elementor-heading-title elementor-size-default\">\u2013 staatlich anerkannt nach WBG vom Land NRW \u2013<\/h2>\t\t<\/div>\n\t\t\t\t<\/div>\n\t\t\t\t<div class=\"elementor-element elementor-element-6c6c20c4 elementor-hidden-mobile elementor-widget elementor-widget-spacer\" data-id=\"6c6c20c4\" data-element_type=\"widget\" data-widget_type=\"spacer.default\">\n\t\t\t\t<div class=\"elementor-widget-container\">\n\t\t\t<style>\/*! elementor - v3.23.0 - 05-08-2024 *\/\n.elementor-column .elementor-spacer-inner{height:var(--spacer-size)}.e-con{--container-widget-width:100%}.e-con-inner>.elementor-widget-spacer,.e-con>.elementor-widget-spacer{width:var(--container-widget-width,var(--spacer-size));--align-self:var(--container-widget-align-self,initial);--flex-shrink:0}.e-con-inner>.elementor-widget-spacer>.elementor-widget-container,.e-con>.elementor-widget-spacer>.elementor-widget-container{height:100%;width:100%}.e-con-inner>.elementor-widget-spacer>.elementor-widget-container>.elementor-spacer,.e-con>.elementor-widget-spacer>.elementor-widget-container>.elementor-spacer{height:100%}.e-con-inner>.elementor-widget-spacer>.elementor-widget-container>.elementor-spacer>.elementor-spacer-inner,.e-con>.elementor-widget-spacer>.elementor-widget-container>.elementor-spacer>.elementor-spacer-inner{height:var(--container-widget-height,var(--spacer-size))}.e-con-inner>.elementor-widget-spacer.elementor-widget-empty,.e-con>.elementor-widget-spacer.elementor-widget-empty{position:relative;min-height:22px;min-width:22px}.e-con-inner>.elementor-widget-spacer.elementor-widget-empty .elementor-widget-empty-icon,.e-con>.elementor-widget-spacer.elementor-widget-empty .elementor-widget-empty-icon{position:absolute;top:0;bottom:0;left:0;right:0;margin:auto;padding:0;width:22px;height:22px}<\/style>\t\t<div class=\"elementor-spacer\">\n\t\t\t<div class=\"elementor-spacer-inner\"><\/div>\n\t\t<\/div>\n\t\t\t\t<\/div>\n\t\t\t\t<\/div>\n\t\t\t\t<div class=\"elementor-element elementor-element-2207ec0 elementor-widget elementor-widget-text-editor\" data-id=\"2207ec0\" data-element_type=\"widget\" data-widget_type=\"text-editor.default\">\n\t\t\t\t<div class=\"elementor-widget-container\">\n\t\t\t\t\t\t\t<p><strong>Methoden:<\/strong><\/p><p>Umgang mit modernen Technologien<br \/>Vermittlung und Anwendung klassisch-kultureller Techniken und traditionellen Wissens<br \/>Praxisorientierte und sparten\u00fcbergreifende Bildungsprojekte<br \/>Direkte Umsetzungen von Lernerfahrungen in Alltag und Beruf<br \/>Abschlussorientierte Weiterbildungen kombinieren theoretische Hintergr\u00fcnde mit praktischen Erkl\u00e4rungen und \u00dcbungen.<\/p><p>Die Betonung der Entwicklung kreativer F\u00e4higkeiten in den methodischen Ans\u00e4tzen soll eine Umsetzung der Lernerfahrungen \u00fcber den direkt angesprochenen Berufs- und Lebensbereich hinaus erm\u00f6glichen und zu einer ganzheitlichen und nachhaltigen Bew\u00e4ltigung unseres wechselhaften Zeitalters beitragen.<\/p><p>Sie sind uns als Teilnehmer, Mitarbeiter und Partner willkommen!<\/p><p>Bitte z\u00f6gern sie nicht, mit uns Kontakt aufzunehmen, damit wir gemeinsam ein Angebot entwickeln k\u00f6nnen, das ihren Bed\u00fcrfnissen entspricht.<\/p><p>Falls sie Fragen zu unseren Angeboten haben oder selbst als Dozent t\u00e4tig werden m\u00f6chten, sprechen Sie uns bitte an.<\/p><p>Wir w\u00fcnschen Ihnen viel Freude und Erfolg bei der Teilnahme an unseren Veranstaltungen!<\/p><p>Mit herzlichen Gr\u00fc\u00dfen,<\/p><p>Reinhard Kreckel, Gordana Simundza, Daniel Fenge und das Dozenten- Team der<br \/>Akademie der Kulturen NRW.<\/p>\t\t\t\t\t\t<\/div>\n\t\t\t\t<\/div>\n\t\t\t\t\t<\/div>\n\t\t<\/div>\n\t\t\t\t\t<\/div>\n\t\t<\/section>\n\t\t\t\t<section class=\"elementor-section elementor-top-section elementor-element elementor-element-515b7fe2 elementor-section-boxed elementor-section-height-default elementor-section-height-default\" data-id=\"515b7fe2\" data-element_type=\"section\" id=\"contact-section\" data-settings=\"{&quot;background_background&quot;:&quot;classic&quot;}\">\n\t\t\t\t\t\t<div class=\"elementor-container elementor-column-gap-no\">\n\t\t\t\t\t<div class=\"elementor-column elementor-col-50 elementor-top-column elementor-element elementor-element-3c0f0229\" data-id=\"3c0f0229\" data-element_type=\"column\">\n\t\t\t<div class=\"elementor-widget-wrap elementor-element-populated\">\n\t\t\t\t\t\t<div class=\"elementor-element elementor-element-27f807eb elementor-widget elementor-widget-heading\" data-id=\"27f807eb\" data-element_type=\"widget\" data-widget_type=\"heading.default\">\n\t\t\t\t<div class=\"elementor-widget-container\">\n\t\t\t<h2 class=\"elementor-heading-title elementor-size-default\">Anmeldung und Beratung<\/h2>\t\t<\/div>\n\t\t\t\t<\/div>\n\t\t\t\t<div class=\"elementor-element elementor-element-66c14f2c elementor-widget elementor-widget-heading\" data-id=\"66c14f2c\" data-element_type=\"widget\" data-widget_type=\"heading.default\">\n\t\t\t\t<div class=\"elementor-widget-container\">\n\t\t\t<p class=\"elementor-heading-title elementor-size-default\">Wir informieren Sie gern.\nSie k\u00f6nnen sich per Email, telefonisch und mit Hilfe des PDF Formulars (siehe unten) anmelden. Es gelten unsere AGB.<\/p>\t\t<\/div>\n\t\t\t\t<\/div>\n\t\t\t\t<div class=\"elementor-element elementor-element-5549e1fb elementor-align-left elementor-widget elementor-widget-button\" data-id=\"5549e1fb\" data-element_type=\"widget\" data-widget_type=\"button.default\">\n\t\t\t\t<div class=\"elementor-widget-container\">\n\t\t\t\t\t<div class=\"elementor-button-wrapper\">\n\t\t\t<a class=\"elementor-button elementor-button-link elementor-size-sm elementor-animation-pop\" href=\"https:\/\/prokulturgut.net\/akademiederkulturen\/bildung\/akademie-der-kulturen-nrw\/agb-bildungsveranstaltungen\/\">\n\t\t\t\t\t\t<span class=\"elementor-button-content-wrapper\">\n\t\t\t\t\t\t\t\t\t<span class=\"elementor-button-text\">Agb<\/span>\n\t\t\t\t\t<\/span>\n\t\t\t\t\t<\/a>\n\t\t<\/div>\n\t\t\t\t<\/div>\n\t\t\t\t<\/div>\n\t\t\t\t<div class=\"elementor-element elementor-element-745bf0fc elementor-widget elementor-widget-eael-info-box\" data-id=\"745bf0fc\" data-element_type=\"widget\" data-widget_type=\"eael-info-box.default\">\n\t\t\t\t<div class=\"elementor-widget-container\">\n\t\t\t        <div class=\"eael-infobox icon-on-left\">\n\t            <div class=\"infobox-content\">\n                    <div class=\"infobox-title-section\">\n                <h2 class=\"title\"> Telefonische Beratung<\/h2>            <\/div>\n            <div><p>Allgemeine Info\/Anmeldung zu Seminaren: 0234- 9411184<br \/>Beratung zu Bildungsschecks\/ Bildungsf\u00f6rderungen: 0234- 9411184 (Beratung 15-17h).<br \/>Fragen Sie bitte nach Herrn Kreckel, Herrn Fenge oder Frau Simundza<\/p><\/div>        <\/div>\n            <\/div>\n\n\t\t\t\t<\/div>\n\t\t\t\t<\/div>\n\t\t\t\t<div class=\"elementor-element elementor-element-53f46e6a elementor-widget elementor-widget-eael-info-box\" data-id=\"53f46e6a\" data-element_type=\"widget\" data-widget_type=\"eael-info-box.default\">\n\t\t\t\t<div class=\"elementor-widget-container\">\n\t\t\t        <div class=\"eael-infobox icon-on-left\">\n\t            <div class=\"infobox-content\">\n                    <div class=\"infobox-title-section\">\n                <h2 class=\"title\">Anmeldung und Info<\/h2>            <\/div>\n            <div><p>Melden Sie sich gerne per Email an oder nutzen Sie f\u00fcr die Anmeldung gerne unser. Anmeldeformular<\/p><p>F\u00fcr R\u00fcckfragen erreichen Sie uns unter: 0234- 9411184<\/p><\/div>        <\/div>\n            <\/div>\n\n\t\t\t\t<\/div>\n\t\t\t\t<\/div>\n\t\t\t\t<div class=\"elementor-element elementor-element-58bf5cf1 elementor-align-left elementor-widget elementor-widget-button\" data-id=\"58bf5cf1\" data-element_type=\"widget\" data-widget_type=\"button.default\">\n\t\t\t\t<div class=\"elementor-widget-container\">\n\t\t\t\t\t<div class=\"elementor-button-wrapper\">\n\t\t\t<a class=\"elementor-button elementor-button-link elementor-size-sm elementor-animation-pop\" href=\"https:\/\/prokulturgut.net\/akademiederkulturen\/programm\/anmeldung-beratung\/\">\n\t\t\t\t\t\t<span class=\"elementor-button-content-wrapper\">\n\t\t\t\t\t\t\t\t\t<span class=\"elementor-button-text\">Anmeldeformular<\/span>\n\t\t\t\t\t<\/span>\n\t\t\t\t\t<\/a>\n\t\t<\/div>\n\t\t\t\t<\/div>\n\t\t\t\t<\/div>\n\t\t\t\t<div class=\"elementor-element elementor-element-7933ccd1 elementor-widget elementor-widget-heading\" data-id=\"7933ccd1\" data-element_type=\"widget\" data-widget_type=\"heading.default\">\n\t\t\t\t<div class=\"elementor-widget-container\">\n\t\t\t<h2 class=\"elementor-heading-title elementor-size-default\">Follow us<\/h2>\t\t<\/div>\n\t\t\t\t<\/div>\n\t\t\t\t<div class=\"elementor-element elementor-element-4ad2e00f elementor-shape-circle e-grid-align-left elementor-grid-0 elementor-widget elementor-widget-social-icons\" data-id=\"4ad2e00f\" data-element_type=\"widget\" data-widget_type=\"social-icons.default\">\n\t\t\t\t<div class=\"elementor-widget-container\">\n\t\t\t<style>\/*! elementor - v3.23.0 - 05-08-2024 *\/\n.elementor-widget-social-icons.elementor-grid-0 .elementor-widget-container,.elementor-widget-social-icons.elementor-grid-mobile-0 .elementor-widget-container,.elementor-widget-social-icons.elementor-grid-tablet-0 .elementor-widget-container{line-height:1;font-size:0}.elementor-widget-social-icons:not(.elementor-grid-0):not(.elementor-grid-tablet-0):not(.elementor-grid-mobile-0) .elementor-grid{display:inline-grid}.elementor-widget-social-icons .elementor-grid{grid-column-gap:var(--grid-column-gap,5px);grid-row-gap:var(--grid-row-gap,5px);grid-template-columns:var(--grid-template-columns);justify-content:var(--justify-content,center);justify-items:var(--justify-content,center)}.elementor-icon.elementor-social-icon{font-size:var(--icon-size,25px);line-height:var(--icon-size,25px);width:calc(var(--icon-size, 25px) + 2 * var(--icon-padding, .5em));height:calc(var(--icon-size, 25px) + 2 * var(--icon-padding, .5em))}.elementor-social-icon{--e-social-icon-icon-color:#fff;display:inline-flex;background-color:#69727d;align-items:center;justify-content:center;text-align:center;cursor:pointer}.elementor-social-icon i{color:var(--e-social-icon-icon-color)}.elementor-social-icon svg{fill:var(--e-social-icon-icon-color)}.elementor-social-icon:last-child{margin:0}.elementor-social-icon:hover{opacity:.9;color:#fff}.elementor-social-icon-android{background-color:#a4c639}.elementor-social-icon-apple{background-color:#999}.elementor-social-icon-behance{background-color:#1769ff}.elementor-social-icon-bitbucket{background-color:#205081}.elementor-social-icon-codepen{background-color:#000}.elementor-social-icon-delicious{background-color:#39f}.elementor-social-icon-deviantart{background-color:#05cc47}.elementor-social-icon-digg{background-color:#005be2}.elementor-social-icon-dribbble{background-color:#ea4c89}.elementor-social-icon-elementor{background-color:#d30c5c}.elementor-social-icon-envelope{background-color:#ea4335}.elementor-social-icon-facebook,.elementor-social-icon-facebook-f{background-color:#3b5998}.elementor-social-icon-flickr{background-color:#0063dc}.elementor-social-icon-foursquare{background-color:#2d5be3}.elementor-social-icon-free-code-camp,.elementor-social-icon-freecodecamp{background-color:#006400}.elementor-social-icon-github{background-color:#333}.elementor-social-icon-gitlab{background-color:#e24329}.elementor-social-icon-globe{background-color:#69727d}.elementor-social-icon-google-plus,.elementor-social-icon-google-plus-g{background-color:#dd4b39}.elementor-social-icon-houzz{background-color:#7ac142}.elementor-social-icon-instagram{background-color:#262626}.elementor-social-icon-jsfiddle{background-color:#487aa2}.elementor-social-icon-link{background-color:#818a91}.elementor-social-icon-linkedin,.elementor-social-icon-linkedin-in{background-color:#0077b5}.elementor-social-icon-medium{background-color:#00ab6b}.elementor-social-icon-meetup{background-color:#ec1c40}.elementor-social-icon-mixcloud{background-color:#273a4b}.elementor-social-icon-odnoklassniki{background-color:#f4731c}.elementor-social-icon-pinterest{background-color:#bd081c}.elementor-social-icon-product-hunt{background-color:#da552f}.elementor-social-icon-reddit{background-color:#ff4500}.elementor-social-icon-rss{background-color:#f26522}.elementor-social-icon-shopping-cart{background-color:#4caf50}.elementor-social-icon-skype{background-color:#00aff0}.elementor-social-icon-slideshare{background-color:#0077b5}.elementor-social-icon-snapchat{background-color:#fffc00}.elementor-social-icon-soundcloud{background-color:#f80}.elementor-social-icon-spotify{background-color:#2ebd59}.elementor-social-icon-stack-overflow{background-color:#fe7a15}.elementor-social-icon-steam{background-color:#00adee}.elementor-social-icon-stumbleupon{background-color:#eb4924}.elementor-social-icon-telegram{background-color:#2ca5e0}.elementor-social-icon-threads{background-color:#000}.elementor-social-icon-thumb-tack{background-color:#1aa1d8}.elementor-social-icon-tripadvisor{background-color:#589442}.elementor-social-icon-tumblr{background-color:#35465c}.elementor-social-icon-twitch{background-color:#6441a5}.elementor-social-icon-twitter{background-color:#1da1f2}.elementor-social-icon-viber{background-color:#665cac}.elementor-social-icon-vimeo{background-color:#1ab7ea}.elementor-social-icon-vk{background-color:#45668e}.elementor-social-icon-weibo{background-color:#dd2430}.elementor-social-icon-weixin{background-color:#31a918}.elementor-social-icon-whatsapp{background-color:#25d366}.elementor-social-icon-wordpress{background-color:#21759b}.elementor-social-icon-x-twitter{background-color:#000}.elementor-social-icon-xing{background-color:#026466}.elementor-social-icon-yelp{background-color:#af0606}.elementor-social-icon-youtube{background-color:#cd201f}.elementor-social-icon-500px{background-color:#0099e5}.elementor-shape-rounded .elementor-icon.elementor-social-icon{border-radius:10%}.elementor-shape-circle .elementor-icon.elementor-social-icon{border-radius:50%}<\/style>\t\t<div class=\"elementor-social-icons-wrapper elementor-grid\">\n\t\t\t\t\t\t\t<span class=\"elementor-grid-item\">\n\t\t\t\t\t<a class=\"elementor-icon elementor-social-icon elementor-social-icon-facebook-f elementor-repeater-item-fd3385c\" href=\"https:\/\/www.facebook.com\/AdKNRW\" target=\"_blank\">\n\t\t\t\t\t\t<span class=\"elementor-screen-only\">Facebook-f<\/span>\n\t\t\t\t\t\t<i class=\"fab fa-facebook-f\"><\/i>\t\t\t\t\t<\/a>\n\t\t\t\t<\/span>\n\t\t\t\t\t\t\t<span class=\"elementor-grid-item\">\n\t\t\t\t\t<a class=\"elementor-icon elementor-social-icon elementor-social-icon-instagram elementor-repeater-item-d9d5df1\" href=\"https:\/\/www.instagram.com\/prokulturgut\/?hl=de\" target=\"_blank\">\n\t\t\t\t\t\t<span class=\"elementor-screen-only\">Instagram<\/span>\n\t\t\t\t\t\t<i class=\"fab fa-instagram\"><\/i>\t\t\t\t\t<\/a>\n\t\t\t\t<\/span>\n\t\t\t\t\t<\/div>\n\t\t\t\t<\/div>\n\t\t\t\t<\/div>\n\t\t\t\t\t<\/div>\n\t\t<\/div>\n\t\t\t\t<div class=\"elementor-column elementor-col-50 elementor-top-column elementor-element elementor-element-7eaf6e3a\" data-id=\"7eaf6e3a\" data-element_type=\"column\">\n\t\t\t<div class=\"elementor-widget-wrap elementor-element-populated\">\n\t\t\t\t\t\t<div class=\"elementor-element elementor-element-757312b8 eael-fluentform-form-button-right eael-fluentform-form-button-custom elementor-widget elementor-widget-eael-fluentform\" data-id=\"757312b8\" data-element_type=\"widget\" data-widget_type=\"eael-fluentform.default\">\n\t\t\t\t<div class=\"elementor-widget-container\">\n\t\t\t        <div class=\"eael-contact-form eael-fluent-form-wrapper clearfix fluent-form-labels-hide eael-contact-form-align-default\">\n\n            \n                    <\/div>\n\n        \t\t<\/div>\n\t\t\t\t<\/div>\n\t\t\t\t\t<\/div>\n\t\t<\/div>\n\t\t\t\t\t<\/div>\n\t\t<\/section>\n\t\t\t\t<\/div>\n\t\t","protected":false},"excerpt":{"rendered":"<p>\u00dcber die Akademie Freie Akademie f\u00fcr ganzheitliche Entwicklung Vorschau 2026 Die Akademie der Kulturen NRW ist hervorgegangen aus den zuvor bekannten Einrichtungen:Akademie f\u00fcr lebendige Kunst \u2013 (seit 1990 staatlich anerkanntes Bildungswerk) &amp; CULTURA Bildungswerk \u2013 (seit 1998 \u2013 staatlich anerkannt seit 2004) Leitbild:Die Akademie der Kulturen NRW ist eine Einrichtung der Weiterbildung in Tr\u00e4gerschaft des [&hellip;]<\/p>\n","protected":false},"author":10,"featured_media":0,"parent":12315,"menu_order":0,"comment_status":"closed","ping_status":"closed","template":"","meta":[],"yoast_head":"<!-- This site is optimized with the Yoast SEO plugin v20.11 - https:\/\/yoast.com\/wordpress\/plugins\/seo\/ -->\n<title>- Akademie der Kulturen NRW<\/title>\n<meta name=\"description\" content=\"Freie Akademie f\u00fcr ganzheitliche Entwicklung - anerkannt nach WBG vom Land NRW\" \/>\n<meta name=\"robots\" content=\"index, follow, max-snippet:-1, max-image-preview:large, max-video-preview:-1\" \/>\n<link rel=\"canonical\" href=\"https:\/\/prokulturgut.net\/akademiederkulturen\/bildung\/akademie-der-kulturen-profil\/\" \/>\n<meta property=\"og:locale\" content=\"de_DE\" \/>\n<meta property=\"og:type\" content=\"article\" \/>\n<meta property=\"og:title\" content=\"- Akademie der Kulturen NRW\" \/>\n<meta property=\"og:description\" content=\"Freie Akademie f\u00fcr ganzheitliche Entwicklung - anerkannt nach WBG vom Land NRW\" \/>\n<meta property=\"og:url\" content=\"https:\/\/prokulturgut.net\/akademiederkulturen\/bildung\/akademie-der-kulturen-profil\/\" \/>\n<meta property=\"og:site_name\" content=\"Akademie der Kulturen NRW\" \/>\n<meta property=\"article:modified_time\" content=\"2026-03-02T13:46:39+00:00\" \/>\n<meta property=\"og:image\" content=\"https:\/\/prokulturgut.net\/akademiederkulturen\/wp-content\/uploads\/sites\/5\/2023\/12\/element-1024x859.png\" \/>\n<meta name=\"twitter:card\" content=\"summary_large_image\" \/>\n<meta name=\"twitter:label1\" content=\"Gesch\u00e4tzte Lesezeit\" \/>\n\t<meta name=\"twitter:data1\" content=\"5 Minuten\" \/>\n<script type=\"application\/ld+json\" class=\"yoast-schema-graph\">{\"@context\":\"https:\/\/schema.org\",\"@graph\":[{\"@type\":\"WebPage\",\"@id\":\"https:\/\/prokulturgut.net\/akademiederkulturen\/bildung\/akademie-der-kulturen-profil\/\",\"url\":\"https:\/\/prokulturgut.net\/akademiederkulturen\/bildung\/akademie-der-kulturen-profil\/\",\"name\":\"- Akademie der Kulturen NRW\",\"isPartOf\":{\"@id\":\"https:\/\/prokulturgut.net\/akademiederkulturen\/#website\"},\"datePublished\":\"2015-08-26T11:49:50+00:00\",\"dateModified\":\"2026-03-02T13:46:39+00:00\",\"description\":\"Freie Akademie f\u00fcr ganzheitliche Entwicklung - anerkannt nach WBG vom Land NRW\",\"breadcrumb\":{\"@id\":\"https:\/\/prokulturgut.net\/akademiederkulturen\/bildung\/akademie-der-kulturen-profil\/#breadcrumb\"},\"inLanguage\":\"de-DE\",\"potentialAction\":[{\"@type\":\"ReadAction\",\"target\":[\"https:\/\/prokulturgut.net\/akademiederkulturen\/bildung\/akademie-der-kulturen-profil\/\"]}]},{\"@type\":\"BreadcrumbList\",\"@id\":\"https:\/\/prokulturgut.net\/akademiederkulturen\/bildung\/akademie-der-kulturen-profil\/#breadcrumb\",\"itemListElement\":[{\"@type\":\"ListItem\",\"position\":1,\"name\":\"Home\",\"item\":\"https:\/\/prokulturgut.net\/akademiederkulturen\/\"},{\"@type\":\"ListItem\",\"position\":2,\"name\":\"Bildung\",\"item\":\"https:\/\/prokulturgut.net\/akademiederkulturen\/bildung\/\"}]},{\"@type\":\"WebSite\",\"@id\":\"https:\/\/prokulturgut.net\/akademiederkulturen\/#website\",\"url\":\"https:\/\/prokulturgut.net\/akademiederkulturen\/\",\"name\":\"Akademie der Kulturen NRW\",\"description\":\"\",\"publisher\":{\"@id\":\"https:\/\/prokulturgut.net\/akademiederkulturen\/#organization\"},\"potentialAction\":[{\"@type\":\"SearchAction\",\"target\":{\"@type\":\"EntryPoint\",\"urlTemplate\":\"https:\/\/prokulturgut.net\/akademiederkulturen\/?s={search_term_string}\"},\"query-input\":\"required name=search_term_string\"}],\"inLanguage\":\"de-DE\"},{\"@type\":\"Organization\",\"@id\":\"https:\/\/prokulturgut.net\/akademiederkulturen\/#organization\",\"name\":\"Akademie der Kulturen NRW\",\"url\":\"https:\/\/prokulturgut.net\/akademiederkulturen\/\",\"logo\":{\"@type\":\"ImageObject\",\"inLanguage\":\"de-DE\",\"@id\":\"https:\/\/prokulturgut.net\/akademiederkulturen\/#\/schema\/logo\/image\/\",\"url\":\"https:\/\/prokulturgut.net\/akademiederkulturen\/wp-content\/uploads\/sites\/5\/2023\/12\/cropped-Logo_Farbe.png\",\"contentUrl\":\"https:\/\/prokulturgut.net\/akademiederkulturen\/wp-content\/uploads\/sites\/5\/2023\/12\/cropped-Logo_Farbe.png\",\"width\":412,\"height\":118,\"caption\":\"Akademie der Kulturen NRW\"},\"image\":{\"@id\":\"https:\/\/prokulturgut.net\/akademiederkulturen\/#\/schema\/logo\/image\/\"}}]}<\/script>\n<!-- \/ Yoast SEO plugin. -->","yoast_head_json":{"title":"- Akademie der Kulturen NRW","description":"Freie Akademie f\u00fcr ganzheitliche Entwicklung - anerkannt nach WBG vom Land NRW","robots":{"index":"index","follow":"follow","max-snippet":"max-snippet:-1","max-image-preview":"max-image-preview:large","max-video-preview":"max-video-preview:-1"},"canonical":"https:\/\/prokulturgut.net\/akademiederkulturen\/bildung\/akademie-der-kulturen-profil\/","og_locale":"de_DE","og_type":"article","og_title":"- Akademie der Kulturen NRW","og_description":"Freie Akademie f\u00fcr ganzheitliche Entwicklung - anerkannt nach WBG vom Land NRW","og_url":"https:\/\/prokulturgut.net\/akademiederkulturen\/bildung\/akademie-der-kulturen-profil\/","og_site_name":"Akademie der Kulturen NRW","article_modified_time":"2026-03-02T13:46:39+00:00","og_image":[{"url":"https:\/\/prokulturgut.net\/akademiederkulturen\/wp-content\/uploads\/sites\/5\/2023\/12\/element-1024x859.png"}],"twitter_card":"summary_large_image","twitter_misc":{"Gesch\u00e4tzte Lesezeit":"5 Minuten"},"schema":{"@context":"https:\/\/schema.org","@graph":[{"@type":"WebPage","@id":"https:\/\/prokulturgut.net\/akademiederkulturen\/bildung\/akademie-der-kulturen-profil\/","url":"https:\/\/prokulturgut.net\/akademiederkulturen\/bildung\/akademie-der-kulturen-profil\/","name":"- Akademie der Kulturen NRW","isPartOf":{"@id":"https:\/\/prokulturgut.net\/akademiederkulturen\/#website"},"datePublished":"2015-08-26T11:49:50+00:00","dateModified":"2026-03-02T13:46:39+00:00","description":"Freie Akademie f\u00fcr ganzheitliche Entwicklung - anerkannt nach WBG vom Land NRW","breadcrumb":{"@id":"https:\/\/prokulturgut.net\/akademiederkulturen\/bildung\/akademie-der-kulturen-profil\/#breadcrumb"},"inLanguage":"de-DE","potentialAction":[{"@type":"ReadAction","target":["https:\/\/prokulturgut.net\/akademiederkulturen\/bildung\/akademie-der-kulturen-profil\/"]}]},{"@type":"BreadcrumbList","@id":"https:\/\/prokulturgut.net\/akademiederkulturen\/bildung\/akademie-der-kulturen-profil\/#breadcrumb","itemListElement":[{"@type":"ListItem","position":1,"name":"Home","item":"https:\/\/prokulturgut.net\/akademiederkulturen\/"},{"@type":"ListItem","position":2,"name":"Bildung","item":"https:\/\/prokulturgut.net\/akademiederkulturen\/bildung\/"}]},{"@type":"WebSite","@id":"https:\/\/prokulturgut.net\/akademiederkulturen\/#website","url":"https:\/\/prokulturgut.net\/akademiederkulturen\/","name":"Akademie der Kulturen NRW","description":"","publisher":{"@id":"https:\/\/prokulturgut.net\/akademiederkulturen\/#organization"},"potentialAction":[{"@type":"SearchAction","target":{"@type":"EntryPoint","urlTemplate":"https:\/\/prokulturgut.net\/akademiederkulturen\/?s={search_term_string}"},"query-input":"required name=search_term_string"}],"inLanguage":"de-DE"},{"@type":"Organization","@id":"https:\/\/prokulturgut.net\/akademiederkulturen\/#organization","name":"Akademie der Kulturen NRW","url":"https:\/\/prokulturgut.net\/akademiederkulturen\/","logo":{"@type":"ImageObject","inLanguage":"de-DE","@id":"https:\/\/prokulturgut.net\/akademiederkulturen\/#\/schema\/logo\/image\/","url":"https:\/\/prokulturgut.net\/akademiederkulturen\/wp-content\/uploads\/sites\/5\/2023\/12\/cropped-Logo_Farbe.png","contentUrl":"https:\/\/prokulturgut.net\/akademiederkulturen\/wp-content\/uploads\/sites\/5\/2023\/12\/cropped-Logo_Farbe.png","width":412,"height":118,"caption":"Akademie der Kulturen NRW"},"image":{"@id":"https:\/\/prokulturgut.net\/akademiederkulturen\/#\/schema\/logo\/image\/"}}]}},"_links":{"self":[{"href":"https:\/\/prokulturgut.net\/akademiederkulturen\/wp-json\/wp\/v2\/pages\/12244"}],"collection":[{"href":"https:\/\/prokulturgut.net\/akademiederkulturen\/wp-json\/wp\/v2\/pages"}],"about":[{"href":"https:\/\/prokulturgut.net\/akademiederkulturen\/wp-json\/wp\/v2\/types\/page"}],"author":[{"embeddable":true,"href":"https:\/\/prokulturgut.net\/akademiederkulturen\/wp-json\/wp\/v2\/users\/10"}],"replies":[{"embeddable":true,"href":"https:\/\/prokulturgut.net\/akademiederkulturen\/wp-json\/wp\/v2\/comments?post=12244"}],"version-history":[{"count":46,"href":"https:\/\/prokulturgut.net\/akademiederkulturen\/wp-json\/wp\/v2\/pages\/12244\/revisions"}],"predecessor-version":[{"id":27118,"href":"https:\/\/prokulturgut.net\/akademiederkulturen\/wp-json\/wp\/v2\/pages\/12244\/revisions\/27118"}],"up":[{"embeddable":true,"href":"https:\/\/prokulturgut.net\/akademiederkulturen\/wp-json\/wp\/v2\/pages\/12315"}],"wp:attachment":[{"href":"https:\/\/prokulturgut.net\/akademiederkulturen\/wp-json\/wp\/v2\/media?parent=12244"}],"curies":[{"name":"wp","href":"https:\/\/api.w.org\/{rel}","templated":true}]}}