{"id":22668,"date":"2020-03-04T10:33:10","date_gmt":"2020-03-04T09:33:10","guid":{"rendered":"https:\/\/akademiederkulturen.de\/?page_id=22668"},"modified":"2024-06-04T14:07:03","modified_gmt":"2024-06-04T12:07:03","slug":"projekt-assistent-in-zertifikat-eu-projekte-in-spanien-1-3-2020-31-8-2020","status":"publish","type":"page","link":"https:\/\/prokulturgut.net\/akademiederkulturen\/projekt-assistent-in-zertifikat-eu-projekte-in-spanien-1-3-2020-31-8-2020\/","title":{"rendered":"Projekt-Assistent\/in \u2013 Zertifikat (EU Projekte in Spanien) 1.3.2020 &#8211; 31.8.2020"},"content":{"rendered":"<h2><strong>Projekt-Assistent\/in \u2013 Zertifikat (Schwerpunkt: EU Projekte in Spanien)<\/strong><\/h2>\n<p>[\/fusion_text][fusion_text]<strong>Grundbildung Schlu\u0308sselqualifikationen fu\u0308r das moderne Berufsleben \u2013 Projekt-Assistent\/in \u2013 Zertifikat (Schwerpunkt: EU Projekte in Spanien) 1.3.2020 &#8211; 31.8.2020<\/strong><\/p>\n<p><a href=\"https:\/\/prokulturgut.net\/akademiederkulturen\/wp-content\/uploads\/sites\/5\/2018\/12\/eu_esf-nrw_mags_fh_4c-logo.png\"><img fetchpriority=\"high\" decoding=\"async\" class=\"wp-image-21951 aligncenter\" src=\"https:\/\/prokulturgut.net\/akademiederkulturen\/wp-content\/uploads\/sites\/5\/2018\/12\/eu_esf-nrw_mags_fh_4c-logo-300x48.png\" alt=\"Europ\u00e4ischer Sozialfonds in Nordrhein-Westfalen\" width=\"825\" height=\"132\" srcset=\"https:\/\/prokulturgut.net\/akademiederkulturen\/wp-content\/uploads\/sites\/5\/2018\/12\/eu_esf-nrw_mags_fh_4c-logo-300x48.png 300w, https:\/\/prokulturgut.net\/akademiederkulturen\/wp-content\/uploads\/sites\/5\/2018\/12\/eu_esf-nrw_mags_fh_4c-logo-768x122.png 768w, https:\/\/prokulturgut.net\/akademiederkulturen\/wp-content\/uploads\/sites\/5\/2018\/12\/eu_esf-nrw_mags_fh_4c-logo-1024x162.png 1024w\" sizes=\"(max-width: 825px) 100vw, 825px\" \/><\/a><\/p>\n<div class=\"fusion-two-third fusion-layout-column fusion-spacing-yes\">\n<div class=\"fusion-column-wrapper\"><\/div>\n<\/div>\n<div>\n<div>\n<div id=\"main\">\n<div>\n<div id=\"content\">\n<div id=\"post-22659\">\n<div>\n<p>Die Ausbildungsg\u00e4nge umfassen Inhalte zu Schl\u00fcsselkompetenzen f\u00fcr das Berufs- und Arbeitsleben im In und Ausland: Grundlegende Computerkompetenz, technische-praktische Kompetenz, Kreativit\u00e4t, Projektmanagement, Lernkompetenz, Soziale und B\u00fcrgerkompetenz, Eigeninitiative und kulturelle Ausdrucksf\u00e4higkeit sowie Sprachkompetenz f\u00fcr T\u00e4tigkeitsfelder in der EU: * Projektmanagement: Internationale Kultur-, Medien-, Bildungs- und \u00d6kologieProjekte: Organisation, Management und Fundraising, Marketing \/ PR \/ \u2026<\/p>\n<p>PROGRAMM der Gruppe PROJEKTASSISTENZ<\/p>\n<p>&gt; In der Gruppe Projektassistenz f\u00fcr Bildung, Kultur und \u00d6kologie trainieren wir unsere Kompetenzen f\u00fcr die Umsetzung von Projekten: Achtsame Kommunikation, Umgang mit Menschen, Hand-Werkzeugen und Medien, Technik, Office- und Organisationssoftware, Konzeptentwicklung, Planung, Projektmanagement, Arbeiten im Team, angewandte \u00f6kologische Technologien, Begegnungen mit spanischen Organisationen, \u00d6ffentlichkeitsarbeit.<\/p>\n<ul>\n<li>So werden wir im gemeinsamen \u201elearning by doing\u201c Projekte planen und realisieren: Angebote f\u00fcr Einwohner und Touristen in der Region, Lern-\/Spielraum f\u00fcr Kinder und Jugendliche, Seminare f\u00fcr Erwachsene, Umwelt- &amp; Permakultur-Workshops, Yoga und Kulturveranstaltungen, Konzerte, Info-Veranstaltungen, Pr\u00e4sentationen u.v.m.<\/li>\n<li>Wir erarbeiten uns gemeinsam und selbstst\u00e4ndig relevantes Wissen und entwickeln nachhaltige Kompetenzen: Manuelle, technische und digitale Anwendungen (f\u00fcr Office, Organisation, Management, Mindmapping), Teamf\u00e4higkeit, kreatives Denken, Ideenentwicklung und Umsetzung, die F\u00e4higkeit Aufgaben zu l\u00f6sen und das Selbstbewusstsein durch Teil-\/Erfolge zu st\u00e4rken.<\/li>\n<\/ul>\n<p>Zum erfolgreichen Abschluss gibt es ein EU Zertifikat, das die erfolgreiche Teilnahme und die erworbenen Kompetenzen f\u00fcr anschlie\u00dfende Bewerbungen bescheinigt.<\/p>\n<p>Wir freuen uns auf engagierte Mitgestalter der Projekte. Alter spielt keine Rolle \u2013 Motivation, Selbstst\u00e4ndigkeit und Teamf\u00e4higkeit sind Voraussetzung. Ganz liebe Gr\u00fc\u00dfe und die besten W\u00fcnsche f\u00fcr einen gl\u00fccklichen, gesunden, kreativen und erfolgreichen neuen Lebensabschnitt!<\/p>\n<p>Weitere Information, Beratung und Absprachen mit Rechungpa Reinhard Kreckel: 0049 151 41479643 fon \/ messenger telegram oder signal.<\/p>\n<\/div>\n<\/div>\n<\/div>\n<\/div>\n<\/div>\n<\/div>\n<\/div>\n<p>[\/fusion_text][\/two_third][one_third last=&#8220;yes&#8220; spacing=&#8220;yes&#8220; center_content=&#8220;no&#8220; hide_on_mobile=&#8220;no&#8220; background_color=&#8220;&#8220; background_image=&#8220;&#8220; background_repeat=&#8220;no-repeat&#8220; background_position=&#8220;left top&#8220; border_position=&#8220;all&#8220; border_size=&#8220;0px&#8220; border_color=&#8220;&#8220; border_style=&#8220;&#8220; padding=&#8220;&#8220; margin_top=&#8220;&#8220; margin_bottom=&#8220;&#8220; animation_type=&#8220;&#8220; animation_direction=&#8220;&#8220; animation_speed=&#8220;0.1&#8243; class=&#8220;&#8220; id=&#8220;&#8220;][fusion_text]Grundbildungspl\u00e4tze frei! Hier geht es zum Bewerbungsformular&#8230;<\/p>\n<p><a title=\"Beim Prokulturgut Netzwerk bewerben\" href=\"https:\/\/prokulturgut.net\/ueber-uns\/mitarbeit-jobs-praktika\/bewerbung-application\/\"><img decoding=\"async\" src=\"https:\/\/prokulturgut.net\/wp-content\/uploads\/2015\/11\/PKN-Button-Bewerbung.png\" alt=\"\" \/><\/a>[\/fusion_text][\/one_third]<\/p>\n","protected":false},"excerpt":{"rendered":"<p>Projekt-Assistent\/in \u2013 Zertifikat (Schwerpunkt: EU Projekte in Spanien) [\/fusion_text][fusion_text]Grundbildung Schlu\u0308sselqualifikationen fu\u0308r das moderne Berufsleben \u2013 Projekt-Assistent\/in \u2013 Zertifikat (Schwerpunkt: EU Projekte in Spanien) 1.3.2020 &#8211; 31.8.2020 Die Ausbildungsg\u00e4nge umfassen Inhalte zu Schl\u00fcsselkompetenzen f\u00fcr das Berufs- und Arbeitsleben im In und Ausland: Grundlegende Computerkompetenz, technische-praktische Kompetenz, Kreativit\u00e4t, Projektmanagement, Lernkompetenz, Soziale und B\u00fcrgerkompetenz, Eigeninitiative und kulturelle Ausdrucksf\u00e4higkeit [&hellip;]<\/p>\n","protected":false},"author":82,"featured_media":0,"parent":0,"menu_order":0,"comment_status":"closed","ping_status":"closed","template":"","meta":[],"yoast_head":"<!-- This site is optimized with the Yoast SEO plugin v20.11 - https:\/\/yoast.com\/wordpress\/plugins\/seo\/ -->\n<title>Projekt-Assistent\/in \u2013 Zertifikat (EU Projekte in Spanien) 1.3.2020 - 31.8.2020 - Akademie der Kulturen NRW<\/title>\n<meta name=\"robots\" content=\"index, follow, max-snippet:-1, max-image-preview:large, max-video-preview:-1\" \/>\n<link rel=\"canonical\" href=\"https:\/\/prokulturgut.net\/akademiederkulturen\/projekt-assistent-in-zertifikat-eu-projekte-in-spanien-1-3-2020-31-8-2020\/\" \/>\n<meta property=\"og:locale\" content=\"de_DE\" \/>\n<meta property=\"og:type\" content=\"article\" \/>\n<meta property=\"og:title\" content=\"Projekt-Assistent\/in \u2013 Zertifikat (EU Projekte in Spanien) 1.3.2020 - 31.8.2020 - Akademie der Kulturen NRW\" \/>\n<meta property=\"og:description\" content=\"Projekt-Assistent\/in \u2013 Zertifikat (Schwerpunkt: EU Projekte in Spanien) [\/fusion_text][fusion_text]Grundbildung Schlu\u0308sselqualifikationen fu\u0308r das moderne Berufsleben \u2013 Projekt-Assistent\/in \u2013 Zertifikat (Schwerpunkt: EU Projekte in Spanien) 1.3.2020 &#8211; 31.8.2020 Die Ausbildungsg\u00e4nge umfassen Inhalte zu Schl\u00fcsselkompetenzen f\u00fcr das Berufs- und Arbeitsleben im In und Ausland: Grundlegende Computerkompetenz, technische-praktische Kompetenz, Kreativit\u00e4t, Projektmanagement, Lernkompetenz, Soziale und B\u00fcrgerkompetenz, Eigeninitiative und kulturelle Ausdrucksf\u00e4higkeit [&hellip;]\" \/>\n<meta property=\"og:url\" content=\"https:\/\/prokulturgut.net\/akademiederkulturen\/projekt-assistent-in-zertifikat-eu-projekte-in-spanien-1-3-2020-31-8-2020\/\" \/>\n<meta property=\"og:site_name\" content=\"Akademie der Kulturen NRW\" \/>\n<meta property=\"article:modified_time\" content=\"2024-06-04T12:07:03+00:00\" \/>\n<meta property=\"og:image\" content=\"https:\/\/prokulturgut.net\/akademiederkulturen\/wp-content\/uploads\/sites\/5\/2018\/12\/eu_esf-nrw_mags_fh_4c-logo-300x48.png\" \/>\n<meta name=\"twitter:card\" content=\"summary_large_image\" \/>\n<meta name=\"twitter:label1\" content=\"Gesch\u00e4tzte Lesezeit\" \/>\n\t<meta name=\"twitter:data1\" content=\"3 Minuten\" \/>\n<script type=\"application\/ld+json\" class=\"yoast-schema-graph\">{\"@context\":\"https:\/\/schema.org\",\"@graph\":[{\"@type\":\"WebPage\",\"@id\":\"https:\/\/prokulturgut.net\/akademiederkulturen\/projekt-assistent-in-zertifikat-eu-projekte-in-spanien-1-3-2020-31-8-2020\/\",\"url\":\"https:\/\/prokulturgut.net\/akademiederkulturen\/projekt-assistent-in-zertifikat-eu-projekte-in-spanien-1-3-2020-31-8-2020\/\",\"name\":\"Projekt-Assistent\/in \u2013 Zertifikat (EU Projekte in Spanien) 1.3.2020 - 31.8.2020 - Akademie der Kulturen NRW\",\"isPartOf\":{\"@id\":\"https:\/\/prokulturgut.net\/akademiederkulturen\/#website\"},\"datePublished\":\"2020-03-04T09:33:10+00:00\",\"dateModified\":\"2024-06-04T12:07:03+00:00\",\"breadcrumb\":{\"@id\":\"https:\/\/prokulturgut.net\/akademiederkulturen\/projekt-assistent-in-zertifikat-eu-projekte-in-spanien-1-3-2020-31-8-2020\/#breadcrumb\"},\"inLanguage\":\"de-DE\",\"potentialAction\":[{\"@type\":\"ReadAction\",\"target\":[\"https:\/\/prokulturgut.net\/akademiederkulturen\/projekt-assistent-in-zertifikat-eu-projekte-in-spanien-1-3-2020-31-8-2020\/\"]}]},{\"@type\":\"BreadcrumbList\",\"@id\":\"https:\/\/prokulturgut.net\/akademiederkulturen\/projekt-assistent-in-zertifikat-eu-projekte-in-spanien-1-3-2020-31-8-2020\/#breadcrumb\",\"itemListElement\":[{\"@type\":\"ListItem\",\"position\":1,\"name\":\"Home\",\"item\":\"https:\/\/prokulturgut.net\/akademiederkulturen\/\"},{\"@type\":\"ListItem\",\"position\":2,\"name\":\"Projekt-Assistent\/in \u2013 Zertifikat (EU Projekte in Spanien) 1.3.2020 &#8211; 31.8.2020\"}]},{\"@type\":\"WebSite\",\"@id\":\"https:\/\/prokulturgut.net\/akademiederkulturen\/#website\",\"url\":\"https:\/\/prokulturgut.net\/akademiederkulturen\/\",\"name\":\"Akademie der Kulturen NRW\",\"description\":\"\",\"publisher\":{\"@id\":\"https:\/\/prokulturgut.net\/akademiederkulturen\/#organization\"},\"potentialAction\":[{\"@type\":\"SearchAction\",\"target\":{\"@type\":\"EntryPoint\",\"urlTemplate\":\"https:\/\/prokulturgut.net\/akademiederkulturen\/?s={search_term_string}\"},\"query-input\":\"required name=search_term_string\"}],\"inLanguage\":\"de-DE\"},{\"@type\":\"Organization\",\"@id\":\"https:\/\/prokulturgut.net\/akademiederkulturen\/#organization\",\"name\":\"Akademie der Kulturen NRW\",\"url\":\"https:\/\/prokulturgut.net\/akademiederkulturen\/\",\"logo\":{\"@type\":\"ImageObject\",\"inLanguage\":\"de-DE\",\"@id\":\"https:\/\/prokulturgut.net\/akademiederkulturen\/#\/schema\/logo\/image\/\",\"url\":\"https:\/\/prokulturgut.net\/akademiederkulturen\/wp-content\/uploads\/sites\/5\/2023\/12\/cropped-Logo_Farbe.png\",\"contentUrl\":\"https:\/\/prokulturgut.net\/akademiederkulturen\/wp-content\/uploads\/sites\/5\/2023\/12\/cropped-Logo_Farbe.png\",\"width\":412,\"height\":118,\"caption\":\"Akademie der Kulturen NRW\"},\"image\":{\"@id\":\"https:\/\/prokulturgut.net\/akademiederkulturen\/#\/schema\/logo\/image\/\"}}]}<\/script>\n<!-- \/ Yoast SEO plugin. -->","yoast_head_json":{"title":"Projekt-Assistent\/in \u2013 Zertifikat (EU Projekte in Spanien) 1.3.2020 - 31.8.2020 - Akademie der Kulturen NRW","robots":{"index":"index","follow":"follow","max-snippet":"max-snippet:-1","max-image-preview":"max-image-preview:large","max-video-preview":"max-video-preview:-1"},"canonical":"https:\/\/prokulturgut.net\/akademiederkulturen\/projekt-assistent-in-zertifikat-eu-projekte-in-spanien-1-3-2020-31-8-2020\/","og_locale":"de_DE","og_type":"article","og_title":"Projekt-Assistent\/in \u2013 Zertifikat (EU Projekte in Spanien) 1.3.2020 - 31.8.2020 - Akademie der Kulturen NRW","og_description":"Projekt-Assistent\/in \u2013 Zertifikat (Schwerpunkt: EU Projekte in Spanien) [\/fusion_text][fusion_text]Grundbildung Schlu\u0308sselqualifikationen fu\u0308r das moderne Berufsleben \u2013 Projekt-Assistent\/in \u2013 Zertifikat (Schwerpunkt: EU Projekte in Spanien) 1.3.2020 &#8211; 31.8.2020 Die Ausbildungsg\u00e4nge umfassen Inhalte zu Schl\u00fcsselkompetenzen f\u00fcr das Berufs- und Arbeitsleben im In und Ausland: Grundlegende Computerkompetenz, technische-praktische Kompetenz, Kreativit\u00e4t, Projektmanagement, Lernkompetenz, Soziale und B\u00fcrgerkompetenz, Eigeninitiative und kulturelle Ausdrucksf\u00e4higkeit [&hellip;]","og_url":"https:\/\/prokulturgut.net\/akademiederkulturen\/projekt-assistent-in-zertifikat-eu-projekte-in-spanien-1-3-2020-31-8-2020\/","og_site_name":"Akademie der Kulturen NRW","article_modified_time":"2024-06-04T12:07:03+00:00","og_image":[{"url":"https:\/\/prokulturgut.net\/akademiederkulturen\/wp-content\/uploads\/sites\/5\/2018\/12\/eu_esf-nrw_mags_fh_4c-logo-300x48.png"}],"twitter_card":"summary_large_image","twitter_misc":{"Gesch\u00e4tzte Lesezeit":"3 Minuten"},"schema":{"@context":"https:\/\/schema.org","@graph":[{"@type":"WebPage","@id":"https:\/\/prokulturgut.net\/akademiederkulturen\/projekt-assistent-in-zertifikat-eu-projekte-in-spanien-1-3-2020-31-8-2020\/","url":"https:\/\/prokulturgut.net\/akademiederkulturen\/projekt-assistent-in-zertifikat-eu-projekte-in-spanien-1-3-2020-31-8-2020\/","name":"Projekt-Assistent\/in \u2013 Zertifikat (EU Projekte in Spanien) 1.3.2020 - 31.8.2020 - Akademie der Kulturen NRW","isPartOf":{"@id":"https:\/\/prokulturgut.net\/akademiederkulturen\/#website"},"datePublished":"2020-03-04T09:33:10+00:00","dateModified":"2024-06-04T12:07:03+00:00","breadcrumb":{"@id":"https:\/\/prokulturgut.net\/akademiederkulturen\/projekt-assistent-in-zertifikat-eu-projekte-in-spanien-1-3-2020-31-8-2020\/#breadcrumb"},"inLanguage":"de-DE","potentialAction":[{"@type":"ReadAction","target":["https:\/\/prokulturgut.net\/akademiederkulturen\/projekt-assistent-in-zertifikat-eu-projekte-in-spanien-1-3-2020-31-8-2020\/"]}]},{"@type":"BreadcrumbList","@id":"https:\/\/prokulturgut.net\/akademiederkulturen\/projekt-assistent-in-zertifikat-eu-projekte-in-spanien-1-3-2020-31-8-2020\/#breadcrumb","itemListElement":[{"@type":"ListItem","position":1,"name":"Home","item":"https:\/\/prokulturgut.net\/akademiederkulturen\/"},{"@type":"ListItem","position":2,"name":"Projekt-Assistent\/in \u2013 Zertifikat (EU Projekte in Spanien) 1.3.2020 &#8211; 31.8.2020"}]},{"@type":"WebSite","@id":"https:\/\/prokulturgut.net\/akademiederkulturen\/#website","url":"https:\/\/prokulturgut.net\/akademiederkulturen\/","name":"Akademie der Kulturen NRW","description":"","publisher":{"@id":"https:\/\/prokulturgut.net\/akademiederkulturen\/#organization"},"potentialAction":[{"@type":"SearchAction","target":{"@type":"EntryPoint","urlTemplate":"https:\/\/prokulturgut.net\/akademiederkulturen\/?s={search_term_string}"},"query-input":"required name=search_term_string"}],"inLanguage":"de-DE"},{"@type":"Organization","@id":"https:\/\/prokulturgut.net\/akademiederkulturen\/#organization","name":"Akademie der Kulturen NRW","url":"https:\/\/prokulturgut.net\/akademiederkulturen\/","logo":{"@type":"ImageObject","inLanguage":"de-DE","@id":"https:\/\/prokulturgut.net\/akademiederkulturen\/#\/schema\/logo\/image\/","url":"https:\/\/prokulturgut.net\/akademiederkulturen\/wp-content\/uploads\/sites\/5\/2023\/12\/cropped-Logo_Farbe.png","contentUrl":"https:\/\/prokulturgut.net\/akademiederkulturen\/wp-content\/uploads\/sites\/5\/2023\/12\/cropped-Logo_Farbe.png","width":412,"height":118,"caption":"Akademie der Kulturen NRW"},"image":{"@id":"https:\/\/prokulturgut.net\/akademiederkulturen\/#\/schema\/logo\/image\/"}}]}},"_links":{"self":[{"href":"https:\/\/prokulturgut.net\/akademiederkulturen\/wp-json\/wp\/v2\/pages\/22668"}],"collection":[{"href":"https:\/\/prokulturgut.net\/akademiederkulturen\/wp-json\/wp\/v2\/pages"}],"about":[{"href":"https:\/\/prokulturgut.net\/akademiederkulturen\/wp-json\/wp\/v2\/types\/page"}],"author":[{"embeddable":true,"href":"https:\/\/prokulturgut.net\/akademiederkulturen\/wp-json\/wp\/v2\/users\/82"}],"replies":[{"embeddable":true,"href":"https:\/\/prokulturgut.net\/akademiederkulturen\/wp-json\/wp\/v2\/comments?post=22668"}],"version-history":[{"count":5,"href":"https:\/\/prokulturgut.net\/akademiederkulturen\/wp-json\/wp\/v2\/pages\/22668\/revisions"}],"predecessor-version":[{"id":24975,"href":"https:\/\/prokulturgut.net\/akademiederkulturen\/wp-json\/wp\/v2\/pages\/22668\/revisions\/24975"}],"wp:attachment":[{"href":"https:\/\/prokulturgut.net\/akademiederkulturen\/wp-json\/wp\/v2\/media?parent=22668"}],"curies":[{"name":"wp","href":"https:\/\/api.w.org\/{rel}","templated":true}]}}