{"id":26791,"date":"2026-01-21T10:06:39","date_gmt":"2026-01-21T09:06:39","guid":{"rendered":"https:\/\/prokulturgut.net\/akademiederkulturen\/?page_id=26791"},"modified":"2026-08-26T09:08:36","modified_gmt":"2026-08-26T07:08:36","slug":"entwicklungspauschale-2026","status":"publish","type":"page","link":"https:\/\/prokulturgut.net\/akademiederkulturen\/entwicklungspauschale-2026\/","title":{"rendered":"Entwicklungspauschale 2026"},"content":{"rendered":"\t\t<div data-elementor-type=\"wp-page\" data-elementor-id=\"26791\" class=\"elementor elementor-26791\">\n\t\t\t\t\t\t<section class=\"elementor-section elementor-top-section elementor-element elementor-element-376669f3 elementor-section-height-min-height elementor-section-boxed elementor-section-height-default elementor-section-items-middle\" data-id=\"376669f3\" data-element_type=\"section\" data-settings=\"{&quot;background_background&quot;:&quot;classic&quot;}\">\n\t\t\t\t\t\t\t<div class=\"elementor-background-overlay\"><\/div>\n\t\t\t\t\t\t\t<div class=\"elementor-container elementor-column-gap-default\">\n\t\t\t\t\t<div class=\"elementor-column elementor-col-33 elementor-top-column elementor-element elementor-element-71e60a42\" data-id=\"71e60a42\" data-element_type=\"column\">\n\t\t\t<div class=\"elementor-widget-wrap elementor-element-populated\">\n\t\t\t\t\t\t<div class=\"elementor-element elementor-element-e8a169c elementor-widget elementor-widget-heading\" data-id=\"e8a169c\" data-element_type=\"widget\" data-widget_type=\"heading.default\">\n\t\t\t\t<div class=\"elementor-widget-container\">\n\t\t\t<style>\/*! elementor - v3.23.0 - 05-08-2024 *\/\n.elementor-heading-title{padding:0;margin:0;line-height:1}.elementor-widget-heading .elementor-heading-title[class*=elementor-size-]>a{color:inherit;font-size:inherit;line-height:inherit}.elementor-widget-heading .elementor-heading-title.elementor-size-small{font-size:15px}.elementor-widget-heading .elementor-heading-title.elementor-size-medium{font-size:19px}.elementor-widget-heading .elementor-heading-title.elementor-size-large{font-size:29px}.elementor-widget-heading .elementor-heading-title.elementor-size-xl{font-size:39px}.elementor-widget-heading .elementor-heading-title.elementor-size-xxl{font-size:59px}<\/style><h2 class=\"elementor-heading-title elementor-size-default\">Entwicklungspauschale<br>2026<\/h2>\t\t<\/div>\n\t\t\t\t<\/div>\n\t\t\t\t<div class=\"elementor-element elementor-element-5bba85a7 elementor-widget elementor-widget-text-editor\" data-id=\"5bba85a7\" data-element_type=\"widget\" data-widget_type=\"text-editor.default\">\n\t\t\t\t<div class=\"elementor-widget-container\">\n\t\t\t<style>\/*! elementor - v3.23.0 - 05-08-2024 *\/\n.elementor-widget-text-editor.elementor-drop-cap-view-stacked .elementor-drop-cap{background-color:#69727d;color:#fff}.elementor-widget-text-editor.elementor-drop-cap-view-framed .elementor-drop-cap{color:#69727d;border:3px solid;background-color:transparent}.elementor-widget-text-editor:not(.elementor-drop-cap-view-default) .elementor-drop-cap{margin-top:8px}.elementor-widget-text-editor:not(.elementor-drop-cap-view-default) .elementor-drop-cap-letter{width:1em;height:1em}.elementor-widget-text-editor .elementor-drop-cap{float:left;text-align:center;line-height:1;font-size:50px}.elementor-widget-text-editor .elementor-drop-cap-letter{display:inline-block}<\/style>\t\t\t\t<p>Im Rahmen der Entwicklungspauschale hat die Akademie der Kulturen NRW in 2026 zwei neue Projekte durchgef\u00fchrt, um entsprechende Ziele zu erreichen.<\/p>\t\t\t\t\t\t<\/div>\n\t\t\t\t<\/div>\n\t\t\t\t\t<\/div>\n\t\t<\/div>\n\t\t\t\t<div class=\"elementor-column elementor-col-66 elementor-top-column elementor-element elementor-element-dccba34\" data-id=\"dccba34\" data-element_type=\"column\">\n\t\t\t<div class=\"elementor-widget-wrap elementor-element-populated\">\n\t\t\t\t\t\t<div class=\"elementor-element elementor-element-875d740 elementor-hidden-mobile elementor-invisible elementor-widget elementor-widget-image\" data-id=\"875d740\" data-element_type=\"widget\" data-settings=\"{&quot;_animation&quot;:&quot;fadeInRight&quot;}\" data-widget_type=\"image.default\">\n\t\t\t\t<div class=\"elementor-widget-container\">\n\t\t\t<style>\/*! elementor - v3.23.0 - 05-08-2024 *\/\n.elementor-widget-image{text-align:center}.elementor-widget-image a{display:inline-block}.elementor-widget-image a img[src$=\".svg\"]{width:48px}.elementor-widget-image img{vertical-align:middle;display:inline-block}<\/style>\t\t\t\t\t\t\t\t\t\t<img loading=\"lazy\" decoding=\"async\" width=\"800\" height=\"671\" src=\"https:\/\/prokulturgut.net\/akademiederkulturen\/wp-content\/uploads\/sites\/5\/2023\/12\/element-1-1024x859.png\" class=\"attachment-large size-large wp-image-24610\" alt=\"\" srcset=\"https:\/\/prokulturgut.net\/akademiederkulturen\/wp-content\/uploads\/sites\/5\/2023\/12\/element-1-1024x859.png 1024w, https:\/\/prokulturgut.net\/akademiederkulturen\/wp-content\/uploads\/sites\/5\/2023\/12\/element-1-300x252.png 300w, https:\/\/prokulturgut.net\/akademiederkulturen\/wp-content\/uploads\/sites\/5\/2023\/12\/element-1-768x644.png 768w, https:\/\/prokulturgut.net\/akademiederkulturen\/wp-content\/uploads\/sites\/5\/2023\/12\/element-1.png 1288w\" sizes=\"(max-width: 800px) 100vw, 800px\" \/>\t\t\t\t\t\t\t\t\t\t\t\t\t<\/div>\n\t\t\t\t<\/div>\n\t\t\t\t\t<\/div>\n\t\t<\/div>\n\t\t\t\t\t<\/div>\n\t\t<\/section>\n\t\t\t\t<section class=\"elementor-section elementor-top-section elementor-element elementor-element-ebf1ccb elementor-section-boxed elementor-section-height-default elementor-section-height-default\" data-id=\"ebf1ccb\" data-element_type=\"section\" data-settings=\"{&quot;background_background&quot;:&quot;classic&quot;}\">\n\t\t\t\t\t\t<div class=\"elementor-container elementor-column-gap-default\">\n\t\t\t\t\t<div class=\"elementor-column elementor-col-100 elementor-top-column elementor-element elementor-element-3809442\" data-id=\"3809442\" data-element_type=\"column\">\n\t\t\t<div class=\"elementor-widget-wrap elementor-element-populated\">\n\t\t\t\t\t\t<div class=\"elementor-element elementor-element-15903ad elementor-widget elementor-widget-heading\" data-id=\"15903ad\" data-element_type=\"widget\" data-widget_type=\"heading.default\">\n\t\t\t\t<div class=\"elementor-widget-container\">\n\t\t\t<h2 class=\"elementor-heading-title elementor-size-default\">Entwicklungsprojekte ADK NRW 2026<\/h2>\t\t<\/div>\n\t\t\t\t<\/div>\n\t\t\t\t<div class=\"elementor-element elementor-element-bd321c8 elementor-widget elementor-widget-text-editor\" data-id=\"bd321c8\" data-element_type=\"widget\" data-widget_type=\"text-editor.default\">\n\t\t\t\t<div class=\"elementor-widget-container\">\n\t\t\t\t\t\t\t<p>Entwicklungsprojekte der Akademie der Kulturen NRW 2026: Beide Ma\u00dfnahmen setzen auf erfahrungsorientierte kulturelle Weiterbildung (Praxis\/Improvisation, K\u00f6rper\/Klang, Gruppenprozess) und er\u00f6ffnen dadurch niedrigschwellige Zug\u00e4nge zu kultureller Bildung auch jenseits klassischer, stark sprach- oder theoriezentrierter Lernsettings.<\/p>\t\t\t\t\t\t<\/div>\n\t\t\t\t<\/div>\n\t\t\t\t\t<\/div>\n\t\t<\/div>\n\t\t\t\t\t<\/div>\n\t\t<\/section>\n\t\t\t\t<section class=\"elementor-section elementor-top-section elementor-element elementor-element-1fda059 elementor-section-boxed elementor-section-height-default elementor-section-height-default\" data-id=\"1fda059\" data-element_type=\"section\" data-settings=\"{&quot;background_background&quot;:&quot;classic&quot;}\">\n\t\t\t\t\t\t<div class=\"elementor-container elementor-column-gap-default\">\n\t\t\t\t\t<div class=\"elementor-column elementor-col-100 elementor-top-column elementor-element elementor-element-6784d10\" data-id=\"6784d10\" data-element_type=\"column\">\n\t\t\t<div class=\"elementor-widget-wrap elementor-element-populated\">\n\t\t\t\t\t\t<div class=\"elementor-element elementor-element-6e40542 elementor-widget elementor-widget-heading\" data-id=\"6e40542\" data-element_type=\"widget\" data-widget_type=\"heading.default\">\n\t\t\t\t<div class=\"elementor-widget-container\">\n\t\t\t<h2 class=\"elementor-heading-title elementor-size-default\"> 06.09.\u201320.12.26 | Friedensklang \u2013 Interkulturelle Friedensarbeit durch Musik<\/h2>\t\t<\/div>\n\t\t\t\t<\/div>\n\t\t\t\t\t<\/div>\n\t\t<\/div>\n\t\t\t\t\t<\/div>\n\t\t<\/section>\n\t\t\t\t<section class=\"elementor-section elementor-top-section elementor-element elementor-element-b2e56ba elementor-section-boxed elementor-section-height-default elementor-section-height-default\" data-id=\"b2e56ba\" data-element_type=\"section\" data-settings=\"{&quot;background_background&quot;:&quot;classic&quot;}\">\n\t\t\t\t\t\t<div class=\"elementor-container elementor-column-gap-default\">\n\t\t\t\t\t<div class=\"elementor-column elementor-col-50 elementor-top-column elementor-element elementor-element-7ef4e3d\" data-id=\"7ef4e3d\" data-element_type=\"column\">\n\t\t\t<div class=\"elementor-widget-wrap elementor-element-populated\">\n\t\t\t\t\t\t<div class=\"elementor-element elementor-element-e6c3485 elementor-widget elementor-widget-text-editor\" data-id=\"e6c3485\" data-element_type=\"widget\" data-widget_type=\"text-editor.default\">\n\t\t\t\t<div class=\"elementor-widget-container\">\n\t\t\t\t\t\t\t<h2>Entwicklungsprojekt 2026<\/h2><p class=\"isSelectedEnd\">\u201eFriedensklang\u201c bringt Menschen unterschiedlicher sozialer und kultureller Herkunft durch intuitives gemeinsames Musizieren zusammen. Das Projekt schafft einen offenen Raum f\u00fcr Begegnung, kreative Selbstentfaltung, gegenseitiges Verst\u00e4ndnis und sozialen Zusammenhalt.<\/p><h2>Kursinformationen<\/h2><p class=\"isSelectedEnd\"><strong>Zeitraum:<\/strong> 06.09.\u201320.12.2026<br \/><strong>Kurszeit:<\/strong> sonntags, 11:00\u201314:00 Uhr<br \/><strong>Umfang:<\/strong> 8 Termine \u00e0 4 Unterrichtseinheiten, insgesamt 32 UE<br \/><strong>Mindestteilnehmendenzahl:<\/strong> 5 Personen<br \/><strong>Alter:<\/strong> ab 16 Jahren<br \/><strong>Instrumente:<\/strong> offen f\u00fcr alle Instrumente<\/p><h2 class=\"isSelectedEnd\"><span style=\"color: inherit; font-family: inherit; font-size: 2rem;\">Kurstermine<\/span><\/h2><ul data-spread=\"false\"><li>06.09.2026<\/li><li>20.09.2026<\/li><li>11.10.2026<\/li><li>25.10.2026<\/li><li>08.11.2026<\/li><li>22.11.2026<\/li><li>06.12.2026<\/li><li>20.12.2026<\/li><\/ul><div>\u00a0<\/div><h2>\u00dcber das Entwicklungsprojekt<\/h2><p class=\"isSelectedEnd\">Auch in diesem Jahr bietet die Akademie der Kulturen NRW erneut Kurse im Rahmen ihrer Entwicklungsprojekte an.<\/p><p class=\"isSelectedEnd\">Die offenen Angebote richten sich an neue Zielgruppen in unserem Sozialraum und er\u00f6ffnen ihnen neue Erfahrungsr\u00e4ume. Sie unterst\u00fctzen die Teilnehmenden in ihrer pers\u00f6nlichen und sozialen Entwicklung sowie beispielsweise bei ihrer Integration.<\/p><p class=\"isSelectedEnd\">Das Projekt wird durch das Land Nordrhein-Westfalen im Rahmen der Entwicklungsprojekte Weiterbildung gef\u00f6rdert.<\/p><h2>\u00dcber Friedensklang<\/h2><p class=\"isSelectedEnd\">Das Projekt zielt darauf ab, Menschen mit unterschiedlichen sozialen und kulturellen Hintergr\u00fcnden durch intuitives gemeinsames Musizieren miteinander zu verbinden. Es entsteht ein Raum f\u00fcr Begegnung, kreative Selbstentfaltung und sozialen Zusammenhalt.<\/p><p class=\"isSelectedEnd\">Inspiriert von Ans\u00e4tzen der interkulturellen Musikp\u00e4dagogik, die auf der Anerkennung und Wertsch\u00e4tzung unterschiedlicher musikalischer Traditionen basieren, erm\u00f6glicht das Projekt einen offenen, inklusiven und niedrigschwelligen Zugang zum musikalischen Ausdruck.<\/p><p class=\"isSelectedEnd\">Musik wirkt dabei \u00fcber sprachliche Barrieren und kulturelle Unterschiede hinweg. Musikalische Vorkenntnisse sind nicht erforderlich.<\/p><p class=\"isSelectedEnd\">Die Workshops verteilen sich \u00fcber mehrere Monate und richten sich an eine m\u00f6glichst vielf\u00e4ltige Gruppe aus Jugendlichen ab 16 Jahren, Erwachsenen, \u00e4lteren Menschen sowie Personen mit Migrationsgeschichte oder Fluchterfahrung.<\/p><h2>Inhalte der Workshops<\/h2><p class=\"isSelectedEnd\">Die musikalischen Inhalte basieren auf s\u00fcdamerikanischen, asiatischen und afrikanischen Traditionen des Gesangs und der Perkussion. Erg\u00e4nzt werden sie durch K\u00f6rperperkussion und improvisatorische Klangspiele.<\/p><p class=\"isSelectedEnd\">Die Workshops beinhalten unter anderem:<\/p><ul data-spread=\"false\"><li>spielerische Rhythmus\u00fcbungen<\/li><li>Gesang und Call-and-Response-Techniken<\/li><li>Perkussion und K\u00f6rperperkussion<\/li><li>gemeinsame musikalische Improvisationen<\/li><li>traditionelle Melodien aus verschiedenen Kulturen<\/li><li>freie und spontane musikalische Ausdrucksformen<\/li><li>Entwicklung gemeinsamer Arrangements<\/li><li>Reflexion unterschiedlicher musikalischer Traditionen<\/li><li>intergenerationellen und interkulturellen Austausch<\/li><\/ul><div>\u00a0<\/div><p class=\"isSelectedEnd\">Durch das gemeinsame Musizieren erleben die Teilnehmenden Musik als universelle emotionale Sprache. Im Mittelpunkt stehen Gruppeninteraktion, gegenseitiges Zuh\u00f6ren, Respekt und gemeinsame kreative Prozesse. Dadurch werden die emotionale Verbindung und das Gemeinschaftsgef\u00fchl gest\u00e4rkt.<\/p><h2>Musik als Beitrag zum Frieden<\/h2><p class=\"isSelectedEnd\">Das Thema Frieden bildet das zentrale Leitmotiv des gesamten Projekts \u2013 von der Konzeption \u00fcber die musikalische Gestaltung bis zur gemeinsamen Reflexion.<\/p><p class=\"isSelectedEnd\">Musik wird dabei nicht nur als k\u00fcnstlerische Ausdrucksform, sondern auch als aktiver Beitrag zu einer Kultur des Friedens verstanden. In einem gesellschaftlichen Umfeld, das von Spannungen, Fluchterfahrungen und sozialer Fragmentierung gepr\u00e4gt ist, schafft gemeinsames Musizieren einen Raum, in dem Unterschiede nicht verwischt, sondern respektvoll miteinander in Beziehung gesetzt werden.<\/p><p class=\"isSelectedEnd\">Das Projekt nutzt die verbindende Kraft der Musik, um Empathie und gegenseitiges Verst\u00e4ndnis zu f\u00f6rdern. Durch kollektive Improvisationen, Call-and-Response-Techniken und rhythmische Synchronisation entstehen Momente innerer und \u00e4u\u00dferer Harmonie.<\/p><p class=\"isSelectedEnd\">Die Teilnehmenden erleben, wie aus individuellen Kl\u00e4ngen ein gemeinsamer Klangk\u00f6rper entsteht \u2013 als musikalisches Bild f\u00fcr eine friedliche und vielf\u00e4ltige Gesellschaft.<\/p>\t\t\t\t\t\t<\/div>\n\t\t\t\t<\/div>\n\t\t\t\t\t<\/div>\n\t\t<\/div>\n\t\t\t\t<div class=\"elementor-column elementor-col-50 elementor-top-column elementor-element elementor-element-c976d2a\" data-id=\"c976d2a\" data-element_type=\"column\">\n\t\t\t<div class=\"elementor-widget-wrap elementor-element-populated\">\n\t\t\t\t\t\t<div class=\"elementor-element elementor-element-e097439 elementor-widget elementor-widget-image\" data-id=\"e097439\" data-element_type=\"widget\" data-widget_type=\"image.default\">\n\t\t\t\t<div class=\"elementor-widget-container\">\n\t\t\t\t\t\t\t\t\t\t\t\t\t<img loading=\"lazy\" decoding=\"async\" width=\"768\" height=\"1090\" src=\"https:\/\/prokulturgut.net\/akademiederkulturen\/wp-content\/uploads\/sites\/5\/2026\/08\/Friedensklang_Flyer_2-768x1090.jpg\" class=\"attachment-medium_large size-medium_large wp-image-27739\" alt=\"\" srcset=\"https:\/\/prokulturgut.net\/akademiederkulturen\/wp-content\/uploads\/sites\/5\/2026\/08\/Friedensklang_Flyer_2-768x1090.jpg 768w, https:\/\/prokulturgut.net\/akademiederkulturen\/wp-content\/uploads\/sites\/5\/2026\/08\/Friedensklang_Flyer_2-211x300.jpg 211w, https:\/\/prokulturgut.net\/akademiederkulturen\/wp-content\/uploads\/sites\/5\/2026\/08\/Friedensklang_Flyer_2-722x1024.jpg 722w, https:\/\/prokulturgut.net\/akademiederkulturen\/wp-content\/uploads\/sites\/5\/2026\/08\/Friedensklang_Flyer_2-1083x1536.jpg 1083w, https:\/\/prokulturgut.net\/akademiederkulturen\/wp-content\/uploads\/sites\/5\/2026\/08\/Friedensklang_Flyer_2-1444x2048.jpg 1444w, https:\/\/prokulturgut.net\/akademiederkulturen\/wp-content\/uploads\/sites\/5\/2026\/08\/Friedensklang_Flyer_2.jpg 1748w\" sizes=\"(max-width: 768px) 100vw, 768px\" \/>\t\t\t\t\t\t\t\t\t\t\t\t\t<\/div>\n\t\t\t\t<\/div>\n\t\t\t\t<div class=\"elementor-element elementor-element-a8efab0 elementor-widget elementor-widget-spacer\" data-id=\"a8efab0\" data-element_type=\"widget\" data-widget_type=\"spacer.default\">\n\t\t\t\t<div class=\"elementor-widget-container\">\n\t\t\t<style>\/*! elementor - v3.23.0 - 05-08-2024 *\/\n.elementor-column .elementor-spacer-inner{height:var(--spacer-size)}.e-con{--container-widget-width:100%}.e-con-inner>.elementor-widget-spacer,.e-con>.elementor-widget-spacer{width:var(--container-widget-width,var(--spacer-size));--align-self:var(--container-widget-align-self,initial);--flex-shrink:0}.e-con-inner>.elementor-widget-spacer>.elementor-widget-container,.e-con>.elementor-widget-spacer>.elementor-widget-container{height:100%;width:100%}.e-con-inner>.elementor-widget-spacer>.elementor-widget-container>.elementor-spacer,.e-con>.elementor-widget-spacer>.elementor-widget-container>.elementor-spacer{height:100%}.e-con-inner>.elementor-widget-spacer>.elementor-widget-container>.elementor-spacer>.elementor-spacer-inner,.e-con>.elementor-widget-spacer>.elementor-widget-container>.elementor-spacer>.elementor-spacer-inner{height:var(--container-widget-height,var(--spacer-size))}.e-con-inner>.elementor-widget-spacer.elementor-widget-empty,.e-con>.elementor-widget-spacer.elementor-widget-empty{position:relative;min-height:22px;min-width:22px}.e-con-inner>.elementor-widget-spacer.elementor-widget-empty .elementor-widget-empty-icon,.e-con>.elementor-widget-spacer.elementor-widget-empty .elementor-widget-empty-icon{position:absolute;top:0;bottom:0;left:0;right:0;margin:auto;padding:0;width:22px;height:22px}<\/style>\t\t<div class=\"elementor-spacer\">\n\t\t\t<div class=\"elementor-spacer-inner\"><\/div>\n\t\t<\/div>\n\t\t\t\t<\/div>\n\t\t\t\t<\/div>\n\t\t\t\t<div class=\"elementor-element elementor-element-c6347b1 elementor-icon-list--layout-traditional elementor-list-item-link-full_width elementor-widget elementor-widget-icon-list\" data-id=\"c6347b1\" data-element_type=\"widget\" data-widget_type=\"icon-list.default\">\n\t\t\t\t<div class=\"elementor-widget-container\">\n\t\t\t<link rel=\"stylesheet\" href=\"https:\/\/prokulturgut.net\/akademiederkulturen\/wp-content\/plugins\/elementor\/assets\/css\/widget-icon-list.min.css\">\t\t<ul class=\"elementor-icon-list-items\">\n\t\t\t\t\t\t\t<li class=\"elementor-icon-list-item\">\n\t\t\t\t\t\t\t\t\t\t\t<span class=\"elementor-icon-list-icon\">\n\t\t\t\t\t\t\t<i aria-hidden=\"true\" class=\"fas fa-user-edit\"><\/i>\t\t\t\t\t\t<\/span>\n\t\t\t\t\t\t\t\t\t\t<span class=\"elementor-icon-list-text\">DOZENT: Afshin Ghavami<\/span>\n\t\t\t\t\t\t\t\t\t<\/li>\n\t\t\t\t\t\t\t\t<li class=\"elementor-icon-list-item\">\n\t\t\t\t\t\t\t\t\t\t\t<span class=\"elementor-icon-list-icon\">\n\t\t\t\t\t\t\t<i aria-hidden=\"true\" class=\"fas fa-home\"><\/i>\t\t\t\t\t\t<\/span>\n\t\t\t\t\t\t\t\t\t\t<span class=\"elementor-icon-list-text\">WO: BOLA \u2013 Haus der Kulturen, Herbergsweg 1, 44879 Bochum<\/span>\n\t\t\t\t\t\t\t\t\t<\/li>\n\t\t\t\t\t\t\t\t<li class=\"elementor-icon-list-item\">\n\t\t\t\t\t\t\t\t\t\t\t<span class=\"elementor-icon-list-icon\">\n\t\t\t\t\t\t\t<i aria-hidden=\"true\" class=\"fas fa-donate\"><\/i>\t\t\t\t\t\t<\/span>\n\t\t\t\t\t\t\t\t\t\t<span class=\"elementor-icon-list-text\"> TEILNAHMEGEB\u00dcHR: kostenlos<\/span>\n\t\t\t\t\t\t\t\t\t<\/li>\n\t\t\t\t\t\t\t\t<li class=\"elementor-icon-list-item\">\n\t\t\t\t\t\t\t\t\t\t\t<span class=\"elementor-icon-list-icon\">\n\t\t\t\t\t\t\t<i aria-hidden=\"true\" class=\"fas fa-user-alt\"><\/i>\t\t\t\t\t\t<\/span>\n\t\t\t\t\t\t\t\t\t\t<span class=\"elementor-icon-list-text\">VERANSTALTER: Akademie der Kulturen NRW<\/span>\n\t\t\t\t\t\t\t\t\t<\/li>\n\t\t\t\t\t\t\t\t<li class=\"elementor-icon-list-item\">\n\t\t\t\t\t\t\t\t\t\t\t<span class=\"elementor-icon-list-icon\">\n\t\t\t\t\t\t\t<i aria-hidden=\"true\" class=\"fas fa-id-badge\"><\/i>\t\t\t\t\t\t<\/span>\n\t\t\t\t\t\t\t\t\t\t<span class=\"elementor-icon-list-text\">Seminar \/ Ausbildung \/ Bildungsurlaub Nr.:  ABOL17035<\/span>\n\t\t\t\t\t\t\t\t\t<\/li>\n\t\t\t\t\t\t\t\t<li class=\"elementor-icon-list-item\">\n\t\t\t\t\t\t\t\t\t\t\t<span class=\"elementor-icon-list-icon\">\n\t\t\t\t\t\t\t<i aria-hidden=\"true\" class=\"fas fa-phone-square-alt\"><\/i>\t\t\t\t\t\t<\/span>\n\t\t\t\t\t\t\t\t\t\t<span class=\"elementor-icon-list-text\">ANMELDUNG UND INFO:Telefon: +49 234 9411184 E-Mail: Afshin.Ghavami@t-online.de<\/span>\n\t\t\t\t\t\t\t\t\t<\/li>\n\t\t\t\t\t\t<\/ul>\n\t\t\t\t<\/div>\n\t\t\t\t<\/div>\n\t\t\t\t<div class=\"elementor-element elementor-element-bb877fe elementor-widget elementor-widget-spacer\" data-id=\"bb877fe\" data-element_type=\"widget\" data-widget_type=\"spacer.default\">\n\t\t\t\t<div class=\"elementor-widget-container\">\n\t\t\t\t\t<div class=\"elementor-spacer\">\n\t\t\t<div class=\"elementor-spacer-inner\"><\/div>\n\t\t<\/div>\n\t\t\t\t<\/div>\n\t\t\t\t<\/div>\n\t\t\t\t<div class=\"elementor-element elementor-element-902ff2f elementor-widget elementor-widget-text-editor\" data-id=\"902ff2f\" data-element_type=\"widget\" data-widget_type=\"text-editor.default\">\n\t\t\t\t<div class=\"elementor-widget-container\">\n\t\t\t\t\t\t\t<h2>Raum f\u00fcr unterschiedliche musikalische Traditionen<\/h2><p class=\"isSelectedEnd\">Insbesondere Musiker mit Flucht- oder Migrationsgeschichte erhalten eine Plattform, um ihre musikalischen Traditionen einzubringen. Diese werden als Ausdruck von Identit\u00e4t, Erinnerung und kultureller Vielfalt verstanden.<\/p><p class=\"isSelectedEnd\">Gleichzeitig wird sensibel mit pers\u00f6nlichen Erfahrungen von Verlust, Trauma und Heimat umgegangen. Musik kann dabei als unterst\u00fctzender und verbindender Prozess erfahren werden.<\/p><p class=\"isSelectedEnd\">Ein zentrales Element des Projekts ist die Schaffung eines offenen Raums f\u00fcr spontane und freie musikalische Ausdrucksformen. Alle Instrumente und musikalischen Traditionen sind willkommen.<\/p><p class=\"isSelectedEnd\">Die Workshops werden von einem professionellen Musiker mit interkultureller und musikp\u00e4dagogischer Erfahrung geleitet. Die kulturelle Vielfalt und die individuellen Voraussetzungen der Teilnehmenden werden respektvoll in die gemeinsame Arbeit einbezogen.<\/p><h2>Gemeinsames Repertoire und Dokumentation<\/h2><p class=\"isSelectedEnd\">Im Verlauf des Projekts entwickeln die Teilnehmenden gemeinsam ein vielseitiges Repertoire. Dieses setzt sich aus improvisierten Kl\u00e4ngen, traditionellen Melodien und neuen, gemeinsam geschaffenen Arrangements zusammen.<\/p><p class=\"isSelectedEnd\">Menschen unterschiedlicher Generationen musizieren und lernen miteinander. Erg\u00e4nzende Reflexionsphasen erm\u00f6glichen es, Gemeinsamkeiten und Unterschiede der verschiedenen musikalischen Traditionen wahrzunehmen und zu besprechen. Dadurch werden kulturelle Sensibilit\u00e4t und Offenheit gegen\u00fcber anderen Perspektiven gest\u00e4rkt.<\/p><p class=\"isSelectedEnd\">Die gemeinsam entwickelten musikalischen Ergebnisse werden zum Abschluss dokumentiert, beispielsweise durch Audio- oder Videoaufnahmen.<\/p><p class=\"isSelectedEnd\">\u201eFriedensklang\u201c wird damit nicht nur zu einem musikalischen, sondern auch zu einem sozialen und kulturellen Ereignis. Das Projekt st\u00e4rkt die Teilnehmenden in ihrer Identit\u00e4t, schafft neue Beziehungen und er\u00f6ffnet einen gemeinsamen Raum f\u00fcr Toleranz, Empathie und die Gestaltung einer friedlichen Zukunft.<\/p>\t\t\t\t\t\t<\/div>\n\t\t\t\t<\/div>\n\t\t\t\t<div class=\"elementor-element elementor-element-914ee1f elementor-widget elementor-widget-spacer\" data-id=\"914ee1f\" data-element_type=\"widget\" data-widget_type=\"spacer.default\">\n\t\t\t\t<div class=\"elementor-widget-container\">\n\t\t\t\t\t<div class=\"elementor-spacer\">\n\t\t\t<div class=\"elementor-spacer-inner\"><\/div>\n\t\t<\/div>\n\t\t\t\t<\/div>\n\t\t\t\t<\/div>\n\t\t\t\t<div class=\"elementor-element elementor-element-377e82c elementor-widget elementor-widget-spacer\" data-id=\"377e82c\" data-element_type=\"widget\" data-widget_type=\"spacer.default\">\n\t\t\t\t<div class=\"elementor-widget-container\">\n\t\t\t\t\t<div class=\"elementor-spacer\">\n\t\t\t<div class=\"elementor-spacer-inner\"><\/div>\n\t\t<\/div>\n\t\t\t\t<\/div>\n\t\t\t\t<\/div>\n\t\t\t\t\t<\/div>\n\t\t<\/div>\n\t\t\t\t\t<\/div>\n\t\t<\/section>\n\t\t\t\t<section class=\"elementor-section elementor-top-section elementor-element elementor-element-005d8e7 elementor-section-boxed elementor-section-height-default elementor-section-height-default\" data-id=\"005d8e7\" data-element_type=\"section\" data-settings=\"{&quot;background_background&quot;:&quot;classic&quot;}\">\n\t\t\t\t\t\t<div class=\"elementor-container elementor-column-gap-default\">\n\t\t\t\t\t<div class=\"elementor-column elementor-col-100 elementor-top-column elementor-element elementor-element-e44e71d\" data-id=\"e44e71d\" data-element_type=\"column\">\n\t\t\t<div class=\"elementor-widget-wrap elementor-element-populated\">\n\t\t\t\t\t\t<div class=\"elementor-element elementor-element-2107148 elementor-widget elementor-widget-heading\" data-id=\"2107148\" data-element_type=\"widget\" data-widget_type=\"heading.default\">\n\t\t\t\t<div class=\"elementor-widget-container\">\n\t\t\t<h2 class=\"elementor-heading-title elementor-size-default\">31.8.-21.12.2026 -Entwicklungsprojekt Tanz 2026: Performance &amp; High Lifting Lab<\/h2>\t\t<\/div>\n\t\t\t\t<\/div>\n\t\t\t\t\t<\/div>\n\t\t<\/div>\n\t\t\t\t\t<\/div>\n\t\t<\/section>\n\t\t\t\t<section class=\"elementor-section elementor-top-section elementor-element elementor-element-b7ec73a elementor-section-boxed elementor-section-height-default elementor-section-height-default\" data-id=\"b7ec73a\" data-element_type=\"section\" data-settings=\"{&quot;background_background&quot;:&quot;classic&quot;}\">\n\t\t\t\t\t\t<div class=\"elementor-container elementor-column-gap-default\">\n\t\t\t\t\t<div class=\"elementor-column elementor-col-50 elementor-top-column elementor-element elementor-element-1b1aff5\" data-id=\"1b1aff5\" data-element_type=\"column\">\n\t\t\t<div class=\"elementor-widget-wrap elementor-element-populated\">\n\t\t\t\t\t\t<div class=\"elementor-element elementor-element-9d85606 elementor-widget elementor-widget-text-editor\" data-id=\"9d85606\" data-element_type=\"widget\" data-widget_type=\"text-editor.default\">\n\t\t\t\t<div class=\"elementor-widget-container\">\n\t\t\t\t\t\t\t<h3>Kreativit\u00e4t durch Bewegung und Begegnung<\/h3><p>\u201eMove &amp; Create\u201c nutzt Contact Improvisation als zentrales Werkzeug, um kreative Potenziale zu entfalten. Im physischen Dialog mit anderen entstehen neue Bewegungen, Ideen und gemeinsame L\u00f6sungen, die allein nicht m\u00f6glich w\u00e4ren.<\/p><h3>Kursinformationen<\/h3><p><strong>Zeitraum:<\/strong> 31.8.-21.12.2026<br \/><strong>Kurszeit:<\/strong> montags, 18h \u2013 20.15h<br \/><strong>Umfang:<\/strong>\u00a0 33 UE<br \/><strong>Erm\u00e4\u00dfigung:<\/strong> nach Vereinbarung<br \/><strong>Kostenlose Teilnahme:<\/strong> f\u00fcr Menschen mit F\u00f6rderbedarf, beispielsweise Gefl\u00fcchtete<\/p><p><span style=\"color: inherit; font-family: inherit; font-size: 2rem;\">Kurstermine<\/span><\/p><ul data-spread=\"false\"><li>31.8.; 7.9.; (ggf. 21.9. 28.9.); 5.10.; 12.10.; 2.11.; 9.11.; 16.11.; 23.11.; 30.11.; 7.12.; 21.12.,\u00a0<\/li><\/ul><div>\u00a0<\/div><h2>\u00dcber das Entwicklungsprojekt Tanz<\/h2><p>In diesem Halbjahr bietet die Akademie der Kulturen NRW des Kulturgut e. V. erneut ein besonderes Programm im Rahmen des Entwicklungsprojekts Tanz an.<\/p><p>Die offenen Angebote richten sich an neue Zielgruppen in unserem Sozialraum und er\u00f6ffnen ihnen neue Erfahrungsr\u00e4ume. Sie unterst\u00fctzen die Teilnehmenden in ihrer pers\u00f6nlichen und sozialen Entwicklung sowie beispielsweise bei ihrer Integration.<\/p><p>Das Projekt wird durch das Land Nordrhein-Westfalen im Rahmen der Entwicklungsprojekte Weiterbildung gef\u00f6rdert.<\/p><h2>\u00dcber Performance &amp; High Lifting Lab<\/h2><p>Dieses Advanced-Lab ist keine reine Technikklasse, sondern eine Performance-Einladung\u00a0 f\u00fcr erfahrene Contact-T\u00e4nzer:innen. Wir verschmelzen die rohe Physik der Contact Improvisation mit der feinen Anatomie des Body-Mind Centering\u00ae, um deine Bewegungssprache zu erweitern.\u00a0 Das Ziel: Eine Performance-Qualit\u00e4t, die aus tiefer k\u00f6rperlicher Intelligenz, absoluter Leichtigkeit und der Freude am gemeinsamen Flug entsteht.<\/p><p>Wir steigen tief ein \u2013 unter die Haut, in die Faszien, hinein in die Knochenstruktur. Bevor wir heben, lernen wir, den K\u00f6rper als ganzheitliches System zu verstehen.<\/p><p>Das Herzst\u00fcck des Kurses ist das konkrete, technische Arbeiten an Lifts.\u00a0 Doch hier geht es nicht um kraftprotzendes Heben, sondern um strukturelle Intelligenz.<\/p><p>Das im Labor Erarbeitete flie\u00dft direkt in eine k\u00fcnstlerische Praxis. Wir \u00fcbertragen die technischen Skills in improvisierte Scores und kleine Performance-Sequenzen.<\/p><p>Dieser Kurs ist Teil des Entwicklungsprojektes der Akademie der Kulturen NRW<\/p><p>\u00a0<\/p>\t\t\t\t\t\t<\/div>\n\t\t\t\t<\/div>\n\t\t\t\t\t<\/div>\n\t\t<\/div>\n\t\t\t\t<div class=\"elementor-column elementor-col-50 elementor-top-column elementor-element elementor-element-f95ba6f\" data-id=\"f95ba6f\" data-element_type=\"column\">\n\t\t\t<div class=\"elementor-widget-wrap elementor-element-populated\">\n\t\t\t\t\t\t<div class=\"elementor-element elementor-element-c081b34 elementor-widget elementor-widget-image\" data-id=\"c081b34\" data-element_type=\"widget\" data-widget_type=\"image.default\">\n\t\t\t\t<div class=\"elementor-widget-container\">\n\t\t\t\t\t\t\t\t\t\t\t\t\t<img loading=\"lazy\" decoding=\"async\" width=\"768\" height=\"472\" src=\"https:\/\/prokulturgut.net\/akademiederkulturen\/wp-content\/uploads\/sites\/5\/2023\/09\/Gabriele-Koch-Tanz-768x472.png\" class=\"attachment-medium_large size-medium_large wp-image-24179\" alt=\"\" srcset=\"https:\/\/prokulturgut.net\/akademiederkulturen\/wp-content\/uploads\/sites\/5\/2023\/09\/Gabriele-Koch-Tanz-768x472.png 768w, https:\/\/prokulturgut.net\/akademiederkulturen\/wp-content\/uploads\/sites\/5\/2023\/09\/Gabriele-Koch-Tanz-300x184.png 300w, https:\/\/prokulturgut.net\/akademiederkulturen\/wp-content\/uploads\/sites\/5\/2023\/09\/Gabriele-Koch-Tanz-1024x629.png 1024w, https:\/\/prokulturgut.net\/akademiederkulturen\/wp-content\/uploads\/sites\/5\/2023\/09\/Gabriele-Koch-Tanz-1536x944.png 1536w, https:\/\/prokulturgut.net\/akademiederkulturen\/wp-content\/uploads\/sites\/5\/2023\/09\/Gabriele-Koch-Tanz-2048x1259.png 2048w, https:\/\/prokulturgut.net\/akademiederkulturen\/wp-content\/uploads\/sites\/5\/2023\/09\/Gabriele-Koch-Tanz-200x123.png 200w, https:\/\/prokulturgut.net\/akademiederkulturen\/wp-content\/uploads\/sites\/5\/2023\/09\/Gabriele-Koch-Tanz-400x246.png 400w, https:\/\/prokulturgut.net\/akademiederkulturen\/wp-content\/uploads\/sites\/5\/2023\/09\/Gabriele-Koch-Tanz-600x369.png 600w, https:\/\/prokulturgut.net\/akademiederkulturen\/wp-content\/uploads\/sites\/5\/2023\/09\/Gabriele-Koch-Tanz-800x492.png 800w, https:\/\/prokulturgut.net\/akademiederkulturen\/wp-content\/uploads\/sites\/5\/2023\/09\/Gabriele-Koch-Tanz-1200x738.png 1200w\" sizes=\"(max-width: 768px) 100vw, 768px\" \/>\t\t\t\t\t\t\t\t\t\t\t\t\t<\/div>\n\t\t\t\t<\/div>\n\t\t\t\t<div class=\"elementor-element elementor-element-6a8858a elementor-widget elementor-widget-spacer\" data-id=\"6a8858a\" data-element_type=\"widget\" data-widget_type=\"spacer.default\">\n\t\t\t\t<div class=\"elementor-widget-container\">\n\t\t\t\t\t<div class=\"elementor-spacer\">\n\t\t\t<div class=\"elementor-spacer-inner\"><\/div>\n\t\t<\/div>\n\t\t\t\t<\/div>\n\t\t\t\t<\/div>\n\t\t\t\t<div class=\"elementor-element elementor-element-709ddfb elementor-icon-list--layout-traditional elementor-list-item-link-full_width elementor-widget elementor-widget-icon-list\" data-id=\"709ddfb\" data-element_type=\"widget\" data-widget_type=\"icon-list.default\">\n\t\t\t\t<div class=\"elementor-widget-container\">\n\t\t\t\t\t<ul class=\"elementor-icon-list-items\">\n\t\t\t\t\t\t\t<li class=\"elementor-icon-list-item\">\n\t\t\t\t\t\t\t\t\t\t\t<span class=\"elementor-icon-list-icon\">\n\t\t\t\t\t\t\t<i aria-hidden=\"true\" class=\"fas fa-user-edit\"><\/i>\t\t\t\t\t\t<\/span>\n\t\t\t\t\t\t\t\t\t\t<span class=\"elementor-icon-list-text\">DOZENTIN: Gabriele Koch<\/span>\n\t\t\t\t\t\t\t\t\t<\/li>\n\t\t\t\t\t\t\t\t<li class=\"elementor-icon-list-item\">\n\t\t\t\t\t\t\t\t\t\t\t<span class=\"elementor-icon-list-icon\">\n\t\t\t\t\t\t\t<i aria-hidden=\"true\" class=\"fas fa-home\"><\/i>\t\t\t\t\t\t<\/span>\n\t\t\t\t\t\t\t\t\t\t<span class=\"elementor-icon-list-text\">WO: Resonanzraum Wuppertal, Brunnenstra\u00dfe 24, 42105 Wuppertal<\/span>\n\t\t\t\t\t\t\t\t\t<\/li>\n\t\t\t\t\t\t\t\t<li class=\"elementor-icon-list-item\">\n\t\t\t\t\t\t\t\t\t\t\t<span class=\"elementor-icon-list-icon\">\n\t\t\t\t\t\t\t<i aria-hidden=\"true\" class=\"fas fa-donate\"><\/i>\t\t\t\t\t\t<\/span>\n\t\t\t\t\t\t\t\t\t\t<span class=\"elementor-icon-list-text\"> TEILNAHMEGEB\u00dcHR: 65 \u20ac monatlich<\/span>\n\t\t\t\t\t\t\t\t\t<\/li>\n\t\t\t\t\t\t\t\t<li class=\"elementor-icon-list-item\">\n\t\t\t\t\t\t\t\t\t\t\t<span class=\"elementor-icon-list-icon\">\n\t\t\t\t\t\t\t<i aria-hidden=\"true\" class=\"fas fa-user-alt\"><\/i>\t\t\t\t\t\t<\/span>\n\t\t\t\t\t\t\t\t\t\t<span class=\"elementor-icon-list-text\">VERANSTALTER: Akademie der Kulturen NRW<\/span>\n\t\t\t\t\t\t\t\t\t<\/li>\n\t\t\t\t\t\t\t\t<li class=\"elementor-icon-list-item\">\n\t\t\t\t\t\t\t\t\t\t\t<span class=\"elementor-icon-list-icon\">\n\t\t\t\t\t\t\t<i aria-hidden=\"true\" class=\"fas fa-id-badge\"><\/i>\t\t\t\t\t\t<\/span>\n\t\t\t\t\t\t\t\t\t\t<span class=\"elementor-icon-list-text\">Seminar \/ Ausbildung \/ Bildungsurlaub Nr.:  ARW_17040<\/span>\n\t\t\t\t\t\t\t\t\t<\/li>\n\t\t\t\t\t\t\t\t<li class=\"elementor-icon-list-item\">\n\t\t\t\t\t\t\t\t\t\t\t<span class=\"elementor-icon-list-icon\">\n\t\t\t\t\t\t\t<i aria-hidden=\"true\" class=\"fas fa-phone-square-alt\"><\/i>\t\t\t\t\t\t<\/span>\n\t\t\t\t\t\t\t\t\t\t<span class=\"elementor-icon-list-text\">ANMELDUNG UND INFO: 0160-5258336<\/span>\n\t\t\t\t\t\t\t\t\t<\/li>\n\t\t\t\t\t\t<\/ul>\n\t\t\t\t<\/div>\n\t\t\t\t<\/div>\n\t\t\t\t<div class=\"elementor-element elementor-element-0ace402 elementor-widget elementor-widget-spacer\" data-id=\"0ace402\" data-element_type=\"widget\" data-widget_type=\"spacer.default\">\n\t\t\t\t<div class=\"elementor-widget-container\">\n\t\t\t\t\t<div class=\"elementor-spacer\">\n\t\t\t<div class=\"elementor-spacer-inner\"><\/div>\n\t\t<\/div>\n\t\t\t\t<\/div>\n\t\t\t\t<\/div>\n\t\t\t\t<div class=\"elementor-element elementor-element-68ce2e2 elementor-widget elementor-widget-text-editor\" data-id=\"68ce2e2\" data-element_type=\"widget\" data-widget_type=\"text-editor.default\">\n\t\t\t\t<div class=\"elementor-widget-container\">\n\t\t\t\t\t\t\t<h2 data-start=\"2490\" data-end=\"2520\">Gabriele Koch<\/h2><p data-start=\"2521\" data-end=\"2884\">Gabriele Koch ist T\u00e4nzerin, Choreografin und P\u00e4dagogin mit Herz und Seele. Seit ihrer Kindheit ist Bewegung ihre Ausdrucksform. \u00dcber Wege wie Ballett und Kunstturnen sowie verschiedene Formen des modernen und Ausdruckstanzes fand sie zum zeitgen\u00f6ssischen Tanz, zur Improvisation und zur Contact Improvisation \u2013 f\u00fcr sie Ausdruck von Vielfalt und <strong data-start=\"2866\" data-end=\"2883\">Authentizit\u00e4t<\/strong>.<\/p><ul data-start=\"2886\" data-end=\"3575\" data-is-last-node=\"\" data-is-only-node=\"\"><li data-start=\"2886\" data-end=\"2934\"><p data-start=\"2888\" data-end=\"2934\">Ausbildung zur <strong data-start=\"2903\" data-end=\"2932\">Diplom-Bewegungsp\u00e4dagogin<\/strong><\/p><\/li><li data-start=\"2935\" data-end=\"3029\"><p data-start=\"2937\" data-end=\"3029\">Im Unterricht stehen <strong data-start=\"2958\" data-end=\"2985\">pers\u00f6nliche Entwicklung<\/strong> und <strong data-start=\"2990\" data-end=\"3012\">Freude an Bewegung<\/strong> im Vordergrund<\/p><\/li><li data-start=\"3030\" data-end=\"3159\"><p data-start=\"3032\" data-end=\"3159\">Seit 2000 aktiv in der Tanzszene im Ruhrgebiet (u. a. Bochum, Wuppertal, D\u00fcsseldorf) mit Contact Jams und regelm\u00e4\u00dfigen Kursen<\/p><\/li><li data-start=\"3160\" data-end=\"3217\"><p data-start=\"3162\" data-end=\"3217\">\u00dcberregional, deutschlandweit und international t\u00e4tig<\/p><\/li><li data-start=\"3218\" data-end=\"3320\"><p data-start=\"3220\" data-end=\"3320\">Zahlreiche Tanzst\u00fccke, oft an besonderen Orten (Industriegel\u00e4nde, Lost Places, Steinbr\u00fcche, Natur)<\/p><\/li><li data-start=\"3321\" data-end=\"3455\"><p data-start=\"3323\" data-end=\"3455\">Verbindet in ihren Arbeiten und ihrer t\u00e4nzerischen Forschung weitere Bewegungsformen (z. B. Klettern, Aerial Dance, Tango, Qigong)<\/p><\/li><li data-start=\"3456\" data-end=\"3575\" data-is-last-node=\"\"><p data-start=\"3458\" data-end=\"3575\" data-is-last-node=\"\">Aktuell in Ausbildung zum <strong data-start=\"3484\" data-end=\"3517\">SME Somatic Movement Educator<\/strong>, um Wissen \u00fcber Embodiment zu vertiefen und weiterzugeben<\/p><\/li><\/ul>\t\t\t\t\t\t<\/div>\n\t\t\t\t<\/div>\n\t\t\t\t<div class=\"elementor-element elementor-element-82051bc elementor-widget elementor-widget-spacer\" data-id=\"82051bc\" data-element_type=\"widget\" data-widget_type=\"spacer.default\">\n\t\t\t\t<div class=\"elementor-widget-container\">\n\t\t\t\t\t<div class=\"elementor-spacer\">\n\t\t\t<div class=\"elementor-spacer-inner\"><\/div>\n\t\t<\/div>\n\t\t\t\t<\/div>\n\t\t\t\t<\/div>\n\t\t\t\t\t<\/div>\n\t\t<\/div>\n\t\t\t\t\t<\/div>\n\t\t<\/section>\n\t\t\t\t<section class=\"elementor-section elementor-top-section elementor-element elementor-element-9fb314d elementor-section-boxed elementor-section-height-default elementor-section-height-default\" data-id=\"9fb314d\" data-element_type=\"section\" data-settings=\"{&quot;background_background&quot;:&quot;classic&quot;}\">\n\t\t\t\t\t\t<div class=\"elementor-container elementor-column-gap-default\">\n\t\t\t\t\t<div class=\"elementor-column elementor-col-100 elementor-top-column elementor-element elementor-element-cf8d304\" data-id=\"cf8d304\" data-element_type=\"column\">\n\t\t\t<div class=\"elementor-widget-wrap elementor-element-populated\">\n\t\t\t\t\t\t<div class=\"elementor-element elementor-element-fa9c6b5 elementor-widget elementor-widget-heading\" data-id=\"fa9c6b5\" data-element_type=\"widget\" data-widget_type=\"heading.default\">\n\t\t\t\t<div class=\"elementor-widget-container\">\n\t\t\t<h2 class=\"elementor-heading-title elementor-size-default\">03.09.\u201317.12.2026 - Entwicklungsprojekt Tanz 2026: MOVE & CREATE<\/h2>\t\t<\/div>\n\t\t\t\t<\/div>\n\t\t\t\t\t<\/div>\n\t\t<\/div>\n\t\t\t\t\t<\/div>\n\t\t<\/section>\n\t\t\t\t<section class=\"elementor-section elementor-top-section elementor-element elementor-element-188dc69 elementor-section-boxed elementor-section-height-default elementor-section-height-default\" data-id=\"188dc69\" data-element_type=\"section\" data-settings=\"{&quot;background_background&quot;:&quot;classic&quot;}\">\n\t\t\t\t\t\t<div class=\"elementor-container elementor-column-gap-default\">\n\t\t\t\t\t<div class=\"elementor-column elementor-col-50 elementor-top-column elementor-element elementor-element-17c48ba\" data-id=\"17c48ba\" data-element_type=\"column\">\n\t\t\t<div class=\"elementor-widget-wrap elementor-element-populated\">\n\t\t\t\t\t\t<div class=\"elementor-element elementor-element-d112241 elementor-widget elementor-widget-text-editor\" data-id=\"d112241\" data-element_type=\"widget\" data-widget_type=\"text-editor.default\">\n\t\t\t\t<div class=\"elementor-widget-container\">\n\t\t\t\t\t\t\t<h3>Kreativit\u00e4t durch Bewegung und Begegnung<\/h3><p>\u201eMove &amp; Create\u201c nutzt Contact Improvisation als zentrales Werkzeug, um kreative Potenziale zu entfalten. Im physischen Dialog mit anderen entstehen neue Bewegungen, Ideen und gemeinsame L\u00f6sungen, die allein nicht m\u00f6glich w\u00e4ren.<\/p><h3>Kursinformationen<\/h3><p class=\"isSelectedEnd\"><strong>Zeitraum:<\/strong> 03.09.\u201317.12.2026<br \/><strong>Kurszeit:<\/strong> donnerstags, 20:00\u201321:45 Uhr<br \/><strong>Umfang:<\/strong> 11 Termine \u00e0 2 Unterrichtseinheiten, insgesamt 22 UE<br \/><strong>Erm\u00e4\u00dfigung:<\/strong> nach Vereinbarung<br \/><strong>Kostenlose Teilnahme:<\/strong> f\u00fcr Menschen mit F\u00f6rderbedarf, beispielsweise Gefl\u00fcchtete<\/p><p class=\"isSelectedEnd\"><span style=\"color: inherit; font-family: inherit; font-size: 2rem;\">Kurstermine<\/span><\/p><ul data-spread=\"false\"><li>03.09.2026<\/li><li>10.09.2026<\/li><li>08.10.2026<\/li><li>15.10.2026<\/li><li>05.11.2026<\/li><li>12.11.2026<\/li><li>19.11.2026<\/li><li>26.11.2026<\/li><li>03.12.2026<\/li><li>10.12.2026<\/li><li>17.12.2026<\/li><\/ul><div>\u00a0<\/div><p class=\"isSelectedEnd\"><strong>M\u00f6gliche Termine unter Vorbehalt:<\/strong> 24.09. und 01.10.2026<\/p><h2>\u00dcber das Entwicklungsprojekt Tanz<\/h2><p class=\"isSelectedEnd\">In diesem Halbjahr bietet die Akademie der Kulturen NRW des Kulturgut e. V. erneut ein besonderes Programm im Rahmen des Entwicklungsprojekts Tanz an.<\/p><p class=\"isSelectedEnd\">Die offenen Angebote richten sich an neue Zielgruppen in unserem Sozialraum und er\u00f6ffnen ihnen neue Erfahrungsr\u00e4ume. Sie unterst\u00fctzen die Teilnehmenden in ihrer pers\u00f6nlichen und sozialen Entwicklung sowie beispielsweise bei ihrer Integration.<\/p><p class=\"isSelectedEnd\">Das Projekt wird durch das Land Nordrhein-Westfalen im Rahmen der Entwicklungsprojekte Weiterbildung gef\u00f6rdert.<\/p><h2>\u00dcber MOVE &amp; CREATE<\/h2><p class=\"isSelectedEnd\">Das neue Angebot \u201eMove &amp; Create\u201c nutzt Contact Improvisation als zentrales Werkzeug, um kreative Potenziale zu entfalten.<\/p><p class=\"isSelectedEnd\">Im Mittelpunkt steht die Erkenntnis, dass Kreativit\u00e4t im Dialog entsteht \u2013 im k\u00f6rperlichen Austausch von Gewicht, Impuls und Vertrauen. Anders als beim solistischen Experimentieren fordert Contact Improvisation die Teilnehmenden dazu auf, ihre Bewegungsideen in Echtzeit auf ein Gegen\u00fcber zu beziehen.<\/p><p class=\"isSelectedEnd\">Auf diese Weise entstehen gemeinsam neue L\u00f6sungen und Bewegungsformen, die eine einzelne Person allein nicht h\u00e4tte entwickeln k\u00f6nnen.<\/p><p class=\"isSelectedEnd\">Das Ziel ist nicht allein das Erlernen festgelegter Techniken, sondern vor allem die Schulung der kreativen Reaktionsf\u00e4higkeit. Durch den kontinuierlichen Kontaktfluss lernen die Teilnehmenden, Impulse unmittelbar aufzugreifen, zu transformieren und in neue Bewegungsformen zu \u00fcbersetzen.<\/p><p class=\"isSelectedEnd\">Dieser Prozess f\u00f6rdert sowohl die Originalit\u00e4t durch unerwartete Reaktionen als auch die Flexibilit\u00e4t durch die fortlaufende Anpassung an die Schwerkraft und das Gegen\u00fcber. Beide F\u00e4higkeiten sind wichtige Bestandteile kreativer Kompetenz und entstehen unmittelbar aus der k\u00f6rperlichen Interaktion.<\/p><h2>Schwerpunkte<\/h2><ul data-spread=\"false\"><li>Contact Improvisation als kreatives Werkzeug<\/li><li>k\u00f6rperlicher Dialog durch Gewicht, Impuls und Vertrauen<\/li><li>spontane Reaktion auf Bewegungsimpulse<\/li><li>Entwicklung gemeinsamer Bewegungsideen<\/li><li>F\u00f6rderung von Originalit\u00e4t und Flexibilit\u00e4t<\/li><li>bewusster Umgang mit Schwerkraft und Kontakt<\/li><li>Erweiterung der individuellen Ausdrucksm\u00f6glichkeiten<\/li><li>gemeinsames Experimentieren und Gestalten<\/li><\/ul><div>\u00a0<\/div><p class=\"isSelectedEnd\">Dieser Kurs ist Teil des Entwicklungsprojekts Tanz der Akademie der Kulturen NRW.<\/p><p>\u00a0<\/p>\t\t\t\t\t\t<\/div>\n\t\t\t\t<\/div>\n\t\t\t\t\t<\/div>\n\t\t<\/div>\n\t\t\t\t<div class=\"elementor-column elementor-col-50 elementor-top-column elementor-element elementor-element-e1ad30a\" data-id=\"e1ad30a\" data-element_type=\"column\">\n\t\t\t<div class=\"elementor-widget-wrap elementor-element-populated\">\n\t\t\t\t\t\t<div class=\"elementor-element elementor-element-4624c45 elementor-widget elementor-widget-image\" data-id=\"4624c45\" data-element_type=\"widget\" data-widget_type=\"image.default\">\n\t\t\t\t<div class=\"elementor-widget-container\">\n\t\t\t\t\t\t\t\t\t\t\t\t\t<img loading=\"lazy\" decoding=\"async\" width=\"768\" height=\"472\" src=\"https:\/\/prokulturgut.net\/akademiederkulturen\/wp-content\/uploads\/sites\/5\/2023\/09\/Gabriele-Koch-Tanz-768x472.png\" class=\"attachment-medium_large size-medium_large wp-image-24179\" alt=\"\" srcset=\"https:\/\/prokulturgut.net\/akademiederkulturen\/wp-content\/uploads\/sites\/5\/2023\/09\/Gabriele-Koch-Tanz-768x472.png 768w, https:\/\/prokulturgut.net\/akademiederkulturen\/wp-content\/uploads\/sites\/5\/2023\/09\/Gabriele-Koch-Tanz-300x184.png 300w, https:\/\/prokulturgut.net\/akademiederkulturen\/wp-content\/uploads\/sites\/5\/2023\/09\/Gabriele-Koch-Tanz-1024x629.png 1024w, https:\/\/prokulturgut.net\/akademiederkulturen\/wp-content\/uploads\/sites\/5\/2023\/09\/Gabriele-Koch-Tanz-1536x944.png 1536w, https:\/\/prokulturgut.net\/akademiederkulturen\/wp-content\/uploads\/sites\/5\/2023\/09\/Gabriele-Koch-Tanz-2048x1259.png 2048w, https:\/\/prokulturgut.net\/akademiederkulturen\/wp-content\/uploads\/sites\/5\/2023\/09\/Gabriele-Koch-Tanz-200x123.png 200w, https:\/\/prokulturgut.net\/akademiederkulturen\/wp-content\/uploads\/sites\/5\/2023\/09\/Gabriele-Koch-Tanz-400x246.png 400w, https:\/\/prokulturgut.net\/akademiederkulturen\/wp-content\/uploads\/sites\/5\/2023\/09\/Gabriele-Koch-Tanz-600x369.png 600w, https:\/\/prokulturgut.net\/akademiederkulturen\/wp-content\/uploads\/sites\/5\/2023\/09\/Gabriele-Koch-Tanz-800x492.png 800w, https:\/\/prokulturgut.net\/akademiederkulturen\/wp-content\/uploads\/sites\/5\/2023\/09\/Gabriele-Koch-Tanz-1200x738.png 1200w\" sizes=\"(max-width: 768px) 100vw, 768px\" \/>\t\t\t\t\t\t\t\t\t\t\t\t\t<\/div>\n\t\t\t\t<\/div>\n\t\t\t\t<div class=\"elementor-element elementor-element-180c824 elementor-widget elementor-widget-spacer\" data-id=\"180c824\" data-element_type=\"widget\" data-widget_type=\"spacer.default\">\n\t\t\t\t<div class=\"elementor-widget-container\">\n\t\t\t\t\t<div class=\"elementor-spacer\">\n\t\t\t<div class=\"elementor-spacer-inner\"><\/div>\n\t\t<\/div>\n\t\t\t\t<\/div>\n\t\t\t\t<\/div>\n\t\t\t\t<div class=\"elementor-element elementor-element-b6841e5 elementor-icon-list--layout-traditional elementor-list-item-link-full_width elementor-widget elementor-widget-icon-list\" data-id=\"b6841e5\" data-element_type=\"widget\" data-widget_type=\"icon-list.default\">\n\t\t\t\t<div class=\"elementor-widget-container\">\n\t\t\t\t\t<ul class=\"elementor-icon-list-items\">\n\t\t\t\t\t\t\t<li class=\"elementor-icon-list-item\">\n\t\t\t\t\t\t\t\t\t\t\t<span class=\"elementor-icon-list-icon\">\n\t\t\t\t\t\t\t<i aria-hidden=\"true\" class=\"fas fa-user-edit\"><\/i>\t\t\t\t\t\t<\/span>\n\t\t\t\t\t\t\t\t\t\t<span class=\"elementor-icon-list-text\">DOZENTIN: Gabriele Koch<\/span>\n\t\t\t\t\t\t\t\t\t<\/li>\n\t\t\t\t\t\t\t\t<li class=\"elementor-icon-list-item\">\n\t\t\t\t\t\t\t\t\t\t\t<span class=\"elementor-icon-list-icon\">\n\t\t\t\t\t\t\t<i aria-hidden=\"true\" class=\"fas fa-home\"><\/i>\t\t\t\t\t\t<\/span>\n\t\t\t\t\t\t\t\t\t\t<span class=\"elementor-icon-list-text\">WO: Resonanzraum Wuppertal, Brunnenstra\u00dfe 24, 42105 Wuppertal<\/span>\n\t\t\t\t\t\t\t\t\t<\/li>\n\t\t\t\t\t\t\t\t<li class=\"elementor-icon-list-item\">\n\t\t\t\t\t\t\t\t\t\t\t<span class=\"elementor-icon-list-icon\">\n\t\t\t\t\t\t\t<i aria-hidden=\"true\" class=\"fas fa-donate\"><\/i>\t\t\t\t\t\t<\/span>\n\t\t\t\t\t\t\t\t\t\t<span class=\"elementor-icon-list-text\"> TEILNAHMEGEB\u00dcHR: 65 \u20ac monatlich<\/span>\n\t\t\t\t\t\t\t\t\t<\/li>\n\t\t\t\t\t\t\t\t<li class=\"elementor-icon-list-item\">\n\t\t\t\t\t\t\t\t\t\t\t<span class=\"elementor-icon-list-icon\">\n\t\t\t\t\t\t\t<i aria-hidden=\"true\" class=\"fas fa-user-alt\"><\/i>\t\t\t\t\t\t<\/span>\n\t\t\t\t\t\t\t\t\t\t<span class=\"elementor-icon-list-text\">VERANSTALTER: Akademie der Kulturen NRW<\/span>\n\t\t\t\t\t\t\t\t\t<\/li>\n\t\t\t\t\t\t\t\t<li class=\"elementor-icon-list-item\">\n\t\t\t\t\t\t\t\t\t\t\t<span class=\"elementor-icon-list-icon\">\n\t\t\t\t\t\t\t<i aria-hidden=\"true\" class=\"fas fa-id-badge\"><\/i>\t\t\t\t\t\t<\/span>\n\t\t\t\t\t\t\t\t\t\t<span class=\"elementor-icon-list-text\">Seminar \/ Ausbildung \/ Bildungsurlaub Nr.:  ARW_17041<\/span>\n\t\t\t\t\t\t\t\t\t<\/li>\n\t\t\t\t\t\t\t\t<li class=\"elementor-icon-list-item\">\n\t\t\t\t\t\t\t\t\t\t\t<span class=\"elementor-icon-list-icon\">\n\t\t\t\t\t\t\t<i aria-hidden=\"true\" class=\"fas fa-phone-square-alt\"><\/i>\t\t\t\t\t\t<\/span>\n\t\t\t\t\t\t\t\t\t\t<span class=\"elementor-icon-list-text\">ANMELDUNG UND INFO: 0160-5258336<\/span>\n\t\t\t\t\t\t\t\t\t<\/li>\n\t\t\t\t\t\t<\/ul>\n\t\t\t\t<\/div>\n\t\t\t\t<\/div>\n\t\t\t\t<div class=\"elementor-element elementor-element-39e2784 elementor-widget elementor-widget-spacer\" data-id=\"39e2784\" data-element_type=\"widget\" data-widget_type=\"spacer.default\">\n\t\t\t\t<div class=\"elementor-widget-container\">\n\t\t\t\t\t<div class=\"elementor-spacer\">\n\t\t\t<div class=\"elementor-spacer-inner\"><\/div>\n\t\t<\/div>\n\t\t\t\t<\/div>\n\t\t\t\t<\/div>\n\t\t\t\t<div class=\"elementor-element elementor-element-d3bfca4 elementor-widget elementor-widget-text-editor\" data-id=\"d3bfca4\" data-element_type=\"widget\" data-widget_type=\"text-editor.default\">\n\t\t\t\t<div class=\"elementor-widget-container\">\n\t\t\t\t\t\t\t<h2 data-start=\"2490\" data-end=\"2520\">Gabriele Koch<\/h2><p data-start=\"2521\" data-end=\"2884\">Gabriele Koch ist T\u00e4nzerin, Choreografin und P\u00e4dagogin mit Herz und Seele. Seit ihrer Kindheit ist Bewegung ihre Ausdrucksform. \u00dcber Wege wie Ballett und Kunstturnen sowie verschiedene Formen des modernen und Ausdruckstanzes fand sie zum zeitgen\u00f6ssischen Tanz, zur Improvisation und zur Contact Improvisation \u2013 f\u00fcr sie Ausdruck von Vielfalt und <strong data-start=\"2866\" data-end=\"2883\">Authentizit\u00e4t<\/strong>.<\/p><ul data-start=\"2886\" data-end=\"3575\" data-is-last-node=\"\" data-is-only-node=\"\"><li data-start=\"2886\" data-end=\"2934\"><p data-start=\"2888\" data-end=\"2934\">Ausbildung zur <strong data-start=\"2903\" data-end=\"2932\">Diplom-Bewegungsp\u00e4dagogin<\/strong><\/p><\/li><li data-start=\"2935\" data-end=\"3029\"><p data-start=\"2937\" data-end=\"3029\">Im Unterricht stehen <strong data-start=\"2958\" data-end=\"2985\">pers\u00f6nliche Entwicklung<\/strong> und <strong data-start=\"2990\" data-end=\"3012\">Freude an Bewegung<\/strong> im Vordergrund<\/p><\/li><li data-start=\"3030\" data-end=\"3159\"><p data-start=\"3032\" data-end=\"3159\">Seit 2000 aktiv in der Tanzszene im Ruhrgebiet (u. a. Bochum, Wuppertal, D\u00fcsseldorf) mit Contact Jams und regelm\u00e4\u00dfigen Kursen<\/p><\/li><li data-start=\"3160\" data-end=\"3217\"><p data-start=\"3162\" data-end=\"3217\">\u00dcberregional, deutschlandweit und international t\u00e4tig<\/p><\/li><li data-start=\"3218\" data-end=\"3320\"><p data-start=\"3220\" data-end=\"3320\">Zahlreiche Tanzst\u00fccke, oft an besonderen Orten (Industriegel\u00e4nde, Lost Places, Steinbr\u00fcche, Natur)<\/p><\/li><li data-start=\"3321\" data-end=\"3455\"><p data-start=\"3323\" data-end=\"3455\">Verbindet in ihren Arbeiten und ihrer t\u00e4nzerischen Forschung weitere Bewegungsformen (z. B. Klettern, Aerial Dance, Tango, Qigong)<\/p><\/li><li data-start=\"3456\" data-end=\"3575\" data-is-last-node=\"\"><p data-start=\"3458\" data-end=\"3575\" data-is-last-node=\"\">Aktuell in Ausbildung zum <strong data-start=\"3484\" data-end=\"3517\">SME Somatic Movement Educator<\/strong>, um Wissen \u00fcber Embodiment zu vertiefen und weiterzugeben<\/p><\/li><\/ul>\t\t\t\t\t\t<\/div>\n\t\t\t\t<\/div>\n\t\t\t\t<div class=\"elementor-element elementor-element-bafb26e elementor-widget elementor-widget-spacer\" data-id=\"bafb26e\" data-element_type=\"widget\" data-widget_type=\"spacer.default\">\n\t\t\t\t<div class=\"elementor-widget-container\">\n\t\t\t\t\t<div class=\"elementor-spacer\">\n\t\t\t<div class=\"elementor-spacer-inner\"><\/div>\n\t\t<\/div>\n\t\t\t\t<\/div>\n\t\t\t\t<\/div>\n\t\t\t\t\t<\/div>\n\t\t<\/div>\n\t\t\t\t\t<\/div>\n\t\t<\/section>\n\t\t\t\t<section class=\"elementor-section elementor-top-section elementor-element elementor-element-c97abcf elementor-section-boxed elementor-section-height-default elementor-section-height-default\" data-id=\"c97abcf\" data-element_type=\"section\" data-settings=\"{&quot;background_background&quot;:&quot;classic&quot;}\">\n\t\t\t\t\t\t<div class=\"elementor-container elementor-column-gap-default\">\n\t\t\t\t\t<div class=\"elementor-column elementor-col-100 elementor-top-column elementor-element elementor-element-bde4955\" data-id=\"bde4955\" data-element_type=\"column\">\n\t\t\t<div class=\"elementor-widget-wrap elementor-element-populated\">\n\t\t\t\t\t\t<div class=\"elementor-element elementor-element-7bfc532 elementor-widget elementor-widget-heading\" data-id=\"7bfc532\" data-element_type=\"widget\" data-widget_type=\"heading.default\">\n\t\t\t\t<div class=\"elementor-widget-container\">\n\t\t\t<h2 class=\"elementor-heading-title elementor-size-default\">08.01. \u2013 16.07.26 \u2013 Entwicklungsprojekt | Tanz Contact Improvisation \u2013 listen \u2013 sense \u2013 act\n<\/h2>\t\t<\/div>\n\t\t\t\t<\/div>\n\t\t\t\t\t<\/div>\n\t\t<\/div>\n\t\t\t\t\t<\/div>\n\t\t<\/section>\n\t\t\t\t<section class=\"elementor-section elementor-top-section elementor-element elementor-element-7acd07e elementor-section-boxed elementor-section-height-default elementor-section-height-default\" data-id=\"7acd07e\" data-element_type=\"section\" data-settings=\"{&quot;background_background&quot;:&quot;classic&quot;}\">\n\t\t\t\t\t\t<div class=\"elementor-container elementor-column-gap-default\">\n\t\t\t\t\t<div class=\"elementor-column elementor-col-50 elementor-top-column elementor-element elementor-element-96ec5b8\" data-id=\"96ec5b8\" data-element_type=\"column\">\n\t\t\t<div class=\"elementor-widget-wrap elementor-element-populated\">\n\t\t\t\t\t\t<div class=\"elementor-element elementor-element-0c71242 elementor-widget elementor-widget-text-editor\" data-id=\"0c71242\" data-element_type=\"widget\" data-widget_type=\"text-editor.default\">\n\t\t\t\t<div class=\"elementor-widget-container\">\n\t\t\t\t\t\t\t<p data-start=\"123\" data-end=\"654\"><strong data-start=\"123\" data-end=\"136\">Zeitraum:<\/strong> 08.01.2026 \u2013 16.07.2026<\/p><p data-start=\"123\" data-end=\"654\"><strong style=\"font-size: 1rem;\" data-start=\"163\" data-end=\"175\">Uhrzeit:<\/strong><span style=\"font-size: 1rem;\"> 20:00 \u2013 21:45 Uhr (Praxisraum bis 22:15 Uhr)<\/span><\/p><p data-start=\"123\" data-end=\"654\"><strong data-start=\"223\" data-end=\"234\">Umfang:<\/strong> 19 Termine \u00b7 <strong data-start=\"248\" data-end=\"257\">57 UE<\/strong> (3 UE pro Termin)<\/p><p data-start=\"123\" data-end=\"654\"><strong data-start=\"541\" data-end=\"566\">Kostenlose Teilnahme:<\/strong> f\u00fcr Menschen mit F\u00f6rderbedarf, z. B. Gefl\u00fcchtete<\/p><hr data-start=\"656\" data-end=\"659\" \/><h3 data-start=\"661\" data-end=\"706\">\u00a0<\/h3><h3 data-start=\"661\" data-end=\"706\">Im Rahmen des Entwicklungsprojekts Tanz<\/h3><p data-start=\"707\" data-end=\"1030\">In diesem Halbjahr bieten wir wieder ein Sonderprogramm der Akademie der Kulturen NRW (Kulturgut e.V.) an.<br data-start=\"813\" data-end=\"816\" \/>Das sind offene Angebote, die neue Zielgruppen in unserem Sozialraum ansprechen. Sie erm\u00f6glichen neue Erfahrungen und k\u00f6nnen die pers\u00f6nliche und soziale Entwicklung unterst\u00fctzen \u2013 zum Beispiel auch die Integration.<\/p><div class=\"page\" title=\"Page 1\"><div class=\"layoutArea\"><div class=\"column\"><p>Erfahrungsorientierte kulturelle Bildung: nonverbal, improvisationsbasiert, im gemeinsamen Gruppenprozess.<\/p><\/div><\/div><\/div><p data-start=\"1032\" data-end=\"1114\"><strong data-start=\"1032\" data-end=\"1114\">Gef\u00f6rdert durch das Land NRW im Rahmen der Entwicklungsprojekte Weiterbildung.<\/strong><\/p><h2 data-start=\"1121\" data-end=\"1142\">\u00a0<\/h2><h2 data-start=\"1121\" data-end=\"1142\">Kursbeschreibung<\/h2><p data-start=\"1143\" data-end=\"1320\"><strong data-start=\"1143\" data-end=\"1191\">Contact Improvisation \u2013 listen \u2013 sense \u2013 act<\/strong> l\u00e4dt Neulinge und erfahrene T\u00e4nzer*innen ein, in einen <strong data-start=\"1247\" data-end=\"1269\">nonverbalen Dialog<\/strong> zu gehen und den K\u00f6rper spielerisch zu erforschen.<\/p><p data-start=\"1143\" data-end=\"1320\">Diese Open Class er\u00f6ffnet einen erfahrungsorientierten Zugang zur kulturellen Bildung: Lernen \u00fcber K\u00f6rper, Wahrnehmung und direkten Kontakt \u2013 nonverbal, improvisationsbasiert und im gemeinsamen Gruppenprozess. Neulinge wie auch erfahrene T\u00e4nzer*innen sind willkommen.<\/p><p data-start=\"1322\" data-end=\"1347\">Wir arbeiten u. a. mit:<\/p><ul data-start=\"1348\" data-end=\"1519\"><li data-start=\"1348\" data-end=\"1394\"><p data-start=\"1350\" data-end=\"1394\"><strong data-start=\"1350\" data-end=\"1368\">Gewicht teilen<\/strong> und gemeinsamem Flie\u00dfen<\/p><\/li><li data-start=\"1395\" data-end=\"1437\"><p data-start=\"1397\" data-end=\"1437\"><strong data-start=\"1397\" data-end=\"1416\">Durchl\u00e4ssigkeit<\/strong> und <strong data-start=\"1421\" data-end=\"1435\">Stabilit\u00e4t<\/strong><\/p><\/li><li data-start=\"1438\" data-end=\"1519\"><p data-start=\"1440\" data-end=\"1519\">unterschiedlichen <strong data-start=\"1458\" data-end=\"1472\">Qualit\u00e4ten<\/strong> von Bewegung (weich, klar, dynamisch, ruhig \u2026)<\/p><\/li><\/ul><p data-start=\"1521\" data-end=\"1770\">Du lernst deinen K\u00f6rper besser kennen und bemerkst, wie du auf Impulse reagierst. Du verfeinerst deine Wahrnehmung und vertiefst deine K\u00f6rpererfahrung \u2013 mit dem Ziel, dich <strong data-start=\"1693\" data-end=\"1727\">leichter, freier und bewusster<\/strong> mit dir selbst und mit anderen zu bewegen.<\/p><h3 data-start=\"1772\" data-end=\"1811\">Schwerpunkt dieses Kursabschnitts<\/h3><p data-start=\"1812\" data-end=\"1949\">Dieser Abschnitt besch\u00e4ftigt sich besonders mit der Frage:<br data-start=\"1870\" data-end=\"1873\" \/><strong data-start=\"1873\" data-end=\"1949\">Wie viel h\u00f6re ich (mit dem K\u00f6rper) zu \u2013 und wie viel gehe ich in Aktion?<\/strong><\/p><p data-start=\"1951\" data-end=\"2194\">Wir suchen ein gesundes, ausbalanciertes Spektrum zwischen <strong data-start=\"2010\" data-end=\"2024\">Wahrnehmen<\/strong> und <strong data-start=\"2029\" data-end=\"2040\">Handeln<\/strong>. Diese Balance \u00f6ffnet R\u00e4ume f\u00fcr ein innovatives und kreatives Miteinander \u2013 und unterst\u00fctzt Wachstum, nicht nur in der Bewegung, sondern auch pers\u00f6nlich.<\/p><h2 data-start=\"2201\" data-end=\"2216\">\u00a0<\/h2><h2 data-start=\"2201\" data-end=\"2216\">Kurszeiten<\/h2><p data-start=\"2217\" data-end=\"2288\"><strong data-start=\"2217\" data-end=\"2228\">Klasse:<\/strong> 20:00 \u2013 21:45 Uhr<br data-start=\"2246\" data-end=\"2249\" \/><strong data-start=\"2249\" data-end=\"2264\">Praxisraum:<\/strong> bis 22:15 Uhr nutzbar<\/p><h2 data-start=\"2295\" data-end=\"2315\">\u00a0<\/h2><h2 data-start=\"2295\" data-end=\"2315\">Kosten &amp; Umfang<\/h2><ul data-start=\"2316\" data-end=\"2417\"><li data-start=\"2316\" data-end=\"2361\"><p data-start=\"2318\" data-end=\"2361\"><strong data-start=\"2318\" data-end=\"2338\">65,- \u20ac pro Monat<\/strong> (Erm\u00e4\u00dfigung m\u00f6glich)<\/p><\/li><li data-start=\"2362\" data-end=\"2380\"><p data-start=\"2364\" data-end=\"2380\"><strong data-start=\"2364\" data-end=\"2378\">19 Termine<\/strong><\/p><\/li><li data-start=\"2381\" data-end=\"2417\"><p data-start=\"2383\" data-end=\"2417\"><strong data-start=\"2383\" data-end=\"2392\">57 UE<\/strong> gesamt (3 UE pro Termin)<\/p><\/li><\/ul>\t\t\t\t\t\t<\/div>\n\t\t\t\t<\/div>\n\t\t\t\t\t<\/div>\n\t\t<\/div>\n\t\t\t\t<div class=\"elementor-column elementor-col-50 elementor-top-column elementor-element elementor-element-b5308e2\" data-id=\"b5308e2\" data-element_type=\"column\">\n\t\t\t<div class=\"elementor-widget-wrap elementor-element-populated\">\n\t\t\t\t\t\t<div class=\"elementor-element elementor-element-38d116c elementor-widget elementor-widget-image\" data-id=\"38d116c\" data-element_type=\"widget\" data-widget_type=\"image.default\">\n\t\t\t\t<div class=\"elementor-widget-container\">\n\t\t\t\t\t\t\t\t\t\t\t\t\t<img loading=\"lazy\" decoding=\"async\" width=\"768\" height=\"476\" src=\"https:\/\/prokulturgut.net\/akademiederkulturen\/wp-content\/uploads\/sites\/5\/2025\/06\/IMG_9540-768x476.jpg\" class=\"attachment-medium_large size-medium_large wp-image-26081\" alt=\"\" srcset=\"https:\/\/prokulturgut.net\/akademiederkulturen\/wp-content\/uploads\/sites\/5\/2025\/06\/IMG_9540-768x476.jpg 768w, https:\/\/prokulturgut.net\/akademiederkulturen\/wp-content\/uploads\/sites\/5\/2025\/06\/IMG_9540-300x186.jpg 300w, https:\/\/prokulturgut.net\/akademiederkulturen\/wp-content\/uploads\/sites\/5\/2025\/06\/IMG_9540-1024x635.jpg 1024w, https:\/\/prokulturgut.net\/akademiederkulturen\/wp-content\/uploads\/sites\/5\/2025\/06\/IMG_9540-1536x952.jpg 1536w, https:\/\/prokulturgut.net\/akademiederkulturen\/wp-content\/uploads\/sites\/5\/2025\/06\/IMG_9540.jpg 1600w\" sizes=\"(max-width: 768px) 100vw, 768px\" \/>\t\t\t\t\t\t\t\t\t\t\t\t\t<\/div>\n\t\t\t\t<\/div>\n\t\t\t\t<div class=\"elementor-element elementor-element-00f2245 elementor-widget elementor-widget-spacer\" data-id=\"00f2245\" data-element_type=\"widget\" data-widget_type=\"spacer.default\">\n\t\t\t\t<div class=\"elementor-widget-container\">\n\t\t\t\t\t<div class=\"elementor-spacer\">\n\t\t\t<div class=\"elementor-spacer-inner\"><\/div>\n\t\t<\/div>\n\t\t\t\t<\/div>\n\t\t\t\t<\/div>\n\t\t\t\t<div class=\"elementor-element elementor-element-5e5ed4e elementor-icon-list--layout-traditional elementor-list-item-link-full_width elementor-widget elementor-widget-icon-list\" data-id=\"5e5ed4e\" data-element_type=\"widget\" data-widget_type=\"icon-list.default\">\n\t\t\t\t<div class=\"elementor-widget-container\">\n\t\t\t\t\t<ul class=\"elementor-icon-list-items\">\n\t\t\t\t\t\t\t<li class=\"elementor-icon-list-item\">\n\t\t\t\t\t\t\t\t\t\t\t<span class=\"elementor-icon-list-icon\">\n\t\t\t\t\t\t\t<i aria-hidden=\"true\" class=\"fas fa-user-edit\"><\/i>\t\t\t\t\t\t<\/span>\n\t\t\t\t\t\t\t\t\t\t<span class=\"elementor-icon-list-text\">DOZENTIN: Gabriele Koch<\/span>\n\t\t\t\t\t\t\t\t\t<\/li>\n\t\t\t\t\t\t\t\t<li class=\"elementor-icon-list-item\">\n\t\t\t\t\t\t\t\t\t\t\t<span class=\"elementor-icon-list-icon\">\n\t\t\t\t\t\t\t<i aria-hidden=\"true\" class=\"fas fa-home\"><\/i>\t\t\t\t\t\t<\/span>\n\t\t\t\t\t\t\t\t\t\t<span class=\"elementor-icon-list-text\">WO: Resonanzraum Wuppertal, Brunnenstra\u00dfe 24, 42105 Wuppertal<\/span>\n\t\t\t\t\t\t\t\t\t<\/li>\n\t\t\t\t\t\t\t\t<li class=\"elementor-icon-list-item\">\n\t\t\t\t\t\t\t\t\t\t\t<span class=\"elementor-icon-list-icon\">\n\t\t\t\t\t\t\t<i aria-hidden=\"true\" class=\"fas fa-donate\"><\/i>\t\t\t\t\t\t<\/span>\n\t\t\t\t\t\t\t\t\t\t<span class=\"elementor-icon-list-text\"> TEILNAHMEGEB\u00dcHR: monatlich 65,- \u20ac (Erm\u00e4\u00dfigung m\u00f6glich)<\/span>\n\t\t\t\t\t\t\t\t\t<\/li>\n\t\t\t\t\t\t\t\t<li class=\"elementor-icon-list-item\">\n\t\t\t\t\t\t\t\t\t\t\t<span class=\"elementor-icon-list-icon\">\n\t\t\t\t\t\t\t<i aria-hidden=\"true\" class=\"fas fa-user-alt\"><\/i>\t\t\t\t\t\t<\/span>\n\t\t\t\t\t\t\t\t\t\t<span class=\"elementor-icon-list-text\">VERANSTALTER: Akademie der Kulturen NRW<\/span>\n\t\t\t\t\t\t\t\t\t<\/li>\n\t\t\t\t\t\t\t\t<li class=\"elementor-icon-list-item\">\n\t\t\t\t\t\t\t\t\t\t\t<span class=\"elementor-icon-list-icon\">\n\t\t\t\t\t\t\t<i aria-hidden=\"true\" class=\"fas fa-id-badge\"><\/i>\t\t\t\t\t\t<\/span>\n\t\t\t\t\t\t\t\t\t\t<span class=\"elementor-icon-list-text\">Seminar \/ Ausbildung \/ Bildungsurlaub Nr.:  ARW_17004<\/span>\n\t\t\t\t\t\t\t\t\t<\/li>\n\t\t\t\t\t\t\t\t<li class=\"elementor-icon-list-item\">\n\t\t\t\t\t\t\t\t\t\t\t<span class=\"elementor-icon-list-icon\">\n\t\t\t\t\t\t\t<i aria-hidden=\"true\" class=\"fas fa-phone-square-alt\"><\/i>\t\t\t\t\t\t<\/span>\n\t\t\t\t\t\t\t\t\t\t<span class=\"elementor-icon-list-text\">ANMELDUNG UND INFO: 0160-5258336<\/span>\n\t\t\t\t\t\t\t\t\t<\/li>\n\t\t\t\t\t\t<\/ul>\n\t\t\t\t<\/div>\n\t\t\t\t<\/div>\n\t\t\t\t<div class=\"elementor-element elementor-element-722d6f7 elementor-widget elementor-widget-spacer\" data-id=\"722d6f7\" data-element_type=\"widget\" data-widget_type=\"spacer.default\">\n\t\t\t\t<div class=\"elementor-widget-container\">\n\t\t\t\t\t<div class=\"elementor-spacer\">\n\t\t\t<div class=\"elementor-spacer-inner\"><\/div>\n\t\t<\/div>\n\t\t\t\t<\/div>\n\t\t\t\t<\/div>\n\t\t\t\t<div class=\"elementor-element elementor-element-acd0824 elementor-widget elementor-widget-text-editor\" data-id=\"acd0824\" data-element_type=\"widget\" data-widget_type=\"text-editor.default\">\n\t\t\t\t<div class=\"elementor-widget-container\">\n\t\t\t\t\t\t\t<h2 data-start=\"2490\" data-end=\"2520\">Gabriele Koch<\/h2><p data-start=\"2521\" data-end=\"2884\">Gabriele Koch ist T\u00e4nzerin, Choreografin und P\u00e4dagogin mit Herz und Seele. Seit ihrer Kindheit ist Bewegung ihre Ausdrucksform. \u00dcber Wege wie Ballett und Kunstturnen sowie verschiedene Formen des modernen und Ausdruckstanzes fand sie zum zeitgen\u00f6ssischen Tanz, zur Improvisation und zur Contact Improvisation \u2013 f\u00fcr sie Ausdruck von Vielfalt und <strong data-start=\"2866\" data-end=\"2883\">Authentizit\u00e4t<\/strong>.<\/p><ul data-start=\"2886\" data-end=\"3575\" data-is-last-node=\"\" data-is-only-node=\"\"><li data-start=\"2886\" data-end=\"2934\"><p data-start=\"2888\" data-end=\"2934\">Ausbildung zur <strong data-start=\"2903\" data-end=\"2932\">Diplom-Bewegungsp\u00e4dagogin<\/strong><\/p><\/li><li data-start=\"2935\" data-end=\"3029\"><p data-start=\"2937\" data-end=\"3029\">Im Unterricht stehen <strong data-start=\"2958\" data-end=\"2985\">pers\u00f6nliche Entwicklung<\/strong> und <strong data-start=\"2990\" data-end=\"3012\">Freude an Bewegung<\/strong> im Vordergrund<\/p><\/li><li data-start=\"3030\" data-end=\"3159\"><p data-start=\"3032\" data-end=\"3159\">Seit 2000 aktiv in der Tanzszene im Ruhrgebiet (u. a. Bochum, Wuppertal, D\u00fcsseldorf) mit Contact Jams und regelm\u00e4\u00dfigen Kursen<\/p><\/li><li data-start=\"3160\" data-end=\"3217\"><p data-start=\"3162\" data-end=\"3217\">\u00dcberregional, deutschlandweit und international t\u00e4tig<\/p><\/li><li data-start=\"3218\" data-end=\"3320\"><p data-start=\"3220\" data-end=\"3320\">Zahlreiche Tanzst\u00fccke, oft an besonderen Orten (Industriegel\u00e4nde, Lost Places, Steinbr\u00fcche, Natur)<\/p><\/li><li data-start=\"3321\" data-end=\"3455\"><p data-start=\"3323\" data-end=\"3455\">Verbindet in ihren Arbeiten und ihrer t\u00e4nzerischen Forschung weitere Bewegungsformen (z. B. Klettern, Aerial Dance, Tango, Qigong)<\/p><\/li><li data-start=\"3456\" data-end=\"3575\" data-is-last-node=\"\"><p data-start=\"3458\" data-end=\"3575\" data-is-last-node=\"\">Aktuell in Ausbildung zum <strong data-start=\"3484\" data-end=\"3517\">SME Somatic Movement Educator<\/strong>, um Wissen \u00fcber Embodiment zu vertiefen und weiterzugeben<\/p><\/li><\/ul>\t\t\t\t\t\t<\/div>\n\t\t\t\t<\/div>\n\t\t\t\t<div class=\"elementor-element elementor-element-f6e8da9 elementor-widget elementor-widget-spacer\" data-id=\"f6e8da9\" data-element_type=\"widget\" data-widget_type=\"spacer.default\">\n\t\t\t\t<div class=\"elementor-widget-container\">\n\t\t\t\t\t<div class=\"elementor-spacer\">\n\t\t\t<div class=\"elementor-spacer-inner\"><\/div>\n\t\t<\/div>\n\t\t\t\t<\/div>\n\t\t\t\t<\/div>\n\t\t\t\t\t<\/div>\n\t\t<\/div>\n\t\t\t\t\t<\/div>\n\t\t<\/section>\n\t\t\t\t<section class=\"elementor-section elementor-top-section elementor-element elementor-element-c7dbc4e elementor-section-boxed elementor-section-height-default elementor-section-height-default\" data-id=\"c7dbc4e\" data-element_type=\"section\" data-settings=\"{&quot;background_background&quot;:&quot;classic&quot;}\">\n\t\t\t\t\t\t<div class=\"elementor-container elementor-column-gap-default\">\n\t\t\t\t\t<div class=\"elementor-column elementor-col-100 elementor-top-column elementor-element elementor-element-568db49\" data-id=\"568db49\" data-element_type=\"column\">\n\t\t\t<div class=\"elementor-widget-wrap elementor-element-populated\">\n\t\t\t\t\t\t<div class=\"elementor-element elementor-element-99b1c61 elementor-widget elementor-widget-heading\" data-id=\"99b1c61\" data-element_type=\"widget\" data-widget_type=\"heading.default\">\n\t\t\t\t<div class=\"elementor-widget-container\">\n\t\t\t<h2 class=\"elementor-heading-title elementor-size-default\">Entwicklungsprojekts Tanz 2026: CONTACT IMPRO ADVANCED \u2013 Moving through all dimensions!<\/h2>\t\t<\/div>\n\t\t\t\t<\/div>\n\t\t\t\t\t<\/div>\n\t\t<\/div>\n\t\t\t\t\t<\/div>\n\t\t<\/section>\n\t\t\t\t<section class=\"elementor-section elementor-top-section elementor-element elementor-element-0ef494d elementor-section-boxed elementor-section-height-default elementor-section-height-default\" data-id=\"0ef494d\" data-element_type=\"section\" data-settings=\"{&quot;background_background&quot;:&quot;classic&quot;}\">\n\t\t\t\t\t\t<div class=\"elementor-container elementor-column-gap-default\">\n\t\t\t\t\t<div class=\"elementor-column elementor-col-50 elementor-top-column elementor-element elementor-element-c683d48\" data-id=\"c683d48\" data-element_type=\"column\">\n\t\t\t<div class=\"elementor-widget-wrap elementor-element-populated\">\n\t\t\t\t\t\t<div class=\"elementor-element elementor-element-b6b9eaf elementor-widget elementor-widget-text-editor\" data-id=\"b6b9eaf\" data-element_type=\"widget\" data-widget_type=\"text-editor.default\">\n\t\t\t\t<div class=\"elementor-widget-container\">\n\t\t\t\t\t\t\t<p data-start=\"91\" data-end=\"586\"><strong data-start=\"91\" data-end=\"104\">Zeitraum:<\/strong> 12.01.2026 \u2013 13.07.2026 &#8211;\u00a0Mo 18h &#8211; 19.30<br data-start=\"391\" data-end=\"394\" \/><strong data-start=\"394\" data-end=\"419\">Kostenlose Teilnahme:<\/strong> f\u00fcr Menschen mit F\u00f6rderbedarf, z. B. Gefl\u00fcchtete<br data-start=\"468\" data-end=\"471\" \/><strong data-start=\"471\" data-end=\"482\">Umfang:<\/strong> 19 Termine \u00b7 <strong data-start=\"496\" data-end=\"505\">38 UE<\/strong> (2 UE pro Termin)<br data-start=\"523\" data-end=\"526\" \/><strong data-start=\"526\" data-end=\"536\">Start:<\/strong> 12.01.2026<\/p><hr data-start=\"588\" data-end=\"591\" \/><h3 data-start=\"593\" data-end=\"638\">\u00a0<\/h3><h3 data-start=\"593\" data-end=\"638\"><span style=\"color: inherit; font-family: inherit; font-size: 1.75rem;\">Im Rahmen des Entwicklungsprojekts Tanz<\/span><\/h3><p data-start=\"639\" data-end=\"962\">In diesem Halbjahr bieten wir wieder ein Sonderprogramm der Akademie der Kulturen NRW (Kulturgut e.V.) an.<br data-start=\"745\" data-end=\"748\" \/>Das sind offene Angebote, die neue Zielgruppen in unserem Sozialraum ansprechen. Sie erm\u00f6glichen neue Erfahrungen und k\u00f6nnen die pers\u00f6nliche und soziale Entwicklung unterst\u00fctzen \u2013 zum Beispiel auch die Integration.<\/p><div class=\"page\" title=\"Page 1\"><div class=\"layoutArea\"><div class=\"column\"><p>Erfahrungsorientierte kulturelle Bildung: nonverbal, improvisationsbasiert, im gemeinsamen Gruppenprozess.<\/p><\/div><\/div><\/div><p data-start=\"964\" data-end=\"1046\"><strong data-start=\"964\" data-end=\"1046\">Gef\u00f6rdert durch das Land NRW im Rahmen der Entwicklungsprojekte Weiterbildung.<\/strong><\/p><h2 data-start=\"1053\" data-end=\"1074\">\u00a0<\/h2><h2 data-start=\"1053\" data-end=\"1074\">Kursbeschreibung<\/h2><p data-start=\"1075\" data-end=\"1245\">Wir bewegen uns intuitiv \u201e360\u00b0\u201c und lernen, wie Liften in Contact Improvisation sicher, leicht und spielerisch werden kann.<\/p><p data-start=\"1075\" data-end=\"1245\">In diesem Kurs geht\u2019s um intuitives Bewegen 360\u00b0 und Lifting-Technik. Wir steigen tief in die K\u00f6rper- und Bewegungserfahrung ein, erforschen Spiralen, Schwerkraft, Faszien und Falltechnik \u2013 und lernen darauf aufbauend spezifische Lifts und Techniken, um sicher zu heben und gehoben zu werden. Neben dem konkreten \u00dcben geht es um Leichtigkeit, Freiheit im Tanz und echte Bewegungsfreude.<\/p><p data-start=\"1075\" data-end=\"1245\">Es flie\u00dfen Elemente aus dem Body-Mind Centering\u00ae ein sowie Gabriele Kochs \u00fcber 20-j\u00e4hrige Erfahrung im Unterrichten von Contact Improvisation.<\/p><p data-start=\"1075\" data-end=\"1245\">Dieser Kurs er\u00f6ffnet einen erfahrungsorientierten Zugang zur kulturellen Bildung: Lernen \u00fcber K\u00f6rper, Wahrnehmung und direkten Kontakt \u2013 nonverbal, improvisationsbasiert und im gemeinsamen Gruppenprozess, jenseits klassisch sprach- oder theoriezentrierter Formate.<\/p><h2 data-start=\"1842\" data-end=\"1857\">Kursumfang<\/h2><ul data-start=\"1858\" data-end=\"1983\"><li data-start=\"1858\" data-end=\"1876\"><p data-start=\"1860\" data-end=\"1876\"><strong data-start=\"1860\" data-end=\"1874\">19 Termine<\/strong><\/p><\/li><li data-start=\"1877\" data-end=\"1915\"><p data-start=\"1879\" data-end=\"1915\"><strong data-start=\"1879\" data-end=\"1888\">38 UE<\/strong> gesamt (2 UE pro Termin)<\/p><\/li><li data-start=\"1916\" data-end=\"1941\"><p data-start=\"1918\" data-end=\"1941\"><strong data-start=\"1918\" data-end=\"1928\">Start:<\/strong> 12.01.2026<\/p><\/li><li data-start=\"1942\" data-end=\"1983\"><p data-start=\"1944\" data-end=\"1983\"><strong data-start=\"1944\" data-end=\"1957\">Laufzeit:<\/strong> 12.01.2026 \u2013 13.07.2026<\/p><\/li><\/ul>\t\t\t\t\t\t<\/div>\n\t\t\t\t<\/div>\n\t\t\t\t\t<\/div>\n\t\t<\/div>\n\t\t\t\t<div class=\"elementor-column elementor-col-50 elementor-top-column elementor-element elementor-element-49a6607\" data-id=\"49a6607\" data-element_type=\"column\">\n\t\t\t<div class=\"elementor-widget-wrap elementor-element-populated\">\n\t\t\t\t\t\t<div class=\"elementor-element elementor-element-583e554 elementor-widget elementor-widget-image\" data-id=\"583e554\" data-element_type=\"widget\" data-widget_type=\"image.default\">\n\t\t\t\t<div class=\"elementor-widget-container\">\n\t\t\t\t\t\t\t\t\t\t\t\t\t<img loading=\"lazy\" decoding=\"async\" width=\"768\" height=\"472\" src=\"https:\/\/prokulturgut.net\/akademiederkulturen\/wp-content\/uploads\/sites\/5\/2024\/05\/Gabriele-Koch-Tanz-768x472.png\" class=\"attachment-medium_large size-medium_large wp-image-24948\" alt=\"\" srcset=\"https:\/\/prokulturgut.net\/akademiederkulturen\/wp-content\/uploads\/sites\/5\/2024\/05\/Gabriele-Koch-Tanz-768x472.png 768w, https:\/\/prokulturgut.net\/akademiederkulturen\/wp-content\/uploads\/sites\/5\/2024\/05\/Gabriele-Koch-Tanz-300x184.png 300w, https:\/\/prokulturgut.net\/akademiederkulturen\/wp-content\/uploads\/sites\/5\/2024\/05\/Gabriele-Koch-Tanz-1024x629.png 1024w, https:\/\/prokulturgut.net\/akademiederkulturen\/wp-content\/uploads\/sites\/5\/2024\/05\/Gabriele-Koch-Tanz-1536x944.png 1536w, https:\/\/prokulturgut.net\/akademiederkulturen\/wp-content\/uploads\/sites\/5\/2024\/05\/Gabriele-Koch-Tanz-2048x1259.png 2048w\" sizes=\"(max-width: 768px) 100vw, 768px\" \/>\t\t\t\t\t\t\t\t\t\t\t\t\t<\/div>\n\t\t\t\t<\/div>\n\t\t\t\t<div class=\"elementor-element elementor-element-6b7448f elementor-widget elementor-widget-spacer\" data-id=\"6b7448f\" data-element_type=\"widget\" data-widget_type=\"spacer.default\">\n\t\t\t\t<div class=\"elementor-widget-container\">\n\t\t\t\t\t<div class=\"elementor-spacer\">\n\t\t\t<div class=\"elementor-spacer-inner\"><\/div>\n\t\t<\/div>\n\t\t\t\t<\/div>\n\t\t\t\t<\/div>\n\t\t\t\t<div class=\"elementor-element elementor-element-9141194 elementor-icon-list--layout-traditional elementor-list-item-link-full_width elementor-widget elementor-widget-icon-list\" data-id=\"9141194\" data-element_type=\"widget\" data-widget_type=\"icon-list.default\">\n\t\t\t\t<div class=\"elementor-widget-container\">\n\t\t\t\t\t<ul class=\"elementor-icon-list-items\">\n\t\t\t\t\t\t\t<li class=\"elementor-icon-list-item\">\n\t\t\t\t\t\t\t\t\t\t\t<span class=\"elementor-icon-list-icon\">\n\t\t\t\t\t\t\t<i aria-hidden=\"true\" class=\"fas fa-user-edit\"><\/i>\t\t\t\t\t\t<\/span>\n\t\t\t\t\t\t\t\t\t\t<span class=\"elementor-icon-list-text\">DOZENT: Gabriele Koch<\/span>\n\t\t\t\t\t\t\t\t\t<\/li>\n\t\t\t\t\t\t\t\t<li class=\"elementor-icon-list-item\">\n\t\t\t\t\t\t\t\t\t\t\t<span class=\"elementor-icon-list-icon\">\n\t\t\t\t\t\t\t<i aria-hidden=\"true\" class=\"fas fa-home\"><\/i>\t\t\t\t\t\t<\/span>\n\t\t\t\t\t\t\t\t\t\t<span class=\"elementor-icon-list-text\">WO: Resonanzraum Wuppertal, Brunnenstra\u00dfe 24, 42105 Wuppertal<\/span>\n\t\t\t\t\t\t\t\t\t<\/li>\n\t\t\t\t\t\t\t\t<li class=\"elementor-icon-list-item\">\n\t\t\t\t\t\t\t\t\t\t\t<span class=\"elementor-icon-list-icon\">\n\t\t\t\t\t\t\t<i aria-hidden=\"true\" class=\"fas fa-donate\"><\/i>\t\t\t\t\t\t<\/span>\n\t\t\t\t\t\t\t\t\t\t<span class=\"elementor-icon-list-text\"> TEILNAHMEGEB\u00dcHR: monatlich 65,- \u20ac (Erm\u00e4\u00dfigung m\u00f6glich)<\/span>\n\t\t\t\t\t\t\t\t\t<\/li>\n\t\t\t\t\t\t\t\t<li class=\"elementor-icon-list-item\">\n\t\t\t\t\t\t\t\t\t\t\t<span class=\"elementor-icon-list-icon\">\n\t\t\t\t\t\t\t<i aria-hidden=\"true\" class=\"fas fa-user-alt\"><\/i>\t\t\t\t\t\t<\/span>\n\t\t\t\t\t\t\t\t\t\t<span class=\"elementor-icon-list-text\">VERANSTALTER: Akademie der Kulturen NRW<\/span>\n\t\t\t\t\t\t\t\t\t<\/li>\n\t\t\t\t\t\t\t\t<li class=\"elementor-icon-list-item\">\n\t\t\t\t\t\t\t\t\t\t\t<span class=\"elementor-icon-list-icon\">\n\t\t\t\t\t\t\t<i aria-hidden=\"true\" class=\"fas fa-id-badge\"><\/i>\t\t\t\t\t\t<\/span>\n\t\t\t\t\t\t\t\t\t\t<span class=\"elementor-icon-list-text\">Seminar \/ Ausbildung Nr.: ARW_17005<\/span>\n\t\t\t\t\t\t\t\t\t<\/li>\n\t\t\t\t\t\t\t\t<li class=\"elementor-icon-list-item\">\n\t\t\t\t\t\t\t\t\t\t\t<span class=\"elementor-icon-list-icon\">\n\t\t\t\t\t\t\t<i aria-hidden=\"true\" class=\"fas fa-phone-square-alt\"><\/i>\t\t\t\t\t\t<\/span>\n\t\t\t\t\t\t\t\t\t\t<span class=\"elementor-icon-list-text\">ANMELDUNG UND INFO: 0160-5258336<\/span>\n\t\t\t\t\t\t\t\t\t<\/li>\n\t\t\t\t\t\t<\/ul>\n\t\t\t\t<\/div>\n\t\t\t\t<\/div>\n\t\t\t\t<div class=\"elementor-element elementor-element-e19a443 elementor-widget elementor-widget-spacer\" data-id=\"e19a443\" data-element_type=\"widget\" data-widget_type=\"spacer.default\">\n\t\t\t\t<div class=\"elementor-widget-container\">\n\t\t\t\t\t<div class=\"elementor-spacer\">\n\t\t\t<div class=\"elementor-spacer-inner\"><\/div>\n\t\t<\/div>\n\t\t\t\t<\/div>\n\t\t\t\t<\/div>\n\t\t\t\t<div class=\"elementor-element elementor-element-c4c5ecb elementor-widget elementor-widget-text-editor\" data-id=\"c4c5ecb\" data-element_type=\"widget\" data-widget_type=\"text-editor.default\">\n\t\t\t\t<div class=\"elementor-widget-container\">\n\t\t\t\t\t\t\t<h2 data-start=\"2490\" data-end=\"2520\">Gabriele Koch<\/h2><p data-start=\"2521\" data-end=\"2884\">Gabriele Koch ist T\u00e4nzerin, Choreografin und P\u00e4dagogin mit Herz und Seele. Seit ihrer Kindheit ist Bewegung ihre Ausdrucksform. \u00dcber Wege wie Ballett und Kunstturnen sowie verschiedene Formen des modernen und Ausdruckstanzes fand sie zum zeitgen\u00f6ssischen Tanz, zur Improvisation und zur Contact Improvisation \u2013 f\u00fcr sie Ausdruck von Vielfalt und <strong data-start=\"2866\" data-end=\"2883\">Authentizit\u00e4t<\/strong>.<\/p><ul data-start=\"2886\" data-end=\"3575\" data-is-last-node=\"\" data-is-only-node=\"\"><li data-start=\"2886\" data-end=\"2934\"><p data-start=\"2888\" data-end=\"2934\">Ausbildung zur <strong data-start=\"2903\" data-end=\"2932\">Diplom-Bewegungsp\u00e4dagogin<\/strong><\/p><\/li><li data-start=\"2935\" data-end=\"3029\"><p data-start=\"2937\" data-end=\"3029\">Im Unterricht stehen <strong data-start=\"2958\" data-end=\"2985\">pers\u00f6nliche Entwicklung<\/strong> und <strong data-start=\"2990\" data-end=\"3012\">Freude an Bewegung<\/strong> im Vordergrund<\/p><\/li><li data-start=\"3030\" data-end=\"3159\"><p data-start=\"3032\" data-end=\"3159\">Seit 2000 aktiv in der Tanzszene im Ruhrgebiet (u. a. Bochum, Wuppertal, D\u00fcsseldorf) mit Contact Jams und regelm\u00e4\u00dfigen Kursen<\/p><\/li><li data-start=\"3160\" data-end=\"3217\"><p data-start=\"3162\" data-end=\"3217\">\u00dcberregional, deutschlandweit und international t\u00e4tig<\/p><\/li><li data-start=\"3218\" data-end=\"3320\"><p data-start=\"3220\" data-end=\"3320\">Zahlreiche Tanzst\u00fccke, oft an besonderen Orten (Industriegel\u00e4nde, Lost Places, Steinbr\u00fcche, Natur)<\/p><\/li><li data-start=\"3321\" data-end=\"3455\"><p data-start=\"3323\" data-end=\"3455\">Verbindet in ihren Arbeiten und ihrer t\u00e4nzerischen Forschung weitere Bewegungsformen (z. B. Klettern, Aerial Dance, Tango, Qigong)<\/p><\/li><li data-start=\"3456\" data-end=\"3575\" data-is-last-node=\"\"><p data-start=\"3458\" data-end=\"3575\" data-is-last-node=\"\">Aktuell in Ausbildung zum <strong data-start=\"3484\" data-end=\"3517\">SME Somatic Movement Educator<\/strong>, um Wissen \u00fcber Embodiment zu vertiefen und weiterzugeben<\/p><\/li><\/ul>\t\t\t\t\t\t<\/div>\n\t\t\t\t<\/div>\n\t\t\t\t\t<\/div>\n\t\t<\/div>\n\t\t\t\t\t<\/div>\n\t\t<\/section>\n\t\t\t\t<section class=\"elementor-section elementor-top-section elementor-element elementor-element-7c82f9ee elementor-section-boxed elementor-section-height-default elementor-section-height-default\" data-id=\"7c82f9ee\" data-element_type=\"section\" data-settings=\"{&quot;background_background&quot;:&quot;classic&quot;}\">\n\t\t\t\t\t\t<div class=\"elementor-container elementor-column-gap-default\">\n\t\t\t\t\t<div class=\"elementor-column elementor-col-100 elementor-top-column elementor-element elementor-element-c354205\" data-id=\"c354205\" data-element_type=\"column\">\n\t\t\t<div class=\"elementor-widget-wrap elementor-element-populated\">\n\t\t\t\t\t\t<div class=\"elementor-element elementor-element-40a2f4f elementor-grid-eael-col-4 elementor-grid-tablet-eael-col-2 elementor-grid-mobile-eael-col-1 elementor-widget elementor-widget-eael-post-grid\" data-id=\"40a2f4f\" data-element_type=\"widget\" data-settings=\"{&quot;eael_post_grid_columns&quot;:&quot;eael-col-4&quot;,&quot;eael_post_grid_columns_tablet&quot;:&quot;eael-col-2&quot;,&quot;eael_post_grid_columns_mobile&quot;:&quot;eael-col-1&quot;}\" data-widget_type=\"eael-post-grid.default\">\n\t\t\t\t<div class=\"elementor-widget-container\">\n\t\t\t<div id=\"eael-post-grid-40a2f4f\" class=\"eael-post-grid-container\">\n            <div class=\"eael-post-grid eael-post-appender eael-post-appender-40a2f4f eael-post-grid-style-one\" data-layout-mode=\"masonry\"><article class=\"eael-grid-post  eael-post-grid-column eael-pg-post-26173 category-aktuelles-allgemein-entwicklungspauschale-2025\" data-id=\"26173\">\n        <div class=\"eael-grid-post-holder\">\n            <div class=\"eael-grid-post-holder-inner\"><div class=\"eael-entry-media\"><div class=\"eael-entry-overlay fade-in\"><i class=\"fas fa-arrow-circle-right\" aria-hidden=\"true\"><\/i><a href=\"https:\/\/prokulturgut.net\/akademiederkulturen\/2025\/07\/23\/14-09-21-12-25-interkulturelles-klangbad-freie-improvisation-mit-klaengen-fuer-anfaenger-und-fortgeschrittene-aus-aller-welt\/\"><\/a><\/div><div class=\"eael-entry-thumbnail eael-image-ratio\">\n                <img loading=\"lazy\" decoding=\"async\" width=\"768\" height=\"1086\" src=\"https:\/\/prokulturgut.net\/akademiederkulturen\/wp-content\/uploads\/sites\/5\/2025\/07\/Interkulturelles-Klangbad-Plakat-ohne-QR-Code-768x1086.jpg\" class=\"attachment-medium_large size-medium_large wp-image-26174\" alt=\"\" srcset=\"https:\/\/prokulturgut.net\/akademiederkulturen\/wp-content\/uploads\/sites\/5\/2025\/07\/Interkulturelles-Klangbad-Plakat-ohne-QR-Code-768x1086.jpg 768w, https:\/\/prokulturgut.net\/akademiederkulturen\/wp-content\/uploads\/sites\/5\/2025\/07\/Interkulturelles-Klangbad-Plakat-ohne-QR-Code-212x300.jpg 212w, https:\/\/prokulturgut.net\/akademiederkulturen\/wp-content\/uploads\/sites\/5\/2025\/07\/Interkulturelles-Klangbad-Plakat-ohne-QR-Code-724x1024.jpg 724w, https:\/\/prokulturgut.net\/akademiederkulturen\/wp-content\/uploads\/sites\/5\/2025\/07\/Interkulturelles-Klangbad-Plakat-ohne-QR-Code-1086x1536.jpg 1086w, https:\/\/prokulturgut.net\/akademiederkulturen\/wp-content\/uploads\/sites\/5\/2025\/07\/Interkulturelles-Klangbad-Plakat-ohne-QR-Code-1448x2048.jpg 1448w, https:\/\/prokulturgut.net\/akademiederkulturen\/wp-content\/uploads\/sites\/5\/2025\/07\/Interkulturelles-Klangbad-Plakat-ohne-QR-Code-scaled.jpg 1810w\" sizes=\"(max-width: 768px) 100vw, 768px\" \/>\n            <\/div>\n        <\/div><div class=\"eael-entry-wrapper\"><header class=\"eael-entry-header\"><h2 class=\"eael-entry-title\"><a class=\"eael-grid-post-link\" href=\"https:\/\/prokulturgut.net\/akademiederkulturen\/2025\/07\/23\/14-09-21-12-25-interkulturelles-klangbad-freie-improvisation-mit-klaengen-fuer-anfaenger-und-fortgeschrittene-aus-aller-welt\/\" title=\"14.09-21.12.25 |\u00a0Interkulturelles Klangbad &#8211; Freie Improvisation mit Kl\u00e4ngen f\u00fcr Anf\u00e4nger und Fortgeschrittene\">14.09-21.12.25 |\u00a0Interkulturelles Klangbad &#8211; Freie Improvisation mit Kl\u00e4ngen f\u00fcr Anf\u00e4nger und Fortgeschrittene<\/a><\/h2><\/header><div class=\"eael-entry-content\">\n                        <div class=\"eael-grid-post-excerpt\"><p>Interkulturelles Klangbad &#8211; Freie Improvisation mit Kl\u00e4ngen f\u00fcr Anf\u00e4nger und Fortgeschrittene aus aller Welt &#8211; Achtung: Termin\u00e4nderung 14.09.2025 \u2013 14.12.2025...<\/p><a href=\"https:\/\/prokulturgut.net\/akademiederkulturen\/2025\/07\/23\/14-09-21-12-25-interkulturelles-klangbad-freie-improvisation-mit-klaengen-fuer-anfaenger-und-fortgeschrittene-aus-aller-welt\/\" class=\"eael-post-elements-readmore-btn\">Read More<\/a><\/div>\n                    <\/div><\/div><\/div>\n        <\/div>\n    <\/article><article class=\"eael-grid-post  eael-post-grid-column eael-pg-post-26077 category-aktuelles-allgemein-entwicklungspauschale-entwicklungspauschale-2025\" data-id=\"26077\">\n        <div class=\"eael-grid-post-holder\">\n            <div class=\"eael-grid-post-holder-inner\"><div class=\"eael-entry-media\"><div class=\"eael-entry-overlay fade-in\"><i class=\"fas fa-arrow-circle-right\" aria-hidden=\"true\"><\/i><a href=\"https:\/\/prokulturgut.net\/akademiederkulturen\/2025\/06\/04\/25-08-08-12-25-entwicklungsprojekt-tanz-fliegen-liften-fallen-copy\/\"><\/a><\/div><div class=\"eael-entry-thumbnail eael-image-ratio\">\n                <img loading=\"lazy\" decoding=\"async\" width=\"768\" height=\"476\" src=\"https:\/\/prokulturgut.net\/akademiederkulturen\/wp-content\/uploads\/sites\/5\/2025\/06\/IMG_9540-768x476.jpg\" class=\"attachment-medium_large size-medium_large wp-image-26081\" alt=\"\" srcset=\"https:\/\/prokulturgut.net\/akademiederkulturen\/wp-content\/uploads\/sites\/5\/2025\/06\/IMG_9540-768x476.jpg 768w, https:\/\/prokulturgut.net\/akademiederkulturen\/wp-content\/uploads\/sites\/5\/2025\/06\/IMG_9540-300x186.jpg 300w, https:\/\/prokulturgut.net\/akademiederkulturen\/wp-content\/uploads\/sites\/5\/2025\/06\/IMG_9540-1024x635.jpg 1024w, https:\/\/prokulturgut.net\/akademiederkulturen\/wp-content\/uploads\/sites\/5\/2025\/06\/IMG_9540-1536x952.jpg 1536w, https:\/\/prokulturgut.net\/akademiederkulturen\/wp-content\/uploads\/sites\/5\/2025\/06\/IMG_9540.jpg 1600w\" sizes=\"(max-width: 768px) 100vw, 768px\" \/>\n            <\/div>\n        <\/div><div class=\"eael-entry-wrapper\"><header class=\"eael-entry-header\"><h2 class=\"eael-entry-title\"><a class=\"eael-grid-post-link\" href=\"https:\/\/prokulturgut.net\/akademiederkulturen\/2025\/06\/04\/25-08-08-12-25-entwicklungsprojekt-tanz-fliegen-liften-fallen-copy\/\" title=\"28.08-17.12.25 | Entwicklungsprojekt Tanz: Contact Improvisation &#8211; Talking Bodys\">28.08-17.12.25 | Entwicklungsprojekt Tanz: Contact Improvisation &#8211; Talking Bodys<\/a><\/h2><\/header><div class=\"eael-entry-content\">\n                        <div class=\"eael-grid-post-excerpt\"><p>28.08-17.12.25 | Entwicklungsprojekt Tanz: Contact Improvisation &#8211; Talking Bodys Klasse 20-21.45, Praxisraum bis 22.15, Akademie der Kulturen NRW: Seminar \/...<\/p><a href=\"https:\/\/prokulturgut.net\/akademiederkulturen\/2025\/06\/04\/25-08-08-12-25-entwicklungsprojekt-tanz-fliegen-liften-fallen-copy\/\" class=\"eael-post-elements-readmore-btn\">Read More<\/a><\/div>\n                    <\/div><\/div><\/div>\n        <\/div>\n    <\/article><article class=\"eael-grid-post  eael-post-grid-column eael-pg-post-26061 category-aktuelles-allgemein-entwicklungspauschale-entwicklungspauschale-2025\" data-id=\"26061\">\n        <div class=\"eael-grid-post-holder\">\n            <div class=\"eael-grid-post-holder-inner\"><div class=\"eael-entry-media\"><div class=\"eael-entry-overlay fade-in\"><i class=\"fas fa-arrow-circle-right\" aria-hidden=\"true\"><\/i><a href=\"https:\/\/prokulturgut.net\/akademiederkulturen\/2025\/06\/04\/entwicklungsprojekt-tanz-fliegen-liften-fallen-25-08-2025-08-12-2025\/\"><\/a><\/div><div class=\"eael-entry-thumbnail eael-image-ratio\">\n                <img loading=\"lazy\" decoding=\"async\" width=\"768\" height=\"512\" src=\"https:\/\/prokulturgut.net\/akademiederkulturen\/wp-content\/uploads\/sites\/5\/2025\/06\/IMG_9539-768x512.jpg\" class=\"attachment-medium_large size-medium_large wp-image-26083\" alt=\"\" srcset=\"https:\/\/prokulturgut.net\/akademiederkulturen\/wp-content\/uploads\/sites\/5\/2025\/06\/IMG_9539-768x512.jpg 768w, https:\/\/prokulturgut.net\/akademiederkulturen\/wp-content\/uploads\/sites\/5\/2025\/06\/IMG_9539-300x200.jpg 300w, https:\/\/prokulturgut.net\/akademiederkulturen\/wp-content\/uploads\/sites\/5\/2025\/06\/IMG_9539-1024x683.jpg 1024w, https:\/\/prokulturgut.net\/akademiederkulturen\/wp-content\/uploads\/sites\/5\/2025\/06\/IMG_9539-1536x1024.jpg 1536w, https:\/\/prokulturgut.net\/akademiederkulturen\/wp-content\/uploads\/sites\/5\/2025\/06\/IMG_9539-2048x1366.jpg 2048w\" sizes=\"(max-width: 768px) 100vw, 768px\" \/>\n            <\/div>\n        <\/div><div class=\"eael-entry-wrapper\"><header class=\"eael-entry-header\"><h2 class=\"eael-entry-title\"><a class=\"eael-grid-post-link\" href=\"https:\/\/prokulturgut.net\/akademiederkulturen\/2025\/06\/04\/entwicklungsprojekt-tanz-fliegen-liften-fallen-25-08-2025-08-12-2025\/\" title=\"25.08-08.12.25\u00a0| Entwicklungsprojekt Tanz: Fliegen, Liften, Fallen!\">25.08-08.12.25\u00a0| Entwicklungsprojekt Tanz: Fliegen, Liften, Fallen!<\/a><\/h2><\/header><div class=\"eael-entry-content\">\n                        <div class=\"eael-grid-post-excerpt\"><p>Entwicklungsprojekt Tanz: Fliegen, Liften, Fallen! Montags 18-19.45h, Akademie der Kulturen NRW: Seminar \/ Ausbildung Nr: ARW_16659 Kurs verl\u00e4ngert bis zum...<\/p><a href=\"https:\/\/prokulturgut.net\/akademiederkulturen\/2025\/06\/04\/entwicklungsprojekt-tanz-fliegen-liften-fallen-25-08-2025-08-12-2025\/\" class=\"eael-post-elements-readmore-btn\">Read More<\/a><\/div>\n                    <\/div><\/div><\/div>\n        <\/div>\n    <\/article><article class=\"eael-grid-post  eael-post-grid-column eael-pg-post-25573 category-allgemein-ausbildung-entwicklungspauschale-entwicklungspauschale-2025\" data-id=\"25573\">\n        <div class=\"eael-grid-post-holder\">\n            <div class=\"eael-grid-post-holder-inner\"><div class=\"eael-entry-media\"><div class=\"eael-entry-overlay fade-in\"><i class=\"fas fa-arrow-circle-right\" aria-hidden=\"true\"><\/i><a href=\"https:\/\/prokulturgut.net\/akademiederkulturen\/2025\/02\/10\/body-communication-praxiszeit\/\"><\/a><\/div><div class=\"eael-entry-thumbnail eael-image-ratio\">\n                <img loading=\"lazy\" decoding=\"async\" width=\"768\" height=\"472\" src=\"https:\/\/prokulturgut.net\/akademiederkulturen\/wp-content\/uploads\/sites\/5\/2024\/05\/Gabriele-Koch-Tanz-768x472.png\" class=\"attachment-medium_large size-medium_large wp-image-24948\" alt=\"\" srcset=\"https:\/\/prokulturgut.net\/akademiederkulturen\/wp-content\/uploads\/sites\/5\/2024\/05\/Gabriele-Koch-Tanz-768x472.png 768w, https:\/\/prokulturgut.net\/akademiederkulturen\/wp-content\/uploads\/sites\/5\/2024\/05\/Gabriele-Koch-Tanz-300x184.png 300w, https:\/\/prokulturgut.net\/akademiederkulturen\/wp-content\/uploads\/sites\/5\/2024\/05\/Gabriele-Koch-Tanz-1024x629.png 1024w, https:\/\/prokulturgut.net\/akademiederkulturen\/wp-content\/uploads\/sites\/5\/2024\/05\/Gabriele-Koch-Tanz-1536x944.png 1536w, https:\/\/prokulturgut.net\/akademiederkulturen\/wp-content\/uploads\/sites\/5\/2024\/05\/Gabriele-Koch-Tanz-2048x1259.png 2048w\" sizes=\"(max-width: 768px) 100vw, 768px\" \/>\n            <\/div>\n        <\/div><div class=\"eael-entry-wrapper\"><header class=\"eael-entry-header\"><h2 class=\"eael-entry-title\"><a class=\"eael-grid-post-link\" href=\"https:\/\/prokulturgut.net\/akademiederkulturen\/2025\/02\/10\/body-communication-praxiszeit\/\" title=\"Body Communication Praxiszeit\u00a0\">Body Communication Praxiszeit\u00a0<\/a><\/h2><\/header><div class=\"eael-entry-content\">\n                        <div class=\"eael-grid-post-excerpt\"><p>Body Communication Praxiszeit Contact Improvisation &#8211; das Spiel des nonverbalen Dialogs&nbsp; Im Rahmen des Entwicklungsprojekts Tanz In diesem Halbjahr bieten...<\/p><a href=\"https:\/\/prokulturgut.net\/akademiederkulturen\/2025\/02\/10\/body-communication-praxiszeit\/\" class=\"eael-post-elements-readmore-btn\">Read More<\/a><\/div>\n                    <\/div><\/div><\/div>\n        <\/div>\n    <\/article><\/div>\n            <div class=\"clearfix\"><\/div>\n        <\/div>            <div class=\"eael-load-more-button-wrap\">\n                <button class=\"eael-load-more-button\" id=\"eael-load-more-btn-40a2f4f\" data-widget-id=\"40a2f4f\" data-widget=\"40a2f4f\" data-page-id=\"26791\" data-template=\"{&quot;dir&quot;:&quot;lite&quot;,&quot;file_name&quot;:&quot;one.php&quot;,&quot;name&quot;:&quot;Post-Grid&quot;}\" data-class=\"Essential_Addons_Elementor\\Elements\\Post_Grid\" data-layout=\"masonry\" data-page=\"1\" data-args=\"orderby=date&amp;order=desc&amp;ignore_sticky_posts=1&amp;post_status=publish&amp;posts_per_page=4&amp;offset=0&amp;post_type=post&amp;tax_query%5B0%5D%5Btaxonomy%5D=category&amp;tax_query%5B0%5D%5Bfield%5D=term_id&amp;tax_query%5B0%5D%5Bterms%5D%5B0%5D=95&amp;tax_query%5Brelation%5D=AND\" data-max-page=\"2\">\n                    <span class=\"eael-btn-loader button__loader\"><\/span>\n                    <span class=\"eael_load_more_text\">Load More<\/span>\n                <\/button>\n            <\/div>\n            \t\t<\/div>\n\t\t\t\t<\/div>\n\t\t\t\t\t<\/div>\n\t\t<\/div>\n\t\t\t\t\t<\/div>\n\t\t<\/section>\n\t\t\t\t<\/div>\n\t\t","protected":false},"excerpt":{"rendered":"<p>Entwicklungspauschale2026 Im Rahmen der Entwicklungspauschale hat die Akademie der Kulturen NRW in 2026 zwei neue Projekte durchgef\u00fchrt, um entsprechende Ziele zu erreichen. Entwicklungsprojekte ADK NRW 2026 Entwicklungsprojekte der Akademie der Kulturen NRW 2026: Beide Ma\u00dfnahmen setzen auf erfahrungsorientierte kulturelle Weiterbildung (Praxis\/Improvisation, K\u00f6rper\/Klang, Gruppenprozess) und er\u00f6ffnen dadurch niedrigschwellige Zug\u00e4nge zu kultureller Bildung auch jenseits klassischer, stark [&hellip;]<\/p>\n","protected":false},"author":82,"featured_media":24611,"parent":0,"menu_order":0,"comment_status":"closed","ping_status":"closed","template":"","meta":[],"yoast_head":"<!-- This site is optimized with the Yoast SEO plugin v20.11 - https:\/\/yoast.com\/wordpress\/plugins\/seo\/ -->\n<title>Entwicklungspauschale 2026 - Akademie der Kulturen NRW<\/title>\n<meta name=\"robots\" content=\"index, follow, max-snippet:-1, max-image-preview:large, max-video-preview:-1\" \/>\n<link rel=\"canonical\" href=\"https:\/\/prokulturgut.net\/akademiederkulturen\/entwicklungspauschale-2026\/\" \/>\n<meta property=\"og:locale\" content=\"de_DE\" \/>\n<meta property=\"og:type\" content=\"article\" \/>\n<meta property=\"og:title\" content=\"Entwicklungspauschale 2026 - Akademie der Kulturen NRW\" \/>\n<meta property=\"og:description\" content=\"Entwicklungspauschale2026 Im Rahmen der Entwicklungspauschale hat die Akademie der Kulturen NRW in 2026 zwei neue Projekte durchgef\u00fchrt, um entsprechende Ziele zu erreichen. Entwicklungsprojekte ADK NRW 2026 Entwicklungsprojekte der Akademie der Kulturen NRW 2026: Beide Ma\u00dfnahmen setzen auf erfahrungsorientierte kulturelle Weiterbildung (Praxis\/Improvisation, K\u00f6rper\/Klang, Gruppenprozess) und er\u00f6ffnen dadurch niedrigschwellige Zug\u00e4nge zu kultureller Bildung auch jenseits klassischer, stark [&hellip;]\" \/>\n<meta property=\"og:url\" content=\"https:\/\/prokulturgut.net\/akademiederkulturen\/entwicklungspauschale-2026\/\" \/>\n<meta property=\"og:site_name\" content=\"Akademie der Kulturen NRW\" \/>\n<meta property=\"article:modified_time\" content=\"2026-08-26T07:08:36+00:00\" \/>\n<meta property=\"og:image\" content=\"https:\/\/prokulturgut.net\/akademiederkulturen\/wp-content\/uploads\/sites\/5\/2023\/12\/Adk_titelbild_1-1-e1747042776463.jpg\" \/>\n\t<meta property=\"og:image:width\" content=\"720\" \/>\n\t<meta property=\"og:image:height\" content=\"1080\" \/>\n\t<meta property=\"og:image:type\" content=\"image\/jpeg\" \/>\n<meta name=\"twitter:card\" content=\"summary_large_image\" \/>\n<meta name=\"twitter:label1\" content=\"Gesch\u00e4tzte Lesezeit\" \/>\n\t<meta name=\"twitter:data1\" content=\"18 Minuten\" \/>\n<script type=\"application\/ld+json\" class=\"yoast-schema-graph\">{\"@context\":\"https:\/\/schema.org\",\"@graph\":[{\"@type\":\"WebPage\",\"@id\":\"https:\/\/prokulturgut.net\/akademiederkulturen\/entwicklungspauschale-2026\/\",\"url\":\"https:\/\/prokulturgut.net\/akademiederkulturen\/entwicklungspauschale-2026\/\",\"name\":\"Entwicklungspauschale 2026 - Akademie der Kulturen NRW\",\"isPartOf\":{\"@id\":\"https:\/\/prokulturgut.net\/akademiederkulturen\/#website\"},\"datePublished\":\"2026-01-21T09:06:39+00:00\",\"dateModified\":\"2026-08-26T07:08:36+00:00\",\"breadcrumb\":{\"@id\":\"https:\/\/prokulturgut.net\/akademiederkulturen\/entwicklungspauschale-2026\/#breadcrumb\"},\"inLanguage\":\"de-DE\",\"potentialAction\":[{\"@type\":\"ReadAction\",\"target\":[\"https:\/\/prokulturgut.net\/akademiederkulturen\/entwicklungspauschale-2026\/\"]}]},{\"@type\":\"BreadcrumbList\",\"@id\":\"https:\/\/prokulturgut.net\/akademiederkulturen\/entwicklungspauschale-2026\/#breadcrumb\",\"itemListElement\":[{\"@type\":\"ListItem\",\"position\":1,\"name\":\"Home\",\"item\":\"https:\/\/prokulturgut.net\/akademiederkulturen\/\"},{\"@type\":\"ListItem\",\"position\":2,\"name\":\"Entwicklungspauschale 2026\"}]},{\"@type\":\"WebSite\",\"@id\":\"https:\/\/prokulturgut.net\/akademiederkulturen\/#website\",\"url\":\"https:\/\/prokulturgut.net\/akademiederkulturen\/\",\"name\":\"Akademie der Kulturen NRW\",\"description\":\"\",\"publisher\":{\"@id\":\"https:\/\/prokulturgut.net\/akademiederkulturen\/#organization\"},\"potentialAction\":[{\"@type\":\"SearchAction\",\"target\":{\"@type\":\"EntryPoint\",\"urlTemplate\":\"https:\/\/prokulturgut.net\/akademiederkulturen\/?s={search_term_string}\"},\"query-input\":\"required name=search_term_string\"}],\"inLanguage\":\"de-DE\"},{\"@type\":\"Organization\",\"@id\":\"https:\/\/prokulturgut.net\/akademiederkulturen\/#organization\",\"name\":\"Akademie der Kulturen NRW\",\"url\":\"https:\/\/prokulturgut.net\/akademiederkulturen\/\",\"logo\":{\"@type\":\"ImageObject\",\"inLanguage\":\"de-DE\",\"@id\":\"https:\/\/prokulturgut.net\/akademiederkulturen\/#\/schema\/logo\/image\/\",\"url\":\"https:\/\/prokulturgut.net\/akademiederkulturen\/wp-content\/uploads\/sites\/5\/2023\/12\/cropped-Logo_Farbe.png\",\"contentUrl\":\"https:\/\/prokulturgut.net\/akademiederkulturen\/wp-content\/uploads\/sites\/5\/2023\/12\/cropped-Logo_Farbe.png\",\"width\":412,\"height\":118,\"caption\":\"Akademie der Kulturen NRW\"},\"image\":{\"@id\":\"https:\/\/prokulturgut.net\/akademiederkulturen\/#\/schema\/logo\/image\/\"}}]}<\/script>\n<!-- \/ Yoast SEO plugin. -->","yoast_head_json":{"title":"Entwicklungspauschale 2026 - Akademie der Kulturen NRW","robots":{"index":"index","follow":"follow","max-snippet":"max-snippet:-1","max-image-preview":"max-image-preview:large","max-video-preview":"max-video-preview:-1"},"canonical":"https:\/\/prokulturgut.net\/akademiederkulturen\/entwicklungspauschale-2026\/","og_locale":"de_DE","og_type":"article","og_title":"Entwicklungspauschale 2026 - Akademie der Kulturen NRW","og_description":"Entwicklungspauschale2026 Im Rahmen der Entwicklungspauschale hat die Akademie der Kulturen NRW in 2026 zwei neue Projekte durchgef\u00fchrt, um entsprechende Ziele zu erreichen. Entwicklungsprojekte ADK NRW 2026 Entwicklungsprojekte der Akademie der Kulturen NRW 2026: Beide Ma\u00dfnahmen setzen auf erfahrungsorientierte kulturelle Weiterbildung (Praxis\/Improvisation, K\u00f6rper\/Klang, Gruppenprozess) und er\u00f6ffnen dadurch niedrigschwellige Zug\u00e4nge zu kultureller Bildung auch jenseits klassischer, stark [&hellip;]","og_url":"https:\/\/prokulturgut.net\/akademiederkulturen\/entwicklungspauschale-2026\/","og_site_name":"Akademie der Kulturen NRW","article_modified_time":"2026-08-26T07:08:36+00:00","og_image":[{"width":720,"height":1080,"url":"https:\/\/prokulturgut.net\/akademiederkulturen\/wp-content\/uploads\/sites\/5\/2023\/12\/Adk_titelbild_1-1-e1747042776463.jpg","type":"image\/jpeg"}],"twitter_card":"summary_large_image","twitter_misc":{"Gesch\u00e4tzte Lesezeit":"18 Minuten"},"schema":{"@context":"https:\/\/schema.org","@graph":[{"@type":"WebPage","@id":"https:\/\/prokulturgut.net\/akademiederkulturen\/entwicklungspauschale-2026\/","url":"https:\/\/prokulturgut.net\/akademiederkulturen\/entwicklungspauschale-2026\/","name":"Entwicklungspauschale 2026 - Akademie der Kulturen NRW","isPartOf":{"@id":"https:\/\/prokulturgut.net\/akademiederkulturen\/#website"},"datePublished":"2026-01-21T09:06:39+00:00","dateModified":"2026-08-26T07:08:36+00:00","breadcrumb":{"@id":"https:\/\/prokulturgut.net\/akademiederkulturen\/entwicklungspauschale-2026\/#breadcrumb"},"inLanguage":"de-DE","potentialAction":[{"@type":"ReadAction","target":["https:\/\/prokulturgut.net\/akademiederkulturen\/entwicklungspauschale-2026\/"]}]},{"@type":"BreadcrumbList","@id":"https:\/\/prokulturgut.net\/akademiederkulturen\/entwicklungspauschale-2026\/#breadcrumb","itemListElement":[{"@type":"ListItem","position":1,"name":"Home","item":"https:\/\/prokulturgut.net\/akademiederkulturen\/"},{"@type":"ListItem","position":2,"name":"Entwicklungspauschale 2026"}]},{"@type":"WebSite","@id":"https:\/\/prokulturgut.net\/akademiederkulturen\/#website","url":"https:\/\/prokulturgut.net\/akademiederkulturen\/","name":"Akademie der Kulturen NRW","description":"","publisher":{"@id":"https:\/\/prokulturgut.net\/akademiederkulturen\/#organization"},"potentialAction":[{"@type":"SearchAction","target":{"@type":"EntryPoint","urlTemplate":"https:\/\/prokulturgut.net\/akademiederkulturen\/?s={search_term_string}"},"query-input":"required name=search_term_string"}],"inLanguage":"de-DE"},{"@type":"Organization","@id":"https:\/\/prokulturgut.net\/akademiederkulturen\/#organization","name":"Akademie der Kulturen NRW","url":"https:\/\/prokulturgut.net\/akademiederkulturen\/","logo":{"@type":"ImageObject","inLanguage":"de-DE","@id":"https:\/\/prokulturgut.net\/akademiederkulturen\/#\/schema\/logo\/image\/","url":"https:\/\/prokulturgut.net\/akademiederkulturen\/wp-content\/uploads\/sites\/5\/2023\/12\/cropped-Logo_Farbe.png","contentUrl":"https:\/\/prokulturgut.net\/akademiederkulturen\/wp-content\/uploads\/sites\/5\/2023\/12\/cropped-Logo_Farbe.png","width":412,"height":118,"caption":"Akademie der Kulturen NRW"},"image":{"@id":"https:\/\/prokulturgut.net\/akademiederkulturen\/#\/schema\/logo\/image\/"}}]}},"_links":{"self":[{"href":"https:\/\/prokulturgut.net\/akademiederkulturen\/wp-json\/wp\/v2\/pages\/26791"}],"collection":[{"href":"https:\/\/prokulturgut.net\/akademiederkulturen\/wp-json\/wp\/v2\/pages"}],"about":[{"href":"https:\/\/prokulturgut.net\/akademiederkulturen\/wp-json\/wp\/v2\/types\/page"}],"author":[{"embeddable":true,"href":"https:\/\/prokulturgut.net\/akademiederkulturen\/wp-json\/wp\/v2\/users\/82"}],"replies":[{"embeddable":true,"href":"https:\/\/prokulturgut.net\/akademiederkulturen\/wp-json\/wp\/v2\/comments?post=26791"}],"version-history":[{"count":62,"href":"https:\/\/prokulturgut.net\/akademiederkulturen\/wp-json\/wp\/v2\/pages\/26791\/revisions"}],"predecessor-version":[{"id":27742,"href":"https:\/\/prokulturgut.net\/akademiederkulturen\/wp-json\/wp\/v2\/pages\/26791\/revisions\/27742"}],"wp:featuredmedia":[{"embeddable":true,"href":"https:\/\/prokulturgut.net\/akademiederkulturen\/wp-json\/wp\/v2\/media\/24611"}],"wp:attachment":[{"href":"https:\/\/prokulturgut.net\/akademiederkulturen\/wp-json\/wp\/v2\/media?parent=26791"}],"curies":[{"name":"wp","href":"https:\/\/api.w.org\/{rel}","templated":true}]}}