{"id":1609,"date":"2015-04-27T11:38:38","date_gmt":"2015-04-27T11:38:38","guid":{"rendered":"http:\/\/worldmusicevolution.net\/?page_id=1609"},"modified":"2022-10-19T16:46:37","modified_gmt":"2022-10-19T14:46:37","slug":"kuenstler","status":"publish","type":"page","link":"https:\/\/prokulturgut.net\/worldmusicevolution\/kuenstler\/","title":{"rendered":"K\u00fcnstler World Music Evolution"},"content":{"rendered":"<div class=\"fusion-fullwidth fullwidth-box fusion-builder-row-1 fusion-flex-container hundred-percent-fullwidth non-hundred-percent-height-scrolling\" style=\"--awb-border-radius-top-left:0px;--awb-border-radius-top-right:0px;--awb-border-radius-bottom-right:0px;--awb-border-radius-bottom-left:0px;--awb-overflow:visible;--awb-flex-wrap:wrap;\" ><div class=\"fusion-builder-row fusion-row fusion-flex-align-items-flex-start fusion-flex-content-wrap\" style=\"width:calc( 100% + 0px ) !important;max-width:calc( 100% + 0px ) !important;margin-left: calc(-0px \/ 2 );margin-right: calc(-0px \/ 2 );\"><div class=\"fusion-layout-column fusion_builder_column fusion-builder-column-0 fusion_builder_column_1_1 1_1 fusion-flex-column\" style=\"--awb-bg-size:cover;--awb-width-large:100%;--awb-margin-top-large:0px;--awb-spacing-right-large:0px;--awb-margin-bottom-large:20px;--awb-spacing-left-large:0px;--awb-width-medium:100%;--awb-spacing-right-medium:0px;--awb-spacing-left-medium:0px;--awb-width-small:100%;--awb-spacing-right-small:0px;--awb-spacing-left-small:0px;\"><div class=\"fusion-column-wrapper fusion-flex-justify-content-flex-start fusion-content-layout-column\"><div class=\"fusion-blog-shortcode fusion-blog-shortcode-1 fusion-blog-archive fusion-blog-layout-grid-wrapper fusion-blog-infinite\"><style type=\"text\/css\">.fusion-blog-shortcode-1 .fusion-blog-layout-grid .fusion-post-grid{padding:20px;}.fusion-blog-shortcode-1 .fusion-posts-container{margin-left: -20px !important; margin-right:-20px !important;}<\/style><div class=\"fusion-posts-container fusion-posts-container-infinite fusion-no-meta-info fusion-blog-rollover fusion-blog-layout-grid fusion-blog-layout-grid-3 isotope\" data-pages=\"11\" data-grid-col-space=\"40\" style=\"margin: -20px -20px 0;min-height:500px;\"><article id=\"blog-1-post-17306\" class=\"fusion-post-grid post-17306 post type-post status-publish format-standard has-post-thumbnail hentry category-allgemein category-artists_solo-artists\">\n<div class=\"fusion-post-wrapper\" style=\"background-color:rgba(255,255,255,0);border:1px solid #ebeaea;border-bottom-width:3px;\">\n\n\t\t\t<div class=\"fusion-flexslider flexslider fusion-flexslider-loading fusion-post-slideshow\" style=\"border-color:#ebeaea;\">\n\t\t<ul class=\"slides\">\n\t\t\t\n\t\t\t\t\t\t\t\t\t\t\t\t\t\t<li><div  class=\"fusion-image-wrapper\" aria-haspopup=\"true\">\n\t\t\t\t<img width=\"300\" height=\"400\" src=\"https:\/\/prokulturgut.net\/worldmusicevolution\/wp-content\/uploads\/sites\/2\/2018\/03\/Anton-Heidebrecht.jpg\" class=\"attachment-full size-full wp-post-image\" alt=\"\" decoding=\"async\" srcset=\"https:\/\/prokulturgut.net\/worldmusicevolution\/wp-content\/uploads\/sites\/2\/2018\/03\/Anton-Heidebrecht-200x267.jpg 200w, https:\/\/prokulturgut.net\/worldmusicevolution\/wp-content\/uploads\/sites\/2\/2018\/03\/Anton-Heidebrecht.jpg 300w\" sizes=\"(min-width: 2200px) 100vw, (min-width: 824px) 340px, (min-width: 732px) 510px, (min-width: 640px) 732px, \" \/><div class=\"fusion-rollover\">\n\t<div class=\"fusion-rollover-content\">\n\n\t\t\t\t\t\t\t\t\t\t\t\t\t\t<a class=\"fusion-rollover-link\" href=\"https:\/\/prokulturgut.net\/worldmusicevolution\/anton-heidebrecht-kontrabass\/\">Anton Heidebrecht &#8211; Kontrabass<\/a>\n\t\t\t\n\t\t\t\t\t\t\t\t\t\t\t\t\t\t\n\t\t\t\t\t\t\t\t\n\t\t\t\t\t\t\t\t\t\t\t\t\t<div class=\"fusion-rollover-sep\"><\/div>\n\t\t\t\t\n\t\t\t\t\t\t\t\t\t\t\t\t\t\t\t\t\t\t<a class=\"fusion-rollover-gallery\" href=\"https:\/\/prokulturgut.net\/worldmusicevolution\/wp-content\/uploads\/sites\/2\/2018\/03\/Anton-Heidebrecht.jpg\" data-options=\"\" data-id=\"17306\" data-rel=\"iLightbox[gallery]\" data-title=\"Anton Heidebrecht\" data-caption=\"\">\n\t\t\t\t\t\tGallerie\t\t\t\t\t<\/a>\n\t\t\t\t\t\t\t\t\t\t\t\t\t\t\n\t\t\n\t\t\t\t\t\t\t\t\t\t\t\t<h4 class=\"fusion-rollover-title\">\n\t\t\t\t\t<a class=\"fusion-rollover-title-link\" href=\"https:\/\/prokulturgut.net\/worldmusicevolution\/anton-heidebrecht-kontrabass\/\">\n\t\t\t\t\t\tAnton Heidebrecht &#8211; Kontrabass\t\t\t\t\t<\/a>\n\t\t\t\t<\/h4>\n\t\t\t\n\t\t\t\t\t\t\t\t\t\t<div class=\"fusion-rollover-categories\"><a href=\"https:\/\/prokulturgut.net\/worldmusicevolution\/category\/allgemein\/\" rel=\"tag\">Allgemein<\/a>, <a href=\"https:\/\/prokulturgut.net\/worldmusicevolution\/category\/portfolio\/artists\/artists_solo-artists\/\" rel=\"tag\">Artists Solo Artists<\/a><\/div>\t\t\t\t\t\n\t\t\n\t\t\t\t\t\t<a class=\"fusion-link-wrapper\" href=\"https:\/\/prokulturgut.net\/worldmusicevolution\/anton-heidebrecht-kontrabass\/\" aria-label=\"Anton Heidebrecht &#8211; Kontrabass\"><\/a>\n\t<\/div>\n<\/div>\n<\/div>\n<\/li>\n\t\t\t\n\t\t\t\n\t\t\t\t\t\t\t\t\t\t\t\t\t\t\t\t\t\t\t\t\t\t\t\t\t\t\t\t\t\t\t\t\t\t\t\t\t\t\t\t\t\t\t\t\t\t\t\t\t\t\t\t\t\t\t\t\t\t\t\t\t\t\t\t\t\t\t\t<\/ul>\n\t<\/div>\n\t<div class=\"fusion-post-content-wrapper\" style=\"padding:30px 25px 25px 25px;\"><div class=\"fusion-post-content post-content\"><h2 class=\"blog-shortcode-post-title entry-title\"><a href=\"https:\/\/prokulturgut.net\/worldmusicevolution\/anton-heidebrecht-kontrabass\/\">Anton Heidebrecht &#8211; Kontrabass<\/a><\/h2><div class=\"fusion-post-content-container\"><p>Der seit 1999 aktive Veranstalter der legend\u00e4ren Dachgeschoss Jamsessions wird nicht immer geh\u00f6rt, aber definitiv immer gef\u00fchlt! Sp\u00e4testens seit 2011, als er Grandmother Funk mit vibrierenden Bassl\u00e4ufen unterst\u00fctzte, ist der gelernte Bassist\/Contrabassist auf Deutschlands B\u00fchnen [...]<\/p><\/div><\/div><\/div><div class=\"fusion-clearfix\"><\/div><\/div>\n<\/article>\n<article id=\"blog-1-post-17293\" class=\"fusion-post-grid post-17293 post type-post status-publish format-standard has-post-thumbnail hentry category-artists category-artists_solo-artists category-portfolio\">\n<div class=\"fusion-post-wrapper\" style=\"background-color:rgba(255,255,255,0);border:1px solid #ebeaea;border-bottom-width:3px;\">\n\n\t\t\t<div class=\"fusion-flexslider flexslider fusion-flexslider-loading fusion-post-slideshow\" style=\"border-color:#ebeaea;\">\n\t\t<ul class=\"slides\">\n\t\t\t\n\t\t\t\t\t\t\t\t\t\t\t\t\t\t<li><div  class=\"fusion-image-wrapper\" aria-haspopup=\"true\">\n\t\t\t\t<img width=\"800\" height=\"533\" src=\"https:\/\/prokulturgut.net\/worldmusicevolution\/wp-content\/uploads\/sites\/2\/2018\/03\/Lukasz-Flakus.jpg\" class=\"attachment-full size-full wp-post-image\" alt=\"Lukasz Flakus\" decoding=\"async\" srcset=\"https:\/\/prokulturgut.net\/worldmusicevolution\/wp-content\/uploads\/sites\/2\/2018\/03\/Lukasz-Flakus-400x267.jpg 400w, https:\/\/prokulturgut.net\/worldmusicevolution\/wp-content\/uploads\/sites\/2\/2018\/03\/Lukasz-Flakus.jpg 800w\" sizes=\"(min-width: 2200px) 100vw, (min-width: 824px) 340px, (min-width: 732px) 510px, (min-width: 640px) 732px, \" \/><div class=\"fusion-rollover\">\n\t<div class=\"fusion-rollover-content\">\n\n\t\t\t\t\t\t\t\t\t\t\t\t\t\t<a class=\"fusion-rollover-link\" href=\"https:\/\/prokulturgut.net\/worldmusicevolution\/lukasz-flakus-klavier\/\">Lukasz Flakus, Klavier<\/a>\n\t\t\t\n\t\t\t\t\t\t\t\t\t\t\t\t\t\t\n\t\t\t\t\t\t\t\t\n\t\t\t\t\t\t\t\t\t\t\t\t\t<div class=\"fusion-rollover-sep\"><\/div>\n\t\t\t\t\n\t\t\t\t\t\t\t\t\t\t\t\t\t\t\t\t\t\t<a class=\"fusion-rollover-gallery\" href=\"https:\/\/prokulturgut.net\/worldmusicevolution\/wp-content\/uploads\/sites\/2\/2018\/03\/Lukasz-Flakus.jpg\" data-options=\"\" data-id=\"17293\" data-rel=\"iLightbox[gallery]\" data-title=\"Lukasz Flakus\" data-caption=\"\">\n\t\t\t\t\t\tGallerie\t\t\t\t\t<\/a>\n\t\t\t\t\t\t\t\t\t\t\t\t\t\t\n\t\t\n\t\t\t\t\t\t\t\t\t\t\t\t<h4 class=\"fusion-rollover-title\">\n\t\t\t\t\t<a class=\"fusion-rollover-title-link\" href=\"https:\/\/prokulturgut.net\/worldmusicevolution\/lukasz-flakus-klavier\/\">\n\t\t\t\t\t\tLukasz Flakus, Klavier\t\t\t\t\t<\/a>\n\t\t\t\t<\/h4>\n\t\t\t\n\t\t\t\t\t\t\t\t\t\t<div class=\"fusion-rollover-categories\"><a href=\"https:\/\/prokulturgut.net\/worldmusicevolution\/category\/portfolio\/artists\/\" rel=\"tag\">Artists<\/a>, <a href=\"https:\/\/prokulturgut.net\/worldmusicevolution\/category\/portfolio\/artists\/artists_solo-artists\/\" rel=\"tag\">Artists Solo Artists<\/a>, <a href=\"https:\/\/prokulturgut.net\/worldmusicevolution\/category\/portfolio\/\" rel=\"tag\">Portfolio<\/a><\/div>\t\t\t\t\t\n\t\t\n\t\t\t\t\t\t<a class=\"fusion-link-wrapper\" href=\"https:\/\/prokulturgut.net\/worldmusicevolution\/lukasz-flakus-klavier\/\" aria-label=\"Lukasz Flakus, Klavier\"><\/a>\n\t<\/div>\n<\/div>\n<\/div>\n<\/li>\n\t\t\t\n\t\t\t\n\t\t\t\t\t\t\t\t\t\t\t\t\t\t\t\t\t\t\t\t\t\t\t\t\t\t\t\t\t\t\t\t\t\t\t\t\t\t\t\t\t\t\t\t\t\t\t\t\t\t\t\t\t\t\t\t\t\t\t\t\t\t\t\t\t\t\t\t<\/ul>\n\t<\/div>\n\t<div class=\"fusion-post-content-wrapper\" style=\"padding:30px 25px 25px 25px;\"><div class=\"fusion-post-content post-content\"><h2 class=\"blog-shortcode-post-title entry-title\"><a href=\"https:\/\/prokulturgut.net\/worldmusicevolution\/lukasz-flakus-klavier\/\">Lukasz Flakus, Klavier<\/a><\/h2><div class=\"fusion-post-content-container\"><p>1986 in Tarnowitz (Polen) geboren, begann im Alter von sieben Jahren das Klavierspiel. Nach erfolgreichen Studien an verschiedenen renommierten Musikschulen sowie Akademien Polens, darunter Katowitz und Krakau, zog es ihn an die Folkwang Universit\u00e4t Essen, [...]<\/p><\/div><\/div><\/div><div class=\"fusion-clearfix\"><\/div><\/div>\n<\/article>\n<article id=\"blog-1-post-16371\" class=\"fusion-post-grid post-16371 post type-post status-publish format-standard has-post-thumbnail hentry category-artists category-artists_special-guests category-portfolio\">\n<div class=\"fusion-post-wrapper\" style=\"background-color:rgba(255,255,255,0);border:1px solid #ebeaea;border-bottom-width:3px;\">\n\n\t\t\t<div class=\"fusion-flexslider flexslider fusion-flexslider-loading fusion-post-slideshow\" style=\"border-color:#ebeaea;\">\n\t\t<ul class=\"slides\">\n\t\t\t\n\t\t\t\t\t\t\t\t\t\t\t\t\t\t<li><div  class=\"fusion-image-wrapper\" aria-haspopup=\"true\">\n\t\t\t\t<img width=\"329\" height=\"164\" src=\"https:\/\/prokulturgut.net\/worldmusicevolution\/wp-content\/uploads\/sites\/2\/2015\/06\/Kilema-Homepage--e1469104506951.png\" class=\"attachment-full size-full wp-post-image\" alt=\"\" decoding=\"async\" \/><div class=\"fusion-rollover\">\n\t<div class=\"fusion-rollover-content\">\n\n\t\t\t\t\t\t\t\t\t\t\t\t\t\t<a class=\"fusion-rollover-link\" href=\"https:\/\/prokulturgut.net\/worldmusicevolution\/kilema-multi-instrumentalist-3\/\">Kilema &#8211; Multi-Instrumentalist<\/a>\n\t\t\t\n\t\t\t\t\t\t\t\t\t\t\t\t\t\t\n\t\t\t\t\t\t\t\t\n\t\t\t\t\t\t\t\t\t\t\t\t\t<div class=\"fusion-rollover-sep\"><\/div>\n\t\t\t\t\n\t\t\t\t\t\t\t\t\t\t\t\t\t\t\t\t\t\t<a class=\"fusion-rollover-gallery\" href=\"https:\/\/prokulturgut.net\/worldmusicevolution\/wp-content\/uploads\/sites\/2\/2015\/06\/Kilema-Homepage--e1469104506951.png\" data-options=\"\" data-id=\"16371\" data-rel=\"iLightbox[gallery]\" data-title=\"Kilema\" data-caption=\"\">\n\t\t\t\t\t\tGallerie\t\t\t\t\t<\/a>\n\t\t\t\t\t\t\t\t\t\t\t\t\t\t\n\t\t\n\t\t\t\t\t\t\t\t\t\t\t\t<h4 class=\"fusion-rollover-title\">\n\t\t\t\t\t<a class=\"fusion-rollover-title-link\" href=\"https:\/\/prokulturgut.net\/worldmusicevolution\/kilema-multi-instrumentalist-3\/\">\n\t\t\t\t\t\tKilema &#8211; Multi-Instrumentalist\t\t\t\t\t<\/a>\n\t\t\t\t<\/h4>\n\t\t\t\n\t\t\t\t\t\t\t\t\t\t<div class=\"fusion-rollover-categories\"><a href=\"https:\/\/prokulturgut.net\/worldmusicevolution\/category\/portfolio\/artists\/\" rel=\"tag\">Artists<\/a>, <a href=\"https:\/\/prokulturgut.net\/worldmusicevolution\/category\/portfolio\/artists\/artists_special-guests\/\" rel=\"tag\">Artists Special Guests<\/a>, <a href=\"https:\/\/prokulturgut.net\/worldmusicevolution\/category\/portfolio\/\" rel=\"tag\">Portfolio<\/a><\/div>\t\t\t\t\t\n\t\t\n\t\t\t\t\t\t<a class=\"fusion-link-wrapper\" href=\"https:\/\/prokulturgut.net\/worldmusicevolution\/kilema-multi-instrumentalist-3\/\" aria-label=\"Kilema &#8211; Multi-Instrumentalist\"><\/a>\n\t<\/div>\n<\/div>\n<\/div>\n<\/li>\n\t\t\t\n\t\t\t\n\t\t\t\t\t\t\t\t\t\t\t\t\t\t\t\t\t\t\t\t\t\t\t\t\t\t\t\t\t\t\t\t\t\t\t\t\t\t\t\t\t\t\t\t\t\t\t\t\t\t\t\t\t\t\t\t\t\t\t\t\t\t\t\t\t\t\t\t<\/ul>\n\t<\/div>\n\t<div class=\"fusion-post-content-wrapper\" style=\"padding:30px 25px 25px 25px;\"><div class=\"fusion-post-content post-content\"><h2 class=\"blog-shortcode-post-title entry-title\"><a href=\"https:\/\/prokulturgut.net\/worldmusicevolution\/kilema-multi-instrumentalist-3\/\">Kilema &#8211; Multi-Instrumentalist<\/a><\/h2><div class=\"fusion-post-content-container\"><p>Kilema ist ein charismatischer K\u00fcnstler, spielt mehrere Instrumente und schreibt Songtexte. Geboren in Madagaskar, kam er durch Adoption nach Andalusien und ist heute einer der popul\u00e4rsten Musiker des Landes. International bekannt wurde er durch Auftritte [...]<\/p><\/div><\/div><\/div><div class=\"fusion-clearfix\"><\/div><\/div>\n<\/article>\n<article id=\"blog-1-post-15576\" class=\"fusion-post-grid post-15576 post type-post status-publish format-standard has-post-thumbnail hentry category-artists category-artists_solo-artists category-portfolio\">\n<div class=\"fusion-post-wrapper\" style=\"background-color:rgba(255,255,255,0);border:1px solid #ebeaea;border-bottom-width:3px;\">\n\n\t\t\t<div class=\"fusion-flexslider flexslider fusion-flexslider-loading fusion-post-slideshow\" style=\"border-color:#ebeaea;\">\n\t\t<ul class=\"slides\">\n\t\t\t\n\t\t\t\t\t\t\t\t\t\t\t\t\t\t<li><div  class=\"fusion-image-wrapper\" aria-haspopup=\"true\">\n\t\t\t\t<img width=\"800\" height=\"532\" src=\"https:\/\/prokulturgut.net\/worldmusicevolution\/wp-content\/uploads\/sites\/2\/2017\/11\/Ivan-Snegur-web.jpg\" class=\"attachment-full size-full wp-post-image\" alt=\"Ivan Snegur, Gitarre\" decoding=\"async\" srcset=\"https:\/\/prokulturgut.net\/worldmusicevolution\/wp-content\/uploads\/sites\/2\/2017\/11\/Ivan-Snegur-web-400x266.jpg 400w, https:\/\/prokulturgut.net\/worldmusicevolution\/wp-content\/uploads\/sites\/2\/2017\/11\/Ivan-Snegur-web.jpg 800w\" sizes=\"(min-width: 2200px) 100vw, (min-width: 824px) 340px, (min-width: 732px) 510px, (min-width: 640px) 732px, \" \/><div class=\"fusion-rollover\">\n\t<div class=\"fusion-rollover-content\">\n\n\t\t\t\t\t\t\t\t\t\t\t\t\t\t<a class=\"fusion-rollover-link\" href=\"https:\/\/prokulturgut.net\/worldmusicevolution\/ivan-snegur-gitarre\/\">Ivan Snegur &#8211; Gitarre<\/a>\n\t\t\t\n\t\t\t\t\t\t\t\t\t\t\t\t\t\t\n\t\t\t\t\t\t\t\t\n\t\t\t\t\t\t\t\t\t\t\t\t\t<div class=\"fusion-rollover-sep\"><\/div>\n\t\t\t\t\n\t\t\t\t\t\t\t\t\t\t\t\t\t\t\t\t\t\t<a class=\"fusion-rollover-gallery\" href=\"https:\/\/prokulturgut.net\/worldmusicevolution\/wp-content\/uploads\/sites\/2\/2017\/11\/Ivan-Snegur-web.jpg\" data-options=\"\" data-id=\"15576\" data-rel=\"iLightbox[gallery]\" data-title=\"Ivan Snegur, Gitarre\" data-caption=\"\">\n\t\t\t\t\t\tGallerie\t\t\t\t\t<\/a>\n\t\t\t\t\t\t\t\t\t\t\t\t\t\t\n\t\t\n\t\t\t\t\t\t\t\t\t\t\t\t<h4 class=\"fusion-rollover-title\">\n\t\t\t\t\t<a class=\"fusion-rollover-title-link\" href=\"https:\/\/prokulturgut.net\/worldmusicevolution\/ivan-snegur-gitarre\/\">\n\t\t\t\t\t\tIvan Snegur &#8211; Gitarre\t\t\t\t\t<\/a>\n\t\t\t\t<\/h4>\n\t\t\t\n\t\t\t\t\t\t\t\t\t\t<div class=\"fusion-rollover-categories\"><a href=\"https:\/\/prokulturgut.net\/worldmusicevolution\/category\/portfolio\/artists\/\" rel=\"tag\">Artists<\/a>, <a href=\"https:\/\/prokulturgut.net\/worldmusicevolution\/category\/portfolio\/artists\/artists_solo-artists\/\" rel=\"tag\">Artists Solo Artists<\/a>, <a href=\"https:\/\/prokulturgut.net\/worldmusicevolution\/category\/portfolio\/\" rel=\"tag\">Portfolio<\/a><\/div>\t\t\t\t\t\n\t\t\n\t\t\t\t\t\t<a class=\"fusion-link-wrapper\" href=\"https:\/\/prokulturgut.net\/worldmusicevolution\/ivan-snegur-gitarre\/\" aria-label=\"Ivan Snegur &#8211; Gitarre\"><\/a>\n\t<\/div>\n<\/div>\n<\/div>\n<\/li>\n\t\t\t\n\t\t\t\n\t\t\t\t\t\t\t\t\t\t\t\t\t\t\t\t\t\t\t\t\t\t\t\t\t\t\t\t\t\t\t\t\t\t\t\t\t\t\t\t\t\t\t\t\t\t\t\t\t\t\t\t\t\t\t\t\t\t\t\t\t\t\t\t\t\t\t\t<\/ul>\n\t<\/div>\n\t<div class=\"fusion-post-content-wrapper\" style=\"padding:30px 25px 25px 25px;\"><div class=\"fusion-post-content post-content\"><h2 class=\"blog-shortcode-post-title entry-title\"><a href=\"https:\/\/prokulturgut.net\/worldmusicevolution\/ivan-snegur-gitarre\/\">Ivan Snegur &#8211; Gitarre<\/a><\/h2><div class=\"fusion-post-content-container\"><p>Ivan Snegur\u00a0stammt aus Kasachstan und lebt seit 2003 in Deutschland. Er studierte Gitarre an der Folkwang Universit\u00e4t der K\u00fcnste in Essen. Seither steht er in Zusammenarbeit mit verschiedenen K\u00fcnstlern und Musikgruppen in NRW.<\/p><\/div><\/div><\/div><div class=\"fusion-clearfix\"><\/div><\/div>\n<\/article>\n<article id=\"blog-1-post-2015\" class=\"fusion-post-grid post-2015 post type-post status-publish format-standard has-post-thumbnail hentry category-artists category-artists_solo-artists category-kuenstler-ruhrstadt-festival-2015 category-portfolio\">\n<div class=\"fusion-post-wrapper\" style=\"background-color:rgba(255,255,255,0);border:1px solid #ebeaea;border-bottom-width:3px;\">\n\n\t\t\t<div class=\"fusion-flexslider flexslider fusion-flexslider-loading fusion-post-slideshow\" style=\"border-color:#ebeaea;\">\n\t\t<ul class=\"slides\">\n\t\t\t\n\t\t\t\t\t\t\t\t\t\t\t\t\t\t<li><div  class=\"fusion-image-wrapper\" aria-haspopup=\"true\">\n\t\t\t\t<img width=\"600\" height=\"900\" src=\"https:\/\/prokulturgut.net\/worldmusicevolution\/wp-content\/uploads\/sites\/2\/2015\/06\/DSC_0067-e1436280259917.jpg\" class=\"attachment-full size-full wp-post-image\" alt=\"\" decoding=\"async\" \/><div class=\"fusion-rollover\">\n\t<div class=\"fusion-rollover-content\">\n\n\t\t\t\t\t\t\t\t\t\t\t\t\t\t<a class=\"fusion-rollover-link\" href=\"https:\/\/prokulturgut.net\/worldmusicevolution\/afshin-ghavami\/\">Afshin Ghavami &#8211; Flamenco Gitarre<\/a>\n\t\t\t\n\t\t\t\t\t\t\t\t\t\t\t\t\t\t\n\t\t\t\t\t\t\t\t\n\t\t\t\t\t\t\t\t\t\t\t\t\t<div class=\"fusion-rollover-sep\"><\/div>\n\t\t\t\t\n\t\t\t\t\t\t\t\t\t\t\t\t\t\t\t\t\t\t<a class=\"fusion-rollover-gallery\" href=\"https:\/\/prokulturgut.net\/worldmusicevolution\/wp-content\/uploads\/sites\/2\/2015\/06\/DSC_0067-e1436280259917.jpg\" data-options=\"\" data-id=\"2015\" data-rel=\"iLightbox[gallery]\" data-title=\"Afshin Ghavami\" data-caption=\"Afshin Ghavami\">\n\t\t\t\t\t\tGallerie\t\t\t\t\t<\/a>\n\t\t\t\t\t\t\t\t\t\t\t\t\t\t\n\t\t\n\t\t\t\t\t\t\t\t\t\t\t\t<h4 class=\"fusion-rollover-title\">\n\t\t\t\t\t<a class=\"fusion-rollover-title-link\" href=\"https:\/\/prokulturgut.net\/worldmusicevolution\/afshin-ghavami\/\">\n\t\t\t\t\t\tAfshin Ghavami &#8211; Flamenco Gitarre\t\t\t\t\t<\/a>\n\t\t\t\t<\/h4>\n\t\t\t\n\t\t\t\t\t\t\t\t\t\t<div class=\"fusion-rollover-categories\"><a href=\"https:\/\/prokulturgut.net\/worldmusicevolution\/category\/portfolio\/artists\/\" rel=\"tag\">Artists<\/a>, <a href=\"https:\/\/prokulturgut.net\/worldmusicevolution\/category\/portfolio\/artists\/artists_solo-artists\/\" rel=\"tag\">Artists Solo Artists<\/a>, <a href=\"https:\/\/prokulturgut.net\/worldmusicevolution\/category\/kuenstler-ruhrstadt-festival-2015\/\" rel=\"tag\">K\u00fcnstler Ruhrstadt-Festival 2015<\/a>, <a href=\"https:\/\/prokulturgut.net\/worldmusicevolution\/category\/portfolio\/\" rel=\"tag\">Portfolio<\/a><\/div>\t\t\t\t\t\n\t\t\n\t\t\t\t\t\t<a class=\"fusion-link-wrapper\" href=\"https:\/\/prokulturgut.net\/worldmusicevolution\/afshin-ghavami\/\" aria-label=\"Afshin Ghavami &#8211; Flamenco Gitarre\"><\/a>\n\t<\/div>\n<\/div>\n<\/div>\n<\/li>\n\t\t\t\n\t\t\t\n\t\t\t\t\t\t\t\t\t\t\t\t\t\t\t\t\t\t\t\t\t\t\t\t\t\t\t\t\t\t\t\t\t\t\t\t\t\t\t\t\t\t\t\t\t\t\t\t\t\t\t\t\t\t\t\t\t\t\t\t\t\t\t\t\t\t\t\t<\/ul>\n\t<\/div>\n\t<div class=\"fusion-post-content-wrapper\" style=\"padding:30px 25px 25px 25px;\"><div class=\"fusion-post-content post-content\"><h2 class=\"blog-shortcode-post-title entry-title\"><a href=\"https:\/\/prokulturgut.net\/worldmusicevolution\/afshin-ghavami\/\">Afshin Ghavami &#8211; Flamenco Gitarre<\/a><\/h2><div class=\"fusion-post-content-container\"><p>Afshin Ghavami ist iranischer Abstammung und wird als virtuoser und einf\u00fchlsamer Flamenco-Gitarrist gesch\u00e4tzt. Afshin begann seine Ausbildung an der Flamenco-Gitarre bei Armin B\u00e4cker. Anschlie\u00dfend begleitete er diverse Flamenco T\u00e4nzer und T\u00e4nzerinnen.  Afshin Ghavami  [...]<\/p><\/div><\/div><\/div><div class=\"fusion-clearfix\"><\/div><\/div>\n<\/article>\n<article id=\"blog-1-post-2649\" class=\"fusion-post-grid post-2649 post type-post status-publish format-standard has-post-thumbnail hentry category-artists category-artists_solo-artists category-kuenstler-ruhrstadt-festival-2015 category-portfolio\">\n<div class=\"fusion-post-wrapper\" style=\"background-color:rgba(255,255,255,0);border:1px solid #ebeaea;border-bottom-width:3px;\">\n\n\t\t\t<div class=\"fusion-flexslider flexslider fusion-flexslider-loading fusion-post-slideshow\" style=\"border-color:#ebeaea;\">\n\t\t<ul class=\"slides\">\n\t\t\t\n\t\t\t\t\t\t\t\t\t\t\t\t\t\t<li><div  class=\"fusion-image-wrapper\" aria-haspopup=\"true\">\n\t\t\t\t<img width=\"800\" height=\"735\" src=\"https:\/\/prokulturgut.net\/worldmusicevolution\/wp-content\/uploads\/sites\/2\/2015\/06\/AndreasHeuser-Homepage-2.png\" class=\"attachment-full size-full wp-post-image\" alt=\"\" decoding=\"async\" \/><div class=\"fusion-rollover\">\n\t<div class=\"fusion-rollover-content\">\n\n\t\t\t\t\t\t\t\t\t\t\t\t\t\t<a class=\"fusion-rollover-link\" href=\"https:\/\/prokulturgut.net\/worldmusicevolution\/andreas-heuser-gitarren-violine\/\">Andreas Heuser &#8211; Gitarren, Violine<\/a>\n\t\t\t\n\t\t\t\t\t\t\t\t\t\t\t\t\t\t\n\t\t\t\t\t\t\t\t\n\t\t\t\t\t\t\t\t\t\t\t\t\t<div class=\"fusion-rollover-sep\"><\/div>\n\t\t\t\t\n\t\t\t\t\t\t\t\t\t\t\t\t\t\t\t\t\t\t<a class=\"fusion-rollover-gallery\" href=\"https:\/\/prokulturgut.net\/worldmusicevolution\/wp-content\/uploads\/sites\/2\/2015\/06\/AndreasHeuser-Homepage-2.png\" data-options=\"\" data-id=\"2649\" data-rel=\"iLightbox[gallery]\" data-title=\"Andreas Heuser\" data-caption=\"Andreas Heuser\">\n\t\t\t\t\t\tGallerie\t\t\t\t\t<\/a>\n\t\t\t\t\t\t\t\t\t\t\t\t\t\t\n\t\t\n\t\t\t\t\t\t\t\t\t\t\t\t<h4 class=\"fusion-rollover-title\">\n\t\t\t\t\t<a class=\"fusion-rollover-title-link\" href=\"https:\/\/prokulturgut.net\/worldmusicevolution\/andreas-heuser-gitarren-violine\/\">\n\t\t\t\t\t\tAndreas Heuser &#8211; Gitarren, Violine\t\t\t\t\t<\/a>\n\t\t\t\t<\/h4>\n\t\t\t\n\t\t\t\t\t\t\t\t\t\t<div class=\"fusion-rollover-categories\"><a href=\"https:\/\/prokulturgut.net\/worldmusicevolution\/category\/portfolio\/artists\/\" rel=\"tag\">Artists<\/a>, <a href=\"https:\/\/prokulturgut.net\/worldmusicevolution\/category\/portfolio\/artists\/artists_solo-artists\/\" rel=\"tag\">Artists Solo Artists<\/a>, <a href=\"https:\/\/prokulturgut.net\/worldmusicevolution\/category\/kuenstler-ruhrstadt-festival-2015\/\" rel=\"tag\">K\u00fcnstler Ruhrstadt-Festival 2015<\/a>, <a href=\"https:\/\/prokulturgut.net\/worldmusicevolution\/category\/portfolio\/\" rel=\"tag\">Portfolio<\/a><\/div>\t\t\t\t\t\n\t\t\n\t\t\t\t\t\t<a class=\"fusion-link-wrapper\" href=\"https:\/\/prokulturgut.net\/worldmusicevolution\/andreas-heuser-gitarren-violine\/\" aria-label=\"Andreas Heuser &#8211; Gitarren, Violine\"><\/a>\n\t<\/div>\n<\/div>\n<\/div>\n<\/li>\n\t\t\t\n\t\t\t\n\t\t\t\t\t\t\t\t\t\t\t\t\t\t\t\t\t\t\t\t\t\t\t\t\t\t\t\t\t\t\t\t\t\t\t\t\t\t\t\t\t\t\t\t\t\t\t\t\t\t\t\t\t\t\t\t\t\t\t\t\t\t\t\t\t\t\t\t<\/ul>\n\t<\/div>\n\t<div class=\"fusion-post-content-wrapper\" style=\"padding:30px 25px 25px 25px;\"><div class=\"fusion-post-content post-content\"><h2 class=\"blog-shortcode-post-title entry-title\"><a href=\"https:\/\/prokulturgut.net\/worldmusicevolution\/andreas-heuser-gitarren-violine\/\">Andreas Heuser &#8211; Gitarren, Violine<\/a><\/h2><div class=\"fusion-post-content-container\"><p> Andreas Heuser \u00a0 \u00a0 \u00a0 \u00a0 \u00a0 \u00a0 \u00a0 \u00a0 \u00a0 \u00a0 \u00a0 \u00a0 Foto: Burcu Yumrukcaglar  Andreas Heuser ist Autodidakt. Nach seinen Anf\u00e4ngerjahren folgten ein Klassik- und Jazzgitarren-Studium und eine langj\u00e4hrige praktische [...]<\/p><\/div><\/div><\/div><div class=\"fusion-clearfix\"><\/div><\/div>\n<\/article>\n<div class=\"fusion-clearfix\"><\/div><\/div><div class=\"fusion-infinite-scroll-trigger\"><\/div><div class=\"pagination infinite-scroll clearfix\" style=\"display:none;\"><span class=\"current\">1<\/span><a href=\"https:\/\/prokulturgut.net\/worldmusicevolution\/wp-json\/wp\/v2\/pages\/1609\/page\/2\/\" class=\"inactive\">2<\/a><a class=\"pagination-next\" rel=\"next\" href=\"https:\/\/prokulturgut.net\/worldmusicevolution\/wp-json\/wp\/v2\/pages\/1609\/page\/2\/\"><span class=\"page-text\">Vor<\/span><span class=\"page-next\"><\/span><\/a><\/div><div class=\"fusion-clearfix\"><\/div><\/div><\/div><\/div><\/div><\/div>\n","protected":false},"excerpt":{"rendered":"","protected":false},"author":2,"featured_media":0,"parent":0,"menu_order":29,"comment_status":"closed","ping_status":"closed","template":"","meta":[],"_links":{"self":[{"href":"https:\/\/prokulturgut.net\/worldmusicevolution\/wp-json\/wp\/v2\/pages\/1609"}],"collection":[{"href":"https:\/\/prokulturgut.net\/worldmusicevolution\/wp-json\/wp\/v2\/pages"}],"about":[{"href":"https:\/\/prokulturgut.net\/worldmusicevolution\/wp-json\/wp\/v2\/types\/page"}],"author":[{"embeddable":true,"href":"https:\/\/prokulturgut.net\/worldmusicevolution\/wp-json\/wp\/v2\/users\/2"}],"replies":[{"embeddable":true,"href":"https:\/\/prokulturgut.net\/worldmusicevolution\/wp-json\/wp\/v2\/comments?post=1609"}],"version-history":[{"count":24,"href":"https:\/\/prokulturgut.net\/worldmusicevolution\/wp-json\/wp\/v2\/pages\/1609\/revisions"}],"predecessor-version":[{"id":18035,"href":"https:\/\/prokulturgut.net\/worldmusicevolution\/wp-json\/wp\/v2\/pages\/1609\/revisions\/18035"}],"wp:attachment":[{"href":"https:\/\/prokulturgut.net\/worldmusicevolution\/wp-json\/wp\/v2\/media?parent=1609"}],"curies":[{"name":"wp","href":"https:\/\/api.w.org\/{rel}","templated":true}]}}