{"id":8247,"date":"2016-09-14T10:09:10","date_gmt":"2016-09-14T08:09:10","guid":{"rendered":"http:\/\/worldmusicevolution.net\/?page_id=8247"},"modified":"2025-11-06T14:28:41","modified_gmt":"2025-11-06T13:28:41","slug":"ein-rueckblick-auf-das-ruhrstadt-festival-2015","status":"publish","type":"page","link":"https:\/\/prokulturgut.net\/worldmusicevolution\/ruhrstadtfestival\/ein-rueckblick-auf-das-ruhrstadt-festival-2015\/","title":{"rendered":"Ein R\u00fcckblick auf das Ruhrstadt-Festival 2015"},"content":{"rendered":"<p><div class=\"fusion-fullwidth fullwidth-box fusion-builder-row-1 fusion-flex-container nonhundred-percent-fullwidth non-hundred-percent-height-scrolling\" style=\"--awb-border-radius-top-left:0px;--awb-border-radius-top-right:0px;--awb-border-radius-bottom-right:0px;--awb-border-radius-bottom-left:0px;--awb-flex-wrap:wrap;\" ><div class=\"fusion-builder-row fusion-row fusion-flex-align-items-flex-start fusion-flex-content-wrap\" style=\"max-width:1144px;margin-left: calc(-4% \/ 2 );margin-right: calc(-4% \/ 2 );\"><div class=\"fusion-layout-column fusion_builder_column fusion-builder-column-0 fusion_builder_column_1_1 1_1 fusion-flex-column\" style=\"--awb-bg-size:cover;--awb-width-large:100%;--awb-margin-top-large:0px;--awb-spacing-right-large:1.92%;--awb-margin-bottom-large:20px;--awb-spacing-left-large:1.92%;--awb-width-medium:100%;--awb-order-medium:0;--awb-spacing-right-medium:1.92%;--awb-spacing-left-medium:1.92%;--awb-width-small:100%;--awb-order-small:0;--awb-spacing-right-small:1.92%;--awb-spacing-left-small:1.92%;\"><div class=\"fusion-column-wrapper fusion-column-has-shadow fusion-flex-justify-content-flex-start fusion-content-layout-column\"><div class=\"fusion-title title fusion-title-1 fusion-title-text fusion-title-size-one\" style=\"--awb-font-size:30px;\"><div class=\"title-sep-container title-sep-container-left fusion-no-large-visibility fusion-no-medium-visibility fusion-no-small-visibility\"><div class=\"title-sep sep- sep-solid\" style=\"border-color:#e0dede;\"><\/div><\/div><span class=\"awb-title-spacer fusion-no-large-visibility fusion-no-medium-visibility fusion-no-small-visibility\"><\/span><h1 class=\"fusion-title-heading title-heading-left fusion-responsive-typography-calculated\" style=\"margin:0;font-size:1em;--fontSize:30;line-height:1.41;\"><span style=\"font-family: Montserrat;font-weight: 700\" data-fusion-font=\"true\" data-fusion-google-font=\"Montserrat\" data-fusion-google-variant=\"700\"><\/p>\n<p>\t\t\tEin R\u00fcckblick auf das Ruhrstadt &#8211; Festival 2015<\/p>\n<p>\t<\/span><\/h1><span class=\"awb-title-spacer\"><\/span><div class=\"title-sep-container title-sep-container-right\"><div class=\"title-sep sep- sep-solid\" style=\"border-color:#e0dede;\"><\/div><\/div><\/div><\/div><\/div><div class=\"fusion-layout-column fusion_builder_column fusion-builder-column-1 fusion_builder_column_4_5 4_5 fusion-flex-column\" style=\"--awb-bg-size:cover;--awb-width-large:80%;--awb-margin-top-large:0px;--awb-spacing-right-large:2.4%;--awb-margin-bottom-large:20px;--awb-spacing-left-large:2.4%;--awb-width-medium:80%;--awb-order-medium:0;--awb-spacing-right-medium:2.4%;--awb-spacing-left-medium:2.4%;--awb-width-small:100%;--awb-order-small:0;--awb-spacing-right-small:1.92%;--awb-spacing-left-small:1.92%;\"><div class=\"fusion-column-wrapper fusion-column-has-shadow fusion-flex-justify-content-flex-start fusion-content-layout-column\"><div class=\"fusion-text fusion-text-1\"><p><span style=\"font-family: tahoma, arial, helvetica, sans-serif\"><strong>Von Juni bis September in Bochum, Hattingen, Dortmund und Essen<\/strong><\/span><\/p>\n<p><span style=\"font-family: tahoma, arial, helvetica, sans-serif\">Der Sommer 2015 stand mit dem WORLD MUSIC EVOLUTION &#8211; Ruhrstadt-Festival 2015 im Zeichen einer neuen Form der Weltmusik \u2013 Begegnungen, Interaktionen und neue Kreationen mit und zwischen internationalen K\u00fcnstlern aus NRW und G\u00e4sten verschiedener Weltkulturen.<\/span><\/p>\n<p><span style=\"font-family: tahoma, arial, helvetica, sans-serif\">Dabei konnten der <a href=\"http:\/\/prokulturgut.net\/ueber-uns\/kulturgut-e-v\/\">Kulturgut e.V.<\/a> und seine Partner der Idee einer grenzenlosen Ruhr-Kultur neuen Raum geben und die Identit\u00e4t der Region Ruhr in ihrer Interkulturalit\u00e4t st\u00e4rken.<\/span><\/p>\n<p><span style=\"font-family: tahoma, arial, helvetica, sans-serif\">Erm\u00f6glicht durch die Unterst\u00fctzung des Landes NRW und das gro\u00dfe Engagement der Beteiligten im Netzwerkverband des prokulturgut.net e.V. entstand ein umfangreiches Programm das in Bochum, Hattingen, Dortmund und Essen zu erleben war.<\/span><\/p>\n<p><span style=\"font-family: tahoma, arial, helvetica, sans-serif\">Kooperiert wurde mit der Akademie der Kulturen NRW, verschiedenen Vereinen, der Jugendkunstschule \u201cSchule der K\u00fcnste\u201d, den beteiligten St\u00e4dte, Kulturb\u00fcros, Jugend\u00e4mtern, und anderen Partnern.<\/span><\/p>\n<p><span style=\"font-family: tahoma, arial, helvetica, sans-serif\">K\u00fcnstlerische Weiterentwicklung, Kommunikation und Verst\u00e4ndigung zwischen den in NRW lebenden Kulturen stand im Vordergrund. Das Festival l\u00f6ste ein prozessorientiertes Miteinander aus und es entstand neue Zusammenarbeit zwischen regionalen und internationalen PartnerInnen. Dabei trug es zur europ\u00e4ischen Profilierung der Region bei.<\/span><\/p>\n<p><span style=\"font-family: tahoma, arial, helvetica, sans-serif\">Das Programm entwickelte der k\u00fcnstlerische Leiter Reinhard Kreckel gemeinsam mit einem interessierten Team an Musikern und K\u00fcnstlern aus dem Ruhrgebiet. Es zeichnete sich durch ein hohes, k\u00fcnstlerisches Niveau, inhaltliche Qualit\u00e4t und sinnhaftes, globales Denken aus. Alles stand im Zeichen eines friedlichen Miteinanders aller Weltkulturen und einer die Kunstsparten \u00fcbergreifenden, multimedialen und k\u00fcnstlerischen Begegnung.<\/span><\/p>\n<p><span style=\"font-family: tahoma, arial, helvetica, sans-serif\">K\u00fcnstler wie Publikum erlebten, wie die universelle Sprache der Musik und die anderer K\u00fcnste den Dialog von, mit und zwischen den unterschiedlichen Kulturen in NRW er\u00f6ffnen konnte. Die K\u00fcnstler waren f\u00fcr das Publikum auch pers\u00f6nlich erreichbar in begleitenden Workshops und Foren und Gespr\u00e4chen vor oder nach ihren Performances.<\/span><\/p>\n<p><span style=\"font-family: tahoma, arial, helvetica, sans-serif\">So gab es (auch an den zwei beinah verregneten Tagen) ausschlie\u00dflich positives Feedback \u2013 sowohl vom Publikum als auch von den Akteuren.<\/span><\/p>\n<p><span style=\"font-family: tahoma, arial, helvetica, sans-serif\">F\u00fcr das Festival 2015 konnten wieder zahlreiche namhafte Gr\u00f6\u00dfen aus NRW und Gastl\u00e4ndern gewonnen werden, die sich und auch immer Nachwuchsk\u00fcnstlern die Ehre gaben \u2013 in eigener Formation sowie miteinander auf der B\u00fchne gemeinsam Neues kreierend.<\/span><\/p>\n<p><span style=\"font-family: tahoma, arial, helvetica, sans-serif\">Eine komplette Liste der K\u00fcnstler findet sich im Programmheft, das auch online auf www.ruhrstadt-festival.de zu finden ist.<\/span><\/p>\n<\/div><\/div><\/div><div class=\"fusion-layout-column fusion_builder_column fusion-builder-column-2 fusion_builder_column_1_1 1_1 fusion-flex-column\" style=\"--awb-bg-size:cover;--awb-width-large:100%;--awb-margin-top-large:0px;--awb-spacing-right-large:1.92%;--awb-margin-bottom-large:20px;--awb-spacing-left-large:1.92%;--awb-width-medium:100%;--awb-order-medium:0;--awb-spacing-right-medium:1.92%;--awb-spacing-left-medium:1.92%;--awb-width-small:100%;--awb-order-small:0;--awb-spacing-right-small:1.92%;--awb-spacing-left-small:1.92%;\"><div class=\"fusion-column-wrapper fusion-column-has-shadow fusion-flex-justify-content-flex-start fusion-content-layout-column\"><div class=\"fusion-title title fusion-title-2 fusion-title-text fusion-title-size-one\"><div class=\"title-sep-container title-sep-container-left fusion-no-large-visibility fusion-no-medium-visibility fusion-no-small-visibility\"><div class=\"title-sep sep- sep-solid\" style=\"border-color:#e0dede;\"><\/div><\/div><span class=\"awb-title-spacer fusion-no-large-visibility fusion-no-medium-visibility fusion-no-small-visibility\"><\/span><h1 class=\"fusion-title-heading title-heading-left fusion-responsive-typography-calculated\" style=\"margin:0;--fontSize:34;line-height:1.41;\"><span style=\"font-size: 20px;font-family: tahoma, arial, helvetica, sans-serif\"><strong>Programm<\/strong><\/span><\/h1><span class=\"awb-title-spacer\"><\/span><div class=\"title-sep-container title-sep-container-right\"><div class=\"title-sep sep- sep-solid\" style=\"border-color:#e0dede;\"><\/div><\/div><\/div><\/div><\/div><div class=\"fusion-layout-column fusion_builder_column fusion-builder-column-3 fusion_builder_column_5_6 5_6 fusion-flex-column\" style=\"--awb-bg-size:cover;--awb-width-large:83.333333333333%;--awb-margin-top-large:0px;--awb-spacing-right-large:2.304%;--awb-margin-bottom-large:0px;--awb-spacing-left-large:2.304%;--awb-width-medium:83.333333333333%;--awb-spacing-right-medium:2.304%;--awb-spacing-left-medium:2.304%;--awb-width-small:100%;--awb-spacing-right-small:1.92%;--awb-spacing-left-small:1.92%;\"><div class=\"fusion-column-wrapper fusion-flex-justify-content-flex-start fusion-content-layout-column\"><div class=\"fusion-text fusion-text-2\"><p><img decoding=\"async\" class=\"alignright wp-image-8249\" src=\"http:\/\/prokulturgut.net\/worldmusicevolution\/wp-content\/uploads\/sites\/2\/2016\/09\/150607-RSF-BurgBlankenstein-284x400.jpg\" alt=\"Ein R\u00fcckblick auf das Ruhrstadt-Festival 2015\" width=\"155\" height=\"219\" srcset=\"https:\/\/prokulturgut.net\/worldmusicevolution\/wp-content\/uploads\/sites\/2\/2016\/09\/150607-RSF-BurgBlankenstein-284x400.jpg 284w, https:\/\/prokulturgut.net\/worldmusicevolution\/wp-content\/uploads\/sites\/2\/2016\/09\/150607-RSF-BurgBlankenstein.jpg 600w\" sizes=\"(max-width: 155px) 100vw, 155px\" \/><span style=\"font-family: tahoma, arial, helvetica, sans-serif\">Die Veranstalter entwickelten ein Programm mit sieben Veranstaltungstagen an vier Orten \u2013 open air, \u00fcberdacht und indoor \u2013 und mit 16 Events: Konzerte, Medien- und Tanz-Performances:<\/span><\/p>\n<p><span style=\"font-family: tahoma, arial, helvetica, sans-serif\"><strong>Auftakt auf Burg Blankenstein, Hattingen &#8211; <\/strong>Sonntag, 07.06.2015, 15:30 &#8211; 22 Uhr<\/span><\/p>\n<p><span style=\"font-family: tahoma, arial, helvetica, sans-serif\">Unter dem Motto MUSIK DER KULTUREN wurde das World Music Evolution Festival in Hattingen er\u00f6ffnet. Die NRW Musiker <a href=\"http:\/\/worldmusicevolution.net\/kuenstler\/afshin-ghavami\/\">Afshin Ghavami<\/a> (Gitarren) aus Bochum, <a href=\"http:\/\/worldmusicevolution.net\/kuenstler\/jens-pollheide-2\/\">Jens Pollheide<\/a> (Dortmund) am Bass, Der Trompetenstar <a href=\"http:\/\/worldmusicevolution.net\/kuenstler\/jim-galakti-2\/\">Jim Galakti<\/a> aus Aachen und der Multiinstrumentalist Rechungpa (Hattingen) fanden in Instant Composings ein neues und faszinierendes Zusammenspiel mit bekannten indischen Meistern: <a href=\"http:\/\/worldmusicevolution.net\/kuenstler\/dinesh-mishra\/\">Dinesh Mishra<\/a> (Bochum \/ Mumbai) an den Bansuri Fl\u00f6ten, Hanif Khan mit Tablas und Tablasprache sowie Imran Khan an der Sitar.<\/span><\/p>\n<p><span style=\"font-family: tahoma, arial, helvetica, sans-serif\"><b>Kap Bermuda3Eck, Bochum &#8211; <\/b>Sonntag, 21.06.2015, 18:00 &#8211; 22:00<\/span><\/p>\n<p><b><img decoding=\"async\" class=\"alignright wp-image-7788\" src=\"http:\/\/prokulturgut.net\/worldmusicevolution\/wp-content\/uploads\/sites\/2\/2015\/07\/150621_Rsf_RuhrStadtFestival_Allgemein_web-283x400.jpg\" alt=\"Ein R\u00fcckblick auf das Ruhrstadt-Festival 2015\" width=\"155\" height=\"219\" srcset=\"https:\/\/prokulturgut.net\/worldmusicevolution\/wp-content\/uploads\/sites\/2\/2015\/07\/150621_Rsf_RuhrStadtFestival_Allgemein_web-283x400.jpg 283w, https:\/\/prokulturgut.net\/worldmusicevolution\/wp-content\/uploads\/sites\/2\/2015\/07\/150621_Rsf_RuhrStadtFestival_Allgemein_web-724x1024.jpg 724w, https:\/\/prokulturgut.net\/worldmusicevolution\/wp-content\/uploads\/sites\/2\/2015\/07\/150621_Rsf_RuhrStadtFestival_Allgemein_web-768x1087.jpg 768w, https:\/\/prokulturgut.net\/worldmusicevolution\/wp-content\/uploads\/sites\/2\/2015\/07\/150621_Rsf_RuhrStadtFestival_Allgemein_web.jpg 800w\" sizes=\"(max-width: 155px) 100vw, 155px\" \/><\/b><span style=\"font-family: tahoma, arial, helvetica, sans-serif\">Im Festival-Debut in Bochum an der Kap-B\u00fchne im Bermuda3Eck pr\u00e4sentierten zehn Musiker aus vier Gruppen, begleitet von T\u00e4nzern und T\u00e4nzerinnen, eine bunte Mischung aus Weltmusik, Jazz, Folkrock und Sphere.<\/span><\/p>\n<p><span style=\"font-family: tahoma, arial, helvetica, sans-serif\">Die Musik des Konzerts entstand aus der Begegnung verschiedener Kulturen, die Musiker darunter die Nachwuchsband <a href=\"http:\/\/worldmusicevolution.net\/duo-fadenlos-worldfolk-jazz-tanztheaterlyric\/\">DUO FADENLOS<\/a> stammten aus NRW (<a href=\"http:\/\/worldmusicevolution.net\/kuenstler\/farfarello-mani-neumann-band-2\/\">Farfarello<\/a> und Musiker des <a href=\"http:\/\/worldmusicevolution.net\/the-positive-creative-world\/\">The Positive Creative World Ensembles<\/a>) Madagaskar (<a href=\"http:\/\/worldmusicevolution.net\/kuenstler\/kilema\/\">Kilema<\/a> und Nesta) und Indien (<a href=\"http:\/\/worldmusicevolution.net\/kuenstler\/dinesh-mishra\/\">Dinesh Mishra<\/a> und <a href=\"http:\/\/worldmusicevolution.net\/kuenstler\/ustad-hanif-khan-2\/\">Ustad Hanif Khan<\/a>).<\/span><\/p>\n<p><img decoding=\"async\" class=\"aligncenter wp-image-8265 size-medium\" src=\"http:\/\/prokulturgut.net\/worldmusicevolution\/wp-content\/uploads\/sites\/2\/2016\/09\/RSF-DuoFadenlos-400x267.jpg\" alt=\"Ein R\u00fcckblick auf das Ruhrstadt-Festival 2015\" width=\"400\" height=\"267\" srcset=\"https:\/\/prokulturgut.net\/worldmusicevolution\/wp-content\/uploads\/sites\/2\/2016\/09\/RSF-DuoFadenlos-400x267.jpg 400w, https:\/\/prokulturgut.net\/worldmusicevolution\/wp-content\/uploads\/sites\/2\/2016\/09\/RSF-DuoFadenlos-768x513.jpg 768w, https:\/\/prokulturgut.net\/worldmusicevolution\/wp-content\/uploads\/sites\/2\/2016\/09\/RSF-DuoFadenlos.jpg 800w\" sizes=\"(max-width: 400px) 100vw, 400px\" \/><\/p>\n<p><b><br \/><span style=\"font-family: tahoma, arial, helvetica, sans-serif\">Herr Walter, Dortmund &#8211; <\/span><\/b><span style=\"font-family: tahoma, arial, helvetica, sans-serif\">Samstag, 11.07.2015, 20:00 &#8211; 22:00<\/span><\/p>\n<p><b><img decoding=\"async\" class=\"alignright wp-image-5565\" src=\"http:\/\/prokulturgut.net\/worldmusicevolution\/wp-content\/uploads\/sites\/2\/2015\/09\/4493af8658-282x400.jpg\" alt=\"Ein R\u00fcckblick auf das Ruhrstadt-Festival 2015\" width=\"155\" height=\"220\" srcset=\"https:\/\/prokulturgut.net\/worldmusicevolution\/wp-content\/uploads\/sites\/2\/2015\/09\/4493af8658-282x400.jpg 282w, https:\/\/prokulturgut.net\/worldmusicevolution\/wp-content\/uploads\/sites\/2\/2015\/09\/4493af8658.jpg 300w\" sizes=\"(max-width: 155px) 100vw, 155px\" \/><\/b><span style=\"font-family: tahoma, arial, helvetica, sans-serif\">Sechs Musiker, darunter die lettische S\u00e4ngerin <a href=\"http:\/\/worldmusicevolution.net\/vic-anselmo\/\">Vic Anselmo<\/a> und der mehrfach ausgezeichnete Pianist <a href=\"http:\/\/worldmusicevolution.net\/stevko-busch-keyboard\/\">Stevko Busch<\/a> sowie 2 T\u00e4nzerinnen begeisterten am ersten Dortmunder Termin in der chilligen Location Herr Walter im Hafen durch kunstvolle Improvisationen und harmonisches Zusammenspiel. Die K\u00fcnstler stammen aus verschiedenen Musiktraditionen, der klassischen, indischen und westlichen Musik, des World Jazz, der freien Improvisation sowie der intuitiven Musik und soger der der Gothic Scene. Sie trafen zusammen, um die universelle Sprache der Musik weiterzuentwickeln und bewiesen, dass es m\u00f6glich ist, \u00fcber die Grenzen der eigenen Genres hinaus direkt auf der B\u00fchne gemeinsam neue Kompositionen zu kreieren.<\/span><\/p>\n<p><img decoding=\"async\" class=\"aligncenter wp-image-3594 size-medium\" src=\"http:\/\/prokulturgut.net\/worldmusicevolution\/wp-content\/uploads\/sites\/2\/2015\/06\/2011-02-13-vic_anselmo_krefeld-450d-181_WEB-300x190.jpg\" alt=\"Ein R\u00fcckblick auf das Ruhrstadt-Festival 2015\" width=\"300\" height=\"190\" srcset=\"https:\/\/prokulturgut.net\/worldmusicevolution\/wp-content\/uploads\/sites\/2\/2015\/06\/2011-02-13-vic_anselmo_krefeld-450d-181_WEB-300x190.jpg 300w, https:\/\/prokulturgut.net\/worldmusicevolution\/wp-content\/uploads\/sites\/2\/2015\/06\/2011-02-13-vic_anselmo_krefeld-450d-181_WEB-320x202.jpg 320w, https:\/\/prokulturgut.net\/worldmusicevolution\/wp-content\/uploads\/sites\/2\/2015\/06\/2011-02-13-vic_anselmo_krefeld-450d-181_WEB-700x441.jpg 700w, https:\/\/prokulturgut.net\/worldmusicevolution\/wp-content\/uploads\/sites\/2\/2015\/06\/2011-02-13-vic_anselmo_krefeld-450d-181_WEB.jpg 890w\" sizes=\"(max-width: 300px) 100vw, 300px\" \/><\/p>\n<p><b><br \/><span style=\"font-family: tahoma, arial, helvetica, sans-serif\">Burg Blankenstein, Hattingen &#8211; <\/span><\/b><span style=\"font-family: tahoma, arial, helvetica, sans-serif\">Sonntag, 23.08.2015, 15:30 &#8211; 22 Uhr<\/span><\/p>\n<p><b><img decoding=\"async\" class=\"alignright wp-image-7781\" src=\"http:\/\/prokulturgut.net\/worldmusicevolution\/wp-content\/uploads\/sites\/2\/2015\/07\/150823_Rsf_RuhrStadtFestival_Web_rgb-283x400.jpg\" alt=\"Ein R\u00fcckblick auf das Ruhrstadt-Festival 2015\" width=\"155\" height=\"219\" srcset=\"https:\/\/prokulturgut.net\/worldmusicevolution\/wp-content\/uploads\/sites\/2\/2015\/07\/150823_Rsf_RuhrStadtFestival_Web_rgb-283x400.jpg 283w, https:\/\/prokulturgut.net\/worldmusicevolution\/wp-content\/uploads\/sites\/2\/2015\/07\/150823_Rsf_RuhrStadtFestival_Web_rgb-724x1024.jpg 724w, https:\/\/prokulturgut.net\/worldmusicevolution\/wp-content\/uploads\/sites\/2\/2015\/07\/150823_Rsf_RuhrStadtFestival_Web_rgb-768x1086.jpg 768w, https:\/\/prokulturgut.net\/worldmusicevolution\/wp-content\/uploads\/sites\/2\/2015\/07\/150823_Rsf_RuhrStadtFestival_Web_rgb.jpg 794w\" sizes=\"(max-width: 155px) 100vw, 155px\" \/><\/b><span style=\"font-family: tahoma, arial, helvetica, sans-serif\">Dieser<\/span> <span style=\"font-family: tahoma, arial, helvetica, sans-serif\">Veranstaltungstag auf Burg Blankenstein stand unter dem Motto Seelentiefe: Deutsche und persische (Volks-)lieder, Soundscapes, Folk und Worldjazz mit Special Guests.<\/span><\/p>\n<p><span style=\"font-family: tahoma, arial, helvetica, sans-serif\">Das Festival bot sechs Solo-K\u00fcnstler sowie eine von der Musikschule Bochum empfohlene deutsch-persische Nachwuchsband \u201c<a href=\"http:\/\/worldmusicevolution.net\/kuenstler\/bahar-narenj-iran-de\/\">Bahar Narenji<\/a>\u201d auf.<\/span><\/p>\n<p><span style=\"font-family: tahoma, arial, helvetica, sans-serif\">Ein Highlight war die deutsche S\u00e4ngerin <a href=\"http:\/\/worldmusicevolution.net\/kuenstler\/bobo15\/\">Bobo<\/a>, der es mit Hilfe der anderen K\u00fcnstler gelang, in neuen Variationen Volkslieder mit internationalen Einfl\u00fcssen neu zu interpretieren.<\/span><br \/><span style=\"font-family: tahoma, arial, helvetica, sans-serif\">Das Publikum erlebte neue Interpretationen alten deutschen Liedgutes und das Zusammenspiel asiatischer und arabischer Klangfarben mit Grooves aus osteurop\u00e4ischer und persischer Kultur.<\/span><\/p>\n<p><img decoding=\"async\" class=\"aligncenter wp-image-8262 size-medium\" src=\"http:\/\/prokulturgut.net\/worldmusicevolution\/wp-content\/uploads\/sites\/2\/2016\/09\/Bildschirmfoto-2016-09-14-um-10.38.18-400x227.png\" alt=\"Ein R\u00fcckblick auf das Ruhrstadt-Festival 2015\" width=\"400\" height=\"227\" srcset=\"https:\/\/prokulturgut.net\/worldmusicevolution\/wp-content\/uploads\/sites\/2\/2016\/09\/Bildschirmfoto-2016-09-14-um-10.38.18-400x227.png 400w, https:\/\/prokulturgut.net\/worldmusicevolution\/wp-content\/uploads\/sites\/2\/2016\/09\/Bildschirmfoto-2016-09-14-um-10.38.18-768x435.png 768w, https:\/\/prokulturgut.net\/worldmusicevolution\/wp-content\/uploads\/sites\/2\/2016\/09\/Bildschirmfoto-2016-09-14-um-10.38.18-1024x580.png 1024w, https:\/\/prokulturgut.net\/worldmusicevolution\/wp-content\/uploads\/sites\/2\/2016\/09\/Bildschirmfoto-2016-09-14-um-10.38.18.png 1122w\" sizes=\"(max-width: 400px) 100vw, 400px\" \/><\/p>\n<p><span style=\"font-family: tahoma, arial, helvetica, sans-serif\">Die Musik entwickelte sich mit \u201cThe Positive Creative World\u201d. Das in st\u00e4ndig neuen Konstellation spielende Ensemble deb\u00fctierte an diesem Tag in ganz neuer Formation mit Stevko Busch (Piano), Andreas Heuser (Saiten\/Transorientorchester), Jens Pollheide (Fl\u00f6tist und NRW Bassist der deutschen Weltmusiklegende Embryo u.a.), Rechungpa (Soundscapes und Stimme), der Violinistin Antje Vetter und dem indischen \u201cSpecial Guest\u201d Pandit Sandip Bhattacharya (Tabla) \u2013 es erklangen neue Kompositionen mit asiatischen, indischen, orientalischen und westlichen Kl\u00e4ngen.<\/span><\/p>\n<p><span style=\"font-family: tahoma, arial, helvetica, sans-serif\">Dann gab es ein Zusammenfinden mit BOBO (weltbekannt durch ihre Stimme in Rammsteins Klassiker \u201eEngel\u201c) und frische Interpretationen des deutschen Volks-Lied-Gutes.<\/span><\/p>\n<p><span style=\"font-family: tahoma, arial, helvetica, sans-serif\">Das deutsch-iranische Nachwuchs-Trio BAHAR NARENJ mit Helen Parchami (Violine, Gesang), Hooriyeh Parchami (Violine, Gesang) und Benjamin Stein (Santur, Tar, Oud, Robab, Dotar, Tambur und Akkordeon) spielte aus eigenem Repertoire und integrierte sich sodann in das fusionierte Gesamtorchester aller Beteiligten.<\/span><\/p>\n<p><span style=\"font-family: tahoma, arial, helvetica, sans-serif\">Begleitend vollendeten die Deutsch-Chileninnen <a href=\"http:\/\/worldmusicevolution.net\/kuenstler\/camila-scholtbach-tanz\/\">Camilla Scholtbach<\/a> und <a href=\"http:\/\/worldmusicevolution.net\/kuenstler\/paulina-abufhele-meza\/\">Paulina Abufhele Meza<\/a> das k\u00fcnstlerische Gesamtbild mit zeitgen\u00f6ssischen Tanzinterpretationen.<\/span><\/p>\n<p><span style=\"font-family: tahoma, arial, helvetica, sans-serif\">Das Gesamtkunstwerk entstand an diesem Tag aus dem Zusammenfinden verschiedener Kulturen und Genres mit hoch virtuosen Passagen als auch meditativen Momenten.<\/span><\/p>\n<\/div><\/div><\/div><\/div><\/div><div class=\"fusion-fullwidth fullwidth-box fusion-builder-row-2 fusion-flex-container has-pattern-background has-mask-background nonhundred-percent-fullwidth non-hundred-percent-height-scrolling\" style=\"--awb-border-radius-top-left:0px;--awb-border-radius-top-right:0px;--awb-border-radius-bottom-right:0px;--awb-border-radius-bottom-left:0px;--awb-flex-wrap:wrap;\" ><div class=\"fusion-builder-row fusion-row fusion-flex-align-items-flex-start fusion-flex-content-wrap\" style=\"max-width:1144px;margin-left: calc(-4% \/ 2 );margin-right: calc(-4% \/ 2 );\"><div class=\"fusion-layout-column fusion_builder_column fusion-builder-column-4 fusion_builder_column_5_6 5_6 fusion-flex-column\" style=\"--awb-bg-size:cover;--awb-width-large:83.333333333333%;--awb-margin-top-large:0px;--awb-spacing-right-large:2.304%;--awb-margin-bottom-large:20px;--awb-spacing-left-large:2.304%;--awb-width-medium:83.333333333333%;--awb-order-medium:0;--awb-spacing-right-medium:2.304%;--awb-spacing-left-medium:2.304%;--awb-width-small:100%;--awb-order-small:0;--awb-spacing-right-small:1.92%;--awb-spacing-left-small:1.92%;\"><div class=\"fusion-column-wrapper fusion-column-has-shadow fusion-flex-justify-content-flex-start fusion-content-layout-column\"><div class=\"fusion-video fusion-youtube\" style=\"--awb-max-width:900px;--awb-max-height:506px;\"><div class=\"video-shortcode\"><div class=\"fluid-width-video-wrapper\" style=\"padding-top:56.22%;\" ><iframe title=\"YouTube video player 1\" src=\"https:\/\/www.youtube.com\/embed\/EEhQa5uMLJ4?wmode=transparent&autoplay=0&oida=1\" width=\"900\" height=\"506\" allowfullscreen allow=\"autoplay; clipboard-write; encrypted-media; gyroscope; picture-in-picture;\"><\/iframe><\/div><\/div><\/div><\/div><\/div><div class=\"fusion-layout-column fusion_builder_column fusion-builder-column-5 fusion_builder_column_5_6 5_6 fusion-flex-column\" style=\"--awb-bg-size:cover;--awb-width-large:83.333333333333%;--awb-margin-top-large:0px;--awb-spacing-right-large:2.304%;--awb-margin-bottom-large:20px;--awb-spacing-left-large:2.304%;--awb-width-medium:83.333333333333%;--awb-order-medium:0;--awb-spacing-right-medium:2.304%;--awb-spacing-left-medium:2.304%;--awb-width-small:100%;--awb-order-small:0;--awb-spacing-right-small:1.92%;--awb-spacing-left-small:1.92%;\"><div class=\"fusion-column-wrapper fusion-column-has-shadow fusion-flex-justify-content-flex-start fusion-content-layout-column\"><div class=\"fusion-text fusion-text-3\"><p><a href=\"https:\/\/www.youtube.com\/watch?v=EEhQa5uMLJ4\"><span style=\"font-family: tahoma, arial, helvetica, sans-serif\">The Positive Creative World zusammen mit Pandit Sandip Bhattacharya &amp; Bahr Narenj<\/span><\/a><\/p>\n<p><b><br \/><span style=\"font-family: tahoma, arial, helvetica, sans-serif\">Herr Walter, Dortmund &#8211;&nbsp;<\/span><\/b><span style=\"font-family: tahoma, arial, helvetica, sans-serif\">Sonntag, 30.08.2015, 20:00 &#8211; 22:00<\/span><\/p>\n<p><b><img decoding=\"async\" class=\"alignright wp-image-4514\" src=\"http:\/\/prokulturgut.net\/worldmusicevolution\/wp-content\/uploads\/sites\/2\/2015\/07\/150708_Rsf_RuhrStadtFestival-30.August-WEB4-287x400.jpg\" alt=\"Ein R\u00fcckblick auf das Ruhrstadt-Festival 2015\" width=\"155\" height=\"216\" srcset=\"https:\/\/prokulturgut.net\/worldmusicevolution\/wp-content\/uploads\/sites\/2\/2015\/07\/150708_Rsf_RuhrStadtFestival-30.August-WEB4-287x400.jpg 287w, https:\/\/prokulturgut.net\/worldmusicevolution\/wp-content\/uploads\/sites\/2\/2015\/07\/150708_Rsf_RuhrStadtFestival-30.August-WEB4.jpg 624w\" sizes=\"(max-width: 155px) 100vw, 155px\" \/><\/b><span style=\"font-family: tahoma, arial, helvetica, sans-serif\">Am 30.08 war am Strand des Event-Schiffs \u201cHerr Walter\u201d ein moderner Mix aus internationaler Tanz-Performance, atmosph\u00e4rischen Klang-Landschaften und treibenden Grooves zu erleben. Zehn Musiker aus sechs verschiedenen Formationen und zwei T\u00e4nzer aus aller Welt trafen sich zum kulturellen Austausch.<\/span><\/p>\n<p><span style=\"font-family: tahoma, arial, helvetica, sans-serif\">Dabei gab sich der renommierte Latin-Perkussionist&nbsp;<a href=\"http:\/\/worldmusicevolution.net\/kuenstler\/nippy-noya-2\/\">Nippy Noya<\/a>&nbsp;die Ehre, der dem deutschen Publikum nicht nur durch seine Zusammenarbeit mit Udo Lindenberg bekannt ist.<\/span><\/p>\n<p><span style=\"font-family: tahoma, arial, helvetica, sans-serif\">Au\u00dferdem pr\u00e4sentierte der ph\u00e4nomenale Frame-Drum-Virtuose&nbsp;<a href=\"http:\/\/worldmusicevolution.net\/kuenstler\/abbos-kosimov\/\">Abbos Kosimov<\/a>&nbsp;aus Usbekistan ein fast schon akrobatisches Spiel mit drei Rahmentrommeln, und verstand es, sein Publikum in Erstaunen und Bewegung zu versetzen. Abbos tourt mit Zakir Hussain\u2019s Masters of Percussion, und z\u00e4hlt zu den versiertesten Musikern dieser Zeit. Sowohl als Performer als auch als Lehrer ist er eine gro\u00dfe Inspiration.<\/span><\/p>\n<p><span style=\"font-family: tahoma, arial, helvetica, sans-serif\">Tanz-Studenten der Folkwang-Universit\u00e4t, performten gemeinsam mit&nbsp;<a href=\"http:\/\/worldmusicevolution.net\/kuenstler\/paulina-abufhele-meza\/\">Paulina Abufhele Meza<\/a>&nbsp;am Strand und auf dem Schiff im Hafen.<\/span><\/p>\n<p><span style=\"font-family: tahoma, arial, helvetica, sans-serif\"><b><br \/>Kap Bermuda3Eck, Bochum &#8211;&nbsp;<\/b>Sonntag, 06.09.2015, 15:30 &#8211; 22:00<\/span><\/p>\n<p><img decoding=\"async\" class=\"alignright wp-image-7791\" src=\"http:\/\/prokulturgut.net\/worldmusicevolution\/wp-content\/uploads\/sites\/2\/2015\/07\/150830_0609_rsf-283x400.jpg\" alt=\"Ein R\u00fcckblick auf das Ruhrstadt-Festival 2015\" width=\"155\" height=\"219\" srcset=\"https:\/\/prokulturgut.net\/worldmusicevolution\/wp-content\/uploads\/sites\/2\/2015\/07\/150830_0609_rsf-283x400.jpg 283w, https:\/\/prokulturgut.net\/worldmusicevolution\/wp-content\/uploads\/sites\/2\/2015\/07\/150830_0609_rsf.jpg 595w\" sizes=\"(max-width: 155px) 100vw, 155px\" \/><span style=\"font-family: tahoma, arial, helvetica, sans-serif\">Am 6. September lud Kulturgut zu einem aufregenden Finale nach Bochum ins Bermuda Dreieck mit internationalen und regionalen WeltmusikerInnen aus vier Formationen, T\u00e4nzerInnen und PerformerInnen in nie dagewesenen Kombinationen:<\/span><\/p>\n<p><span style=\"font-family: tahoma, arial, helvetica, sans-serif\">Der usbekische Framedrum-Meister&nbsp;<a href=\"http:\/\/worldmusicevolution.net\/kuenstler\/abbos-kosimov\/\">Abbos Kosimov<\/a>&nbsp;\u00fcberzeugte sein Publikum mit seiner au\u00dfergew\u00f6hnlichen und dynamischen Art des Doyra-Spiels. Er hat sich international einen Namen gemacht, u.a. durch die Zusammenarbeit mit Stevie Wonder und Zakir Hussein\u00b4s Masters of Percussion. Abbos lies sich gemeinsam mit&nbsp;<a href=\"http:\/\/worldmusicevolution.net\/kuenstler\/daniel-duering-akustische-und-e-gitarre\/\">Daniel D\u00fcring<\/a>,&nbsp;<a href=\"http:\/\/worldmusicevolution.net\/kuenstler\/nicolas-alexander-kretz-gitarre-elektronik\/\">Nicol\u00e1s Kretz<\/a>&nbsp;und&nbsp;<a href=\"http:\/\/worldmusicevolution.net\/rechungpa\/\">Rechungpa<\/a>&nbsp;auf ein spannendes Musikexperiment ein. W\u00e4hrend der Vorbereitung zum Konzert entstanden neue St\u00fccke und Kompositionen, die auf der B\u00fchne mit Improvisationen verbunden wurden.<\/span><\/p>\n<p><span style=\"font-family: tahoma, arial, helvetica, sans-serif\">Die NRW-Bands Kaleidoskop und&nbsp;<a href=\"http:\/\/worldmusicevolution.net\/tinto-de-verano-flamenco-jazz\/\">Tinto del Ruhr<\/a>&nbsp;pr\u00e4sentierten sowohl eigene St\u00fccke und fusionierten letzendlich mit allen anwesenden in ein neues Gro\u00dfensemble. Dabei interpretierten die T\u00e4nzerinnen&nbsp;<a href=\"http:\/\/worldmusicevolution.net\/kuenstler\/isabel-gilton\/\">Isabelle Gilton<\/a>&nbsp;und&nbsp;<a href=\"http:\/\/worldmusicevolution.net\/kuenstler\/paulina-abufhele-meza\/\">Paulina Abufhele Meza<\/a>&nbsp;mit eindrucksvollen improvisierten Performances die Instant Composings. Beide K\u00fcnstlerinnen verbinden verschiedene Ausdrucksformen und nehmen die Musik auf eindrucksvolle Weise in ihre Bewegungen mit auf.<\/span><\/p>\n<p><img decoding=\"async\" class=\"aligncenter wp-image-8270 size-medium\" src=\"http:\/\/prokulturgut.net\/worldmusicevolution\/wp-content\/uploads\/sites\/2\/2016\/09\/RSF-Isabel-Gilton-400x267.jpg\" alt=\"Ein R\u00fcckblick auf das Ruhrstadt-Festival 2015\" width=\"400\" height=\"267\" srcset=\"https:\/\/prokulturgut.net\/worldmusicevolution\/wp-content\/uploads\/sites\/2\/2016\/09\/RSF-Isabel-Gilton-400x267.jpg 400w, https:\/\/prokulturgut.net\/worldmusicevolution\/wp-content\/uploads\/sites\/2\/2016\/09\/RSF-Isabel-Gilton-768x513.jpg 768w, https:\/\/prokulturgut.net\/worldmusicevolution\/wp-content\/uploads\/sites\/2\/2016\/09\/RSF-Isabel-Gilton.jpg 800w\" sizes=\"(max-width: 400px) 100vw, 400px\" \/><\/p>\n<p><span style=\"font-family: tahoma, arial, helvetica, sans-serif\">Die Performance&nbsp;<a href=\"http:\/\/worldmusicevolution.net\/kuenstler\/menschmaschine\/\">MenschMaschine<\/a>&nbsp;des Trios Jan M\u00f6llmer, Simon Baucks und Tristan Berger war ein weiteres Festival-Highlight zur Nacht. Die drei K\u00fcnstler schufen mit ihrer Performance eine k\u00fcnstlerische Verbindung aus Animation, Film, Musik und Tanz.<\/span><\/p>\n<p><span style=\"font-family: tahoma, arial, helvetica, sans-serif\"><b><br \/>B\u00fcrgerhaus Oststadt, Essen &#8211;&nbsp;<\/b>12.9.2015, 17 bis 23:00 Uhr<\/span><\/p>\n<p><img decoding=\"async\" class=\"alignright wp-image-7792\" src=\"http:\/\/prokulturgut.net\/worldmusicevolution\/wp-content\/uploads\/sites\/2\/2015\/07\/150912_The-Positive-Creative-World-Essen_web-1-283x400.jpg\" alt=\"Ein R\u00fcckblick auf das Ruhrstadt-Festival 2015\" width=\"200\" height=\"283\"><span style=\"font-family: tahoma, arial, helvetica, sans-serif\">Bei der relativ kurzfristig m\u00f6glich<\/span> <span style=\"font-family: tahoma, arial, helvetica, sans-serif\">gewordenen zus\u00e4tzlichen Schlussveranstaltung des Festivals 2015 gab es wieder Raum und Zeit, neue Klangwelten zu erleben: Usbekische Weltmusik traf auf Jazz und Sphere.<\/span><\/p>\n<p><span style=\"font-family: tahoma, arial, helvetica, sans-serif\">Die Musik der K\u00fcnstler entstand aus der Begegnung verschiedener Kulturen und Genres, mit Musikern aus NRW sowie aus der Ukraine, Persien und Lettland. Der Abend enthielt sowohl hoch virtuose Passagen als auch entspannende Momente.<\/span><\/p>\n<p><span style=\"font-family: tahoma, arial, helvetica, sans-serif\"><a href=\"http:\/\/worldmusicevolution.net\/kuenstler\/abbos-kosimov\/\">Abbos Kosimov<\/a>&nbsp;\u2013 den weltweit vielfach ausgezeichneten Percussionist aus Usbekistan entwickelte mit einer neuen Auswahl von K\u00fcnstlern des&nbsp;<a href=\"http:\/\/worldmusicevolution.net\/the-positive-creative-world\/\">The Positive Creative World Ensembles<\/a>&nbsp;neue St\u00fccke, die von der chilenischen T\u00e4nzerin&nbsp;<a href=\"http:\/\/worldmusicevolution.net\/kuenstler\/camila-scholtbach-tanz\/\">Camilla Scholtbach<\/a>&nbsp;aus Essen interpretiert wurden.<\/span><\/p>\n<p><span style=\"font-family: tahoma, arial, helvetica, sans-serif\">Der persische Flamenco-Gitarrist&nbsp;<a href=\"http:\/\/worldmusicevolution.net\/kuenstler\/afshin-ghavami\/\">Afshin Ghavami<\/a>,&nbsp;<a href=\"http:\/\/markitantov.de\/\">Dimitrij Markitantov<\/a>&nbsp;mit Saxophon und Klarinette,&nbsp;<a href=\"http:\/\/worldmusicevolution.net\/kuenstler\/jens-pollheide-2\/\">Jens Pollheide<\/a>&nbsp;an Fl\u00f6ten und Bass, Fizuli &amp; Vahid aus Persien sowie&nbsp;<a href=\"http:\/\/worldmusicevolution.net\/rechungpa\/\">Rechungpa<\/a>&nbsp;mit Gong, Stimme und Percussions gaben sich in kleineren und gr\u00f6\u00dferen Formationen auf der B\u00fchne die Hand. Dazu begeisterte die lettische S\u00e4ngerin&nbsp;<a href=\"http:\/\/worldmusicevolution.net\/vic-anselmo\/\">Vic Anselmo<\/a>&nbsp;mit ihrer sinnlichen Stimme, die dynamische Kontraste und Klangvariationen.<\/span><\/p>\n<p><span style=\"font-family: tahoma, arial, helvetica, sans-serif\">Abbos Kosimov wurde bei der Veranstaltung durch den Besuch eines der bekanntesten usbekischen Saiteninstrumentalisten \u00fcberrascht: Toyir Ko&#8217;ziev, der dann spontan mit ihm im Duo ein neues St\u00fcck kreierte und sie dabei von einer usbekischen T\u00e4nzerin begleitet wurden<\/span><\/p>\n<\/div><\/div><\/div><div class=\"fusion-layout-column fusion_builder_column fusion-builder-column-6 fusion_builder_column_1_1 1_1 fusion-flex-column\" style=\"--awb-bg-size:cover;--awb-width-large:100%;--awb-margin-top-large:0px;--awb-spacing-right-large:1.92%;--awb-margin-bottom-large:20px;--awb-spacing-left-large:1.92%;--awb-width-medium:100%;--awb-order-medium:0;--awb-spacing-right-medium:1.92%;--awb-spacing-left-medium:1.92%;--awb-width-small:100%;--awb-order-small:0;--awb-spacing-right-small:1.92%;--awb-spacing-left-small:1.92%;\"><div class=\"fusion-column-wrapper fusion-column-has-shadow fusion-flex-justify-content-flex-start fusion-content-layout-column\"><div class=\"fusion-separator fusion-full-width-sep\" style=\"align-self: center;margin-left: auto;margin-right: auto;margin-top:15px;width:100%;\"><\/div><div class=\"fusion-video fusion-youtube\" style=\"--awb-max-width:900px;--awb-max-height:506px;\"><div class=\"video-shortcode\"><div class=\"fluid-width-video-wrapper\" style=\"padding-top:56.22%;\" ><iframe title=\"YouTube video player 2\" src=\"https:\/\/www.youtube.com\/embed\/gMSJSA2J-dQ?wmode=transparent&autoplay=0&oida=1\" width=\"900\" height=\"506\" allowfullscreen allow=\"autoplay; clipboard-write; encrypted-media; gyroscope; picture-in-picture;\"><\/iframe><\/div><\/div><\/div><\/div><\/div><div class=\"fusion-layout-column fusion_builder_column fusion-builder-column-7 fusion_builder_column_1_1 1_1 fusion-flex-column\" style=\"--awb-bg-size:cover;--awb-width-large:100%;--awb-margin-top-large:0px;--awb-spacing-right-large:1.92%;--awb-margin-bottom-large:20px;--awb-spacing-left-large:1.92%;--awb-width-medium:100%;--awb-order-medium:0;--awb-spacing-right-medium:1.92%;--awb-spacing-left-medium:1.92%;--awb-width-small:100%;--awb-order-small:0;--awb-spacing-right-small:1.92%;--awb-spacing-left-small:1.92%;\"><div class=\"fusion-column-wrapper fusion-column-has-shadow fusion-flex-justify-content-flex-start fusion-content-layout-column\"><div class=\"fusion-separator fusion-full-width-sep\" style=\"align-self: center;margin-left: auto;margin-right: auto;margin-top:50px;width:100%;\"><\/div><\/div><\/div><div class=\"fusion-layout-column fusion_builder_column fusion-builder-column-8 fusion_builder_column_5_6 5_6 fusion-flex-column\" style=\"--awb-padding-top:15px;--awb-padding-right:25px;--awb-padding-bottom:15px;--awb-padding-left:25px;--awb-bg-color:#f2f2f2;--awb-bg-color-hover:#f2f2f2;--awb-bg-size:cover;--awb-width-large:83.333333333333%;--awb-margin-top-large:0px;--awb-spacing-right-large:2.304%;--awb-margin-bottom-large:20px;--awb-spacing-left-large:2.304%;--awb-width-medium:83.333333333333%;--awb-order-medium:0;--awb-spacing-right-medium:2.304%;--awb-spacing-left-medium:2.304%;--awb-width-small:100%;--awb-order-small:0;--awb-spacing-right-small:1.92%;--awb-spacing-left-small:1.92%;\"><div class=\"fusion-column-wrapper fusion-column-has-shadow fusion-flex-justify-content-flex-start fusion-content-layout-column\"><div class=\"fusion-text fusion-text-4\"><p><span style=\"font-family: tahoma, arial, helvetica, sans-serif\"><b style=\"font-size: 16px\">Res\u00fcm\u00e9<\/b><\/span><\/p>\n<p><span style=\"font-family: tahoma, arial, helvetica, sans-serif\">Bei den unterschiedlichen Festivalterminen konnten die insgesamt ca. 50 beteiligten K\u00fcnstlerInnen das breite Publikum in neuen, gemeinsamen Formationen begeistern und kunstsparten\u00fcbergreifende Performances miterleben lassen.<\/span><\/p>\n<p><span style=\"font-family: tahoma, arial, helvetica, sans-serif\">Die Konzerte und Events wurden letztendlich kostenfrei angeboten, um allen B\u00fcrgern und neuen Fl\u00fcchtlingsgruppen die Teilnahme zu erm\u00f6glichen. Aus aktuellem Anlass baten die K\u00fcnstler das Publikum darum, statt Eintritt zu bezahlen, sich mit Spenden f\u00fcr die Erdbebenopfer in Nepal zu bedanken.<\/span><\/p>\n<p><span style=\"font-family: tahoma, arial, helvetica, sans-serif\">Das Ruhrstadt-Festival konnte einen gro\u00dfen Beitrag zur Verbindung der lokalen, regionalen und internationalen Kunstszene leisten und auch einen die Kunstsparten \u00fcbergreifenden Dialog st\u00e4rken. Diverse Newcomer-Auftritte f\u00f6rderten auch die junge Kunst.<\/span><\/p>\n<p><span style=\"font-family: tahoma, arial, helvetica, sans-serif\">Durch die gemeinsamen Performances wurden unter den K\u00fcnstlern viele nachhaltige Kontakte gekn\u00fcpft, die zu weiteren Kooperationen anregten. Damit wurde ein Fundament f\u00fcr neue gemeinsame Kunst- und Kulturprojekte mit regionaler und \u00fcberregionaler Ausstrahlungskraft gelegt.<\/span><\/p>\n<p><span style=\"font-family: tahoma, arial, helvetica, sans-serif\">Die Veranstaltungen wurden audiovisuell dokumentiert und das Audio- &amp; Videomaterial wurde umfangreich weiterverarbeitet und den K\u00fcnstlern zur Verf\u00fcgung gestellt.<\/span><\/p>\n<p><span style=\"font-family: tahoma, arial, helvetica, sans-serif\">Auf den entsprechenden Plattformen (youtube, Website etc.) wurden ausgew\u00e4hlte Ergebnisse ver\u00f6ffentlicht, um f\u00fcr die K\u00fcnstler als Referenz und zur Promotion zur Verf\u00fcgung zu stehen.<\/span><\/p>\n<p><span style=\"font-family: tahoma, arial, helvetica, sans-serif\">An der Akademie der Kulturen NRW wurden zus\u00e4tzlich Qualifizierungsangebote mit zertifizierten Weiterbildungen und entsprechenden Workshops sowie K\u00fcnstlerkongresse mit gro\u00dfem Zuspruch angeboten. Im Rahmen dessen namen Newcomer und interessierte Menschen jeden Alters die Gelegenheit wahr, sich mit den Profis auszutauschen, neue Erfahrungen zu sammeln, gemeinsam und voneinander zu lernen und zu wachsen.<\/span><\/p>\n<p><span style=\"font-family: tahoma, arial, helvetica, sans-serif\">Die einzigartige Konzeption des Festivals tr\u00e4gt ihre Fr\u00fcchte auch durch nachhaltige Beziehungen und weitergehende Kooperationen (z.B. Musikproduktionen, Events an anderen Orten) zwischen den K\u00fcnstlern. Das Interesse am Kulturland NRW w\u00e4chst international und durch das Ruhrstadt-Festival bekannt gewordene K\u00fcnstler werden zu Veranstaltungen in anderen L\u00e4ndern eingeladen.<\/span><\/p>\n<p><span style=\"font-family: tahoma, arial, helvetica, sans-serif\">\u201cWorld Music Evolution &#8211; Ruhrstadt-Festival\u201d kann mit Unterst\u00fctzung des Landes NRW in den kommenden Jahren eine konstante, nachhaltige Plattform f\u00fcr friedvolle und kreative interkulturelle Weiterentwicklung bleiben.<\/span><\/p>\n<p><span style=\"font-family: tahoma, arial, helvetica, sans-serif\">Bochum, im Juni 2016<\/span><\/p>\n<p><span style=\"font-family: tahoma, arial, helvetica, sans-serif\">Rechungpa Reinhard Kreckel &amp; Team<\/span><\/p>\n<\/div><\/div><\/div><\/div><\/div><\/p>\n","protected":false},"excerpt":{"rendered":"","protected":false},"author":2,"featured_media":0,"parent":792,"menu_order":17,"comment_status":"closed","ping_status":"closed","template":"100-width.php","meta":[],"_links":{"self":[{"href":"https:\/\/prokulturgut.net\/worldmusicevolution\/wp-json\/wp\/v2\/pages\/8247"}],"collection":[{"href":"https:\/\/prokulturgut.net\/worldmusicevolution\/wp-json\/wp\/v2\/pages"}],"about":[{"href":"https:\/\/prokulturgut.net\/worldmusicevolution\/wp-json\/wp\/v2\/types\/page"}],"author":[{"embeddable":true,"href":"https:\/\/prokulturgut.net\/worldmusicevolution\/wp-json\/wp\/v2\/users\/2"}],"replies":[{"embeddable":true,"href":"https:\/\/prokulturgut.net\/worldmusicevolution\/wp-json\/wp\/v2\/comments?post=8247"}],"version-history":[{"count":26,"href":"https:\/\/prokulturgut.net\/worldmusicevolution\/wp-json\/wp\/v2\/pages\/8247\/revisions"}],"predecessor-version":[{"id":18637,"href":"https:\/\/prokulturgut.net\/worldmusicevolution\/wp-json\/wp\/v2\/pages\/8247\/revisions\/18637"}],"up":[{"embeddable":true,"href":"https:\/\/prokulturgut.net\/worldmusicevolution\/wp-json\/wp\/v2\/pages\/792"}],"wp:attachment":[{"href":"https:\/\/prokulturgut.net\/worldmusicevolution\/wp-json\/wp\/v2\/media?parent=8247"}],"curies":[{"name":"wp","href":"https:\/\/api.w.org\/{rel}","templated":true}]}}